{"id":17526,"date":"2026-04-28T06:45:36","date_gmt":"2026-04-28T04:45:36","guid":{"rendered":"https:\/\/letrainjaune.fr\/a-voir-et-a-faire\/agenda\/atelier-decriture-en-plein-air-4\/"},"modified":"2026-04-29T06:45:36","modified_gmt":"2026-04-29T04:45:36","slug":"atelier-decriture-en-plein-air-4","status":"publish","type":"agenda","link":"https:\/\/letrainjaune.fr\/ca\/a-voir-et-a-faire\/agenda\/atelier-decriture-en-plein-air-4\/","title":{"rendered":"ATELIER D&#8217;\u00c9CRITURE EN PLEIN AIR"},"content":{"rendered":"<p>Venez partager un moment po\u00e9tique et cr\u00e9atif durant un atelier d&#8217;\u00e9criture en plein air, dans une cadre respectueux et bienveillant. Merci de pr\u00e9voir feuille et stylo, une tenue confortable, eau, cr\u00e8me solaire et \u00e9ventuellement un coussin. Prix libre entre 14 et 30\u20ac.<\/p>\n","protected":false},"excerpt":{"rendered":"<p>Venez partager un moment po\u00e9tique et cr\u00e9atif durant un atelier d&#8217;\u00e9criture en plein air, dans une cadre respectueux et bienveillant. Merci de pr\u00e9voir feuille et stylo, une tenue confortable, eau, cr\u00e8me solaire et \u00e9ventuellement un coussin. Prix libre entre 14 et 30\u20ac.<\/p>\n","protected":false},"featured_media":0,"template":"","agenda_category":[189],"class_list":["post-17526","agenda","type-agenda","status-publish","hentry","agenda_category-courses-workshops"],"acf":[],"yoast_head":"<!-- This site is optimized with the Yoast SEO plugin v25.4 - https:\/\/yoast.com\/wordpress\/plugins\/seo\/ -->\n<title>ATELIER D&#039;\u00c9CRITURE EN PLEIN AIR - Dest\u00ed: El Tren Groc<\/title>\n<meta name=\"robots\" content=\"index, follow, max-snippet:-1, max-image-preview:large, max-video-preview:-1\" \/>\n<link rel=\"canonical\" href=\"https:\/\/letrainjaune.fr\/ca\/a-voir-et-a-faire\/agenda\/atelier-decriture-en-plein-air-4\/\" \/>\n<meta property=\"og:locale\" content=\"ca_ES\" \/>\n<meta property=\"og:type\" content=\"article\" \/>\n<meta property=\"og:title\" content=\"ATELIER D&#039;\u00c9CRITURE EN PLEIN AIR - Dest\u00ed: El Tren Groc\" \/>\n<meta property=\"og:description\" content=\"Venez partager un moment po\u00e9tique et cr\u00e9atif durant un atelier d&#039;\u00e9criture en plein air, dans une cadre respectueux et bienveillant. Merci de pr\u00e9voir feuille et stylo, une tenue confortable, eau, cr\u00e8me solaire et \u00e9ventuellement un coussin. Prix libre entre 14 et 30\u20ac.\" \/>\n<meta property=\"og:url\" content=\"https:\/\/letrainjaune.fr\/ca\/a-voir-et-a-faire\/agenda\/atelier-decriture-en-plein-air-4\/\" \/>\n<meta property=\"og:site_name\" content=\"Dest\u00ed: El Tren Groc\" \/>\n<meta property=\"article:modified_time\" content=\"2026-04-29T04:45:36+00:00\" \/>\n<meta name=\"twitter:card\" content=\"summary_large_image\" \/>\n<script type=\"application\/ld+json\" class=\"yoast-schema-graph\">{\"@context\":\"https:\/\/schema.org\",\"@graph\":[{\"@type\":\"WebPage\",\"@id\":\"https:\/\/letrainjaune.fr\/ca\/a-voir-et-a-faire\/agenda\/atelier-decriture-en-plein-air-4\/\",\"url\":\"https:\/\/letrainjaune.fr\/ca\/a-voir-et-a-faire\/agenda\/atelier-decriture-en-plein-air-4\/\",\"name\":\"ATELIER D'\u00c9CRITURE EN PLEIN AIR - Dest\u00ed: El Tren Groc\",\"isPartOf\":{\"@id\":\"https:\/\/letrainjaune.fr\/ca\/#website\"},\"datePublished\":\"2026-04-28T04:45:36+00:00\",\"dateModified\":\"2026-04-29T04:45:36+00:00\",\"breadcrumb\":{\"@id\":\"https:\/\/letrainjaune.fr\/ca\/a-voir-et-a-faire\/agenda\/atelier-decriture-en-plein-air-4\/#breadcrumb\"},\"inLanguage\":\"ca\",\"potentialAction\":[{\"@type\":\"ReadAction\",\"target\":[\"https:\/\/letrainjaune.fr\/ca\/a-voir-et-a-faire\/agenda\/atelier-decriture-en-plein-air-4\/\"]}]},{\"@type\":\"BreadcrumbList\",\"@id\":\"https:\/\/letrainjaune.fr\/ca\/a-voir-et-a-faire\/agenda\/atelier-decriture-en-plein-air-4\/#breadcrumb\",\"itemListElement\":[{\"@type\":\"ListItem\",\"position\":1,\"name\":\"Benvinguda\",\"item\":\"https:\/\/letrainjaune.fr\/ca\/\"},{\"@type\":\"ListItem\",\"position\":2,\"name\":\"Esdeveniments\",\"item\":\"https:\/\/letrainjaune.fr\/ca\/per-veure-i-fer\/agenda\/\"},{\"@type\":\"ListItem\",\"position\":3,\"name\":\"ATELIER D&rsquo;\u00c9CRITURE EN PLEIN AIR\"}]},{\"@type\":\"WebSite\",\"@id\":\"https:\/\/letrainjaune.fr\/ca\/#website\",\"url\":\"https:\/\/letrainjaune.fr\/ca\/\",\"name\":\"Dest\u00ed: El Tren Groc\",\"description\":\"Dans les Pyr\u00e9n\u00e9es Catalanes, d\u00e9couvrez ce train sur le plus haut chemin de fer d\u2019Europe.\",\"publisher\":{\"@id\":\"https:\/\/letrainjaune.fr\/ca\/#organization\"},\"potentialAction\":[{\"@type\":\"SearchAction\",\"target\":{\"@type\":\"EntryPoint\",\"urlTemplate\":\"https:\/\/letrainjaune.fr\/ca\/?s={search_term_string}\"},\"query-input\":{\"@type\":\"PropertyValueSpecification\",\"valueRequired\":true,\"valueName\":\"search_term_string\"}}],\"inLanguage\":\"ca\"},{\"@type\":\"Organization\",\"@id\":\"https:\/\/letrainjaune.fr\/ca\/#organization\",\"name\":\"Dest\u00ed: El Tren Groc\",\"url\":\"https:\/\/letrainjaune.fr\/ca\/\",\"logo\":{\"@type\":\"ImageObject\",\"inLanguage\":\"ca\",\"@id\":\"https:\/\/letrainjaune.fr\/ca\/#\/schema\/logo\/image\/\",\"url\":\"https:\/\/letrainjaune.fr\/wp-content\/uploads\/2021\/04\/TJ_logo-TJ-footer.svg\",\"contentUrl\":\"https:\/\/letrainjaune.fr\/wp-content\/uploads\/2021\/04\/TJ_logo-TJ-footer.svg\",\"width\":\"1920\",\"height\":\"9999\",\"caption\":\"Dest\u00ed: El Tren Groc\"},\"image\":{\"@id\":\"https:\/\/letrainjaune.fr\/ca\/#\/schema\/logo\/image\/\"}}]}<\/script>\n<!-- \/ Yoast SEO plugin. -->","yoast_head_json":{"title":"ATELIER D'\u00c9CRITURE EN PLEIN AIR - Dest\u00ed: El Tren Groc","robots":{"index":"index","follow":"follow","max-snippet":"max-snippet:-1","max-image-preview":"max-image-preview:large","max-video-preview":"max-video-preview:-1"},"canonical":"https:\/\/letrainjaune.fr\/ca\/a-voir-et-a-faire\/agenda\/atelier-decriture-en-plein-air-4\/","og_locale":"ca_ES","og_type":"article","og_title":"ATELIER D'\u00c9CRITURE EN PLEIN AIR - Dest\u00ed: El Tren Groc","og_description":"Venez partager un moment po\u00e9tique et cr\u00e9atif durant un atelier d'\u00e9criture en plein air, dans une cadre respectueux et bienveillant. Merci de pr\u00e9voir feuille et stylo, une tenue confortable, eau, cr\u00e8me solaire et \u00e9ventuellement un coussin. Prix libre entre 14 et 30\u20ac.","og_url":"https:\/\/letrainjaune.fr\/ca\/a-voir-et-a-faire\/agenda\/atelier-decriture-en-plein-air-4\/","og_site_name":"Dest\u00ed: El Tren Groc","article_modified_time":"2026-04-29T04:45:36+00:00","twitter_card":"summary_large_image","schema":{"@context":"https:\/\/schema.org","@graph":[{"@type":"WebPage","@id":"https:\/\/letrainjaune.fr\/ca\/a-voir-et-a-faire\/agenda\/atelier-decriture-en-plein-air-4\/","url":"https:\/\/letrainjaune.fr\/ca\/a-voir-et-a-faire\/agenda\/atelier-decriture-en-plein-air-4\/","name":"ATELIER D'\u00c9CRITURE EN PLEIN AIR - Dest\u00ed: El Tren Groc","isPartOf":{"@id":"https:\/\/letrainjaune.fr\/ca\/#website"},"datePublished":"2026-04-28T04:45:36+00:00","dateModified":"2026-04-29T04:45:36+00:00","breadcrumb":{"@id":"https:\/\/letrainjaune.fr\/ca\/a-voir-et-a-faire\/agenda\/atelier-decriture-en-plein-air-4\/#breadcrumb"},"inLanguage":"ca","potentialAction":[{"@type":"ReadAction","target":["https:\/\/letrainjaune.fr\/ca\/a-voir-et-a-faire\/agenda\/atelier-decriture-en-plein-air-4\/"]}]},{"@type":"BreadcrumbList","@id":"https:\/\/letrainjaune.fr\/ca\/a-voir-et-a-faire\/agenda\/atelier-decriture-en-plein-air-4\/#breadcrumb","itemListElement":[{"@type":"ListItem","position":1,"name":"Benvinguda","item":"https:\/\/letrainjaune.fr\/ca\/"},{"@type":"ListItem","position":2,"name":"Esdeveniments","item":"https:\/\/letrainjaune.fr\/ca\/per-veure-i-fer\/agenda\/"},{"@type":"ListItem","position":3,"name":"ATELIER D&rsquo;\u00c9CRITURE EN PLEIN AIR"}]},{"@type":"WebSite","@id":"https:\/\/letrainjaune.fr\/ca\/#website","url":"https:\/\/letrainjaune.fr\/ca\/","name":"Dest\u00ed: El Tren Groc","description":"Dans les Pyr\u00e9n\u00e9es Catalanes, d\u00e9couvrez ce train sur le plus haut chemin de fer d\u2019Europe.","publisher":{"@id":"https:\/\/letrainjaune.fr\/ca\/#organization"},"potentialAction":[{"@type":"SearchAction","target":{"@type":"EntryPoint","urlTemplate":"https:\/\/letrainjaune.fr\/ca\/?s={search_term_string}"},"query-input":{"@type":"PropertyValueSpecification","valueRequired":true,"valueName":"search_term_string"}}],"inLanguage":"ca"},{"@type":"Organization","@id":"https:\/\/letrainjaune.fr\/ca\/#organization","name":"Dest\u00ed: El Tren Groc","url":"https:\/\/letrainjaune.fr\/ca\/","logo":{"@type":"ImageObject","inLanguage":"ca","@id":"https:\/\/letrainjaune.fr\/ca\/#\/schema\/logo\/image\/","url":"https:\/\/letrainjaune.fr\/wp-content\/uploads\/2021\/04\/TJ_logo-TJ-footer.svg","contentUrl":"https:\/\/letrainjaune.fr\/wp-content\/uploads\/2021\/04\/TJ_logo-TJ-footer.svg","width":"1920","height":"9999","caption":"Dest\u00ed: El Tren Groc"},"image":{"@id":"https:\/\/letrainjaune.fr\/ca\/#\/schema\/logo\/image\/"}}]}},"_links":{"self":[{"href":"https:\/\/letrainjaune.fr\/ca\/wp-json\/wp\/v2\/agenda\/17526","targetHints":{"allow":["GET"]}}],"collection":[{"href":"https:\/\/letrainjaune.fr\/ca\/wp-json\/wp\/v2\/agenda"}],"about":[{"href":"https:\/\/letrainjaune.fr\/ca\/wp-json\/wp\/v2\/types\/agenda"}],"wp:attachment":[{"href":"https:\/\/letrainjaune.fr\/ca\/wp-json\/wp\/v2\/media?parent=17526"}],"wp:term":[{"taxonomy":"agenda_category","embeddable":true,"href":"https:\/\/letrainjaune.fr\/ca\/wp-json\/wp\/v2\/agenda_category?post=17526"}],"curies":[{"name":"wp","href":"https:\/\/api.w.org\/{rel}","templated":true}]}}