{"id":17544,"date":"2026-04-30T06:45:13","date_gmt":"2026-04-30T04:45:13","guid":{"rendered":"https:\/\/letrainjaune.fr\/a-voir-et-a-faire\/agenda\/feu-dartifice-pyromelodique-concert\/"},"modified":"2026-04-30T06:45:13","modified_gmt":"2026-04-30T04:45:13","slug":"feu-dartifice-pyromelodique-concert","status":"publish","type":"agenda","link":"https:\/\/letrainjaune.fr\/ca\/a-voir-et-a-faire\/agenda\/feu-dartifice-pyromelodique-concert\/","title":{"rendered":"FEU D&#8217;ARTIFICE PYROM\u00c9LODIQUE &amp; CONCERT"},"content":{"rendered":"<p>21h Concert<br \/>\n22h Feu d&#8217;artifice<br \/>\nPlace de la mairie, Bolqu\u00e8re Village.<br \/>\nEn famille ou entre amis.<br \/>\nVenez assister au traditionnel feu d&#8217;artifice pyrom\u00e9lodique estival de Bolqu\u00e8re.<br \/>\nBuvette sur place.<br \/>\nRestauration sur place d\u00e8s 19h.<br \/>\nUn beau moment de f\u00e9\u00e9rie ! <\/p>\n","protected":false},"excerpt":{"rendered":"<p>21h Concert<br \/>\n22h Feu d&#8217;artifice<br \/>\nPlace de la mairie, Bolqu\u00e8re Village.<br \/>\nEn famille ou entre amis.<br \/>\nVenez assister au traditionnel feu d&#8217;artifice pyrom\u00e9lodique estival de Bolqu\u00e8re.<br \/>\nBuvette sur place.<br \/>\nRestauration sur place d\u00e8s 19h.<br \/>\nUn beau moment de f\u00e9\u00e9rie ! <\/p>\n","protected":false},"featured_media":0,"template":"","agenda_category":[],"class_list":["post-17544","agenda","type-agenda","status-publish","hentry"],"acf":[],"yoast_head":"<!-- This site is optimized with the Yoast SEO plugin v25.4 - https:\/\/yoast.com\/wordpress\/plugins\/seo\/ -->\n<title>FEU D&#039;ARTIFICE PYROM\u00c9LODIQUE &amp; CONCERT - Dest\u00ed: El Tren Groc<\/title>\n<meta name=\"robots\" content=\"index, follow, max-snippet:-1, max-image-preview:large, max-video-preview:-1\" \/>\n<link rel=\"canonical\" href=\"https:\/\/letrainjaune.fr\/ca\/a-voir-et-a-faire\/agenda\/feu-dartifice-pyromelodique-concert\/\" \/>\n<meta property=\"og:locale\" content=\"ca_ES\" \/>\n<meta property=\"og:type\" content=\"article\" \/>\n<meta property=\"og:title\" content=\"FEU D&#039;ARTIFICE PYROM\u00c9LODIQUE &amp; CONCERT - Dest\u00ed: El Tren Groc\" \/>\n<meta property=\"og:description\" content=\"21h Concert 22h Feu d&#039;artifice Place de la mairie, Bolqu\u00e8re Village. En famille ou entre amis. Venez assister au traditionnel feu d&#039;artifice pyrom\u00e9lodique estival de Bolqu\u00e8re. Buvette sur place. Restauration sur place d\u00e8s 19h. Un beau moment de f\u00e9\u00e9rie !\" \/>\n<meta property=\"og:url\" content=\"https:\/\/letrainjaune.fr\/ca\/a-voir-et-a-faire\/agenda\/feu-dartifice-pyromelodique-concert\/\" \/>\n<meta property=\"og:site_name\" content=\"Dest\u00ed: El Tren Groc\" \/>\n<meta name=\"twitter:card\" content=\"summary_large_image\" \/>\n<script type=\"application\/ld+json\" class=\"yoast-schema-graph\">{\"@context\":\"https:\/\/schema.org\",\"@graph\":[{\"@type\":\"WebPage\",\"@id\":\"https:\/\/letrainjaune.fr\/ca\/a-voir-et-a-faire\/agenda\/feu-dartifice-pyromelodique-concert\/\",\"url\":\"https:\/\/letrainjaune.fr\/ca\/a-voir-et-a-faire\/agenda\/feu-dartifice-pyromelodique-concert\/\",\"name\":\"FEU D'ARTIFICE PYROM\u00c9LODIQUE &amp; CONCERT - Dest\u00ed: El Tren Groc\",\"isPartOf\":{\"@id\":\"https:\/\/letrainjaune.fr\/ca\/#website\"},\"datePublished\":\"2026-04-30T04:45:13+00:00\",\"breadcrumb\":{\"@id\":\"https:\/\/letrainjaune.fr\/ca\/a-voir-et-a-faire\/agenda\/feu-dartifice-pyromelodique-concert\/#breadcrumb\"},\"inLanguage\":\"ca\",\"potentialAction\":[{\"@type\":\"ReadAction\",\"target\":[\"https:\/\/letrainjaune.fr\/ca\/a-voir-et-a-faire\/agenda\/feu-dartifice-pyromelodique-concert\/\"]}]},{\"@type\":\"BreadcrumbList\",\"@id\":\"https:\/\/letrainjaune.fr\/ca\/a-voir-et-a-faire\/agenda\/feu-dartifice-pyromelodique-concert\/#breadcrumb\",\"itemListElement\":[{\"@type\":\"ListItem\",\"position\":1,\"name\":\"Benvinguda\",\"item\":\"https:\/\/letrainjaune.fr\/ca\/\"},{\"@type\":\"ListItem\",\"position\":2,\"name\":\"Esdeveniments\",\"item\":\"https:\/\/letrainjaune.fr\/ca\/per-veure-i-fer\/agenda\/\"},{\"@type\":\"ListItem\",\"position\":3,\"name\":\"FEU D&rsquo;ARTIFICE PYROM\u00c9LODIQUE &amp; CONCERT\"}]},{\"@type\":\"WebSite\",\"@id\":\"https:\/\/letrainjaune.fr\/ca\/#website\",\"url\":\"https:\/\/letrainjaune.fr\/ca\/\",\"name\":\"Dest\u00ed: El Tren Groc\",\"description\":\"Dans les Pyr\u00e9n\u00e9es Catalanes, d\u00e9couvrez ce train sur le plus haut chemin de fer d\u2019Europe.\",\"publisher\":{\"@id\":\"https:\/\/letrainjaune.fr\/ca\/#organization\"},\"potentialAction\":[{\"@type\":\"SearchAction\",\"target\":{\"@type\":\"EntryPoint\",\"urlTemplate\":\"https:\/\/letrainjaune.fr\/ca\/?s={search_term_string}\"},\"query-input\":{\"@type\":\"PropertyValueSpecification\",\"valueRequired\":true,\"valueName\":\"search_term_string\"}}],\"inLanguage\":\"ca\"},{\"@type\":\"Organization\",\"@id\":\"https:\/\/letrainjaune.fr\/ca\/#organization\",\"name\":\"Dest\u00ed: El Tren Groc\",\"url\":\"https:\/\/letrainjaune.fr\/ca\/\",\"logo\":{\"@type\":\"ImageObject\",\"inLanguage\":\"ca\",\"@id\":\"https:\/\/letrainjaune.fr\/ca\/#\/schema\/logo\/image\/\",\"url\":\"https:\/\/letrainjaune.fr\/wp-content\/uploads\/2021\/04\/TJ_logo-TJ-footer.svg\",\"contentUrl\":\"https:\/\/letrainjaune.fr\/wp-content\/uploads\/2021\/04\/TJ_logo-TJ-footer.svg\",\"width\":\"1920\",\"height\":\"9999\",\"caption\":\"Dest\u00ed: El Tren Groc\"},\"image\":{\"@id\":\"https:\/\/letrainjaune.fr\/ca\/#\/schema\/logo\/image\/\"}}]}<\/script>\n<!-- \/ Yoast SEO plugin. -->","yoast_head_json":{"title":"FEU D'ARTIFICE PYROM\u00c9LODIQUE &amp; CONCERT - Dest\u00ed: El Tren Groc","robots":{"index":"index","follow":"follow","max-snippet":"max-snippet:-1","max-image-preview":"max-image-preview:large","max-video-preview":"max-video-preview:-1"},"canonical":"https:\/\/letrainjaune.fr\/ca\/a-voir-et-a-faire\/agenda\/feu-dartifice-pyromelodique-concert\/","og_locale":"ca_ES","og_type":"article","og_title":"FEU D'ARTIFICE PYROM\u00c9LODIQUE &amp; CONCERT - Dest\u00ed: El Tren Groc","og_description":"21h Concert 22h Feu d'artifice Place de la mairie, Bolqu\u00e8re Village. En famille ou entre amis. Venez assister au traditionnel feu d'artifice pyrom\u00e9lodique estival de Bolqu\u00e8re. Buvette sur place. Restauration sur place d\u00e8s 19h. Un beau moment de f\u00e9\u00e9rie !","og_url":"https:\/\/letrainjaune.fr\/ca\/a-voir-et-a-faire\/agenda\/feu-dartifice-pyromelodique-concert\/","og_site_name":"Dest\u00ed: El Tren Groc","twitter_card":"summary_large_image","schema":{"@context":"https:\/\/schema.org","@graph":[{"@type":"WebPage","@id":"https:\/\/letrainjaune.fr\/ca\/a-voir-et-a-faire\/agenda\/feu-dartifice-pyromelodique-concert\/","url":"https:\/\/letrainjaune.fr\/ca\/a-voir-et-a-faire\/agenda\/feu-dartifice-pyromelodique-concert\/","name":"FEU D'ARTIFICE PYROM\u00c9LODIQUE &amp; CONCERT - Dest\u00ed: El Tren Groc","isPartOf":{"@id":"https:\/\/letrainjaune.fr\/ca\/#website"},"datePublished":"2026-04-30T04:45:13+00:00","breadcrumb":{"@id":"https:\/\/letrainjaune.fr\/ca\/a-voir-et-a-faire\/agenda\/feu-dartifice-pyromelodique-concert\/#breadcrumb"},"inLanguage":"ca","potentialAction":[{"@type":"ReadAction","target":["https:\/\/letrainjaune.fr\/ca\/a-voir-et-a-faire\/agenda\/feu-dartifice-pyromelodique-concert\/"]}]},{"@type":"BreadcrumbList","@id":"https:\/\/letrainjaune.fr\/ca\/a-voir-et-a-faire\/agenda\/feu-dartifice-pyromelodique-concert\/#breadcrumb","itemListElement":[{"@type":"ListItem","position":1,"name":"Benvinguda","item":"https:\/\/letrainjaune.fr\/ca\/"},{"@type":"ListItem","position":2,"name":"Esdeveniments","item":"https:\/\/letrainjaune.fr\/ca\/per-veure-i-fer\/agenda\/"},{"@type":"ListItem","position":3,"name":"FEU D&rsquo;ARTIFICE PYROM\u00c9LODIQUE &amp; CONCERT"}]},{"@type":"WebSite","@id":"https:\/\/letrainjaune.fr\/ca\/#website","url":"https:\/\/letrainjaune.fr\/ca\/","name":"Dest\u00ed: El Tren Groc","description":"Dans les Pyr\u00e9n\u00e9es Catalanes, d\u00e9couvrez ce train sur le plus haut chemin de fer d\u2019Europe.","publisher":{"@id":"https:\/\/letrainjaune.fr\/ca\/#organization"},"potentialAction":[{"@type":"SearchAction","target":{"@type":"EntryPoint","urlTemplate":"https:\/\/letrainjaune.fr\/ca\/?s={search_term_string}"},"query-input":{"@type":"PropertyValueSpecification","valueRequired":true,"valueName":"search_term_string"}}],"inLanguage":"ca"},{"@type":"Organization","@id":"https:\/\/letrainjaune.fr\/ca\/#organization","name":"Dest\u00ed: El Tren Groc","url":"https:\/\/letrainjaune.fr\/ca\/","logo":{"@type":"ImageObject","inLanguage":"ca","@id":"https:\/\/letrainjaune.fr\/ca\/#\/schema\/logo\/image\/","url":"https:\/\/letrainjaune.fr\/wp-content\/uploads\/2021\/04\/TJ_logo-TJ-footer.svg","contentUrl":"https:\/\/letrainjaune.fr\/wp-content\/uploads\/2021\/04\/TJ_logo-TJ-footer.svg","width":"1920","height":"9999","caption":"Dest\u00ed: El Tren Groc"},"image":{"@id":"https:\/\/letrainjaune.fr\/ca\/#\/schema\/logo\/image\/"}}]}},"_links":{"self":[{"href":"https:\/\/letrainjaune.fr\/ca\/wp-json\/wp\/v2\/agenda\/17544","targetHints":{"allow":["GET"]}}],"collection":[{"href":"https:\/\/letrainjaune.fr\/ca\/wp-json\/wp\/v2\/agenda"}],"about":[{"href":"https:\/\/letrainjaune.fr\/ca\/wp-json\/wp\/v2\/types\/agenda"}],"wp:attachment":[{"href":"https:\/\/letrainjaune.fr\/ca\/wp-json\/wp\/v2\/media?parent=17544"}],"wp:term":[{"taxonomy":"agenda_category","embeddable":true,"href":"https:\/\/letrainjaune.fr\/ca\/wp-json\/wp\/v2\/agenda_category?post=17544"}],"curies":[{"name":"wp","href":"https:\/\/api.w.org\/{rel}","templated":true}]}}