{"id":18400,"date":"2026-08-13T06:45:22","date_gmt":"2026-08-13T04:45:22","guid":{"rendered":"https:\/\/letrainjaune.fr\/a-voir-et-a-faire\/agenda\/rendez-vous-du-pays-dart-et-dhistoire-insolite-resonances-medievales-et-celtiques\/"},"modified":"2026-09-02T06:45:33","modified_gmt":"2026-09-02T04:45:33","slug":"rendez-vous-du-pays-dart-et-dhistoire-insolite-resonances-medievales-et-celtiques","status":"publish","type":"agenda","link":"https:\/\/letrainjaune.fr\/ca\/per-veure-i-fer\/agenda\/rendez-vous-du-pays-dart-et-dhistoire-insolite-resonances-medievales-et-celtiques\/","title":{"rendered":"RENDEZ-VOUS DU PAYS D&#8217;ART ET D&#8217;HISTOIRE INSOLITE &#8211; R\u00c9SONANCES M\u00c9DI\u00c9VALES ET CELTIQUES"},"content":{"rendered":"<p>RENDEZ-VOUS INSOLITE<br \/>\nSamedi 12 d\u00e9cembre \u00e0 17 h 30<br \/>\nFuilla<br \/>\nR\u00e9sonances m\u00e9di\u00e9vales et celtiques<br \/>\nMichel Desmier, guide-conf\u00e9rencier et ing\u00e9nieur de recherche \u00e0 l\u2019Universit\u00e9 de Perpignan Via Domitia<\/p>\n<p>Sous les vo\u00fbtes de l\u2019\u00e9glise Sainte-Eulalie de Fuilla, les cordes de la harpe font rena\u00eetre les \u00e9chos d\u2019un temps ancien. Au fil des m\u00e9lodies inspir\u00e9es du Moyen \u00c2ge, des terres celtiques, laissez-vous porter par un voyage sensible o\u00f9 musique, histoire et patrimoine se rencontrent. Une parenth\u00e8se hors du temps, \u00e0 l\u2019\u00e9coute des r\u00e9sonances et des paroles qui habitent encore les pierres du Conflent.<\/p>\n<p>RDV : \u00e9glise Sainte-Eulalie (57, avenue de la Rotj\u00e0).<br \/>\nSur r\u00e9servation : 04 68 05 60 55.<br \/>\n50 places disponibles.<br \/>\nGratuit.<br \/>\nCl\u00f4ture des inscriptions le jour-m\u00eame \u00e0 14 h.<\/p>\n","protected":false},"excerpt":{"rendered":"<p>RENDEZ-VOUS INSOLITE<br \/>\nSamedi 12 d\u00e9cembre \u00e0 17 h 30<br \/>\nFuilla<br \/>\nR\u00e9sonances m\u00e9di\u00e9vales et celtiques<br \/>\nMichel Desmier, guide-conf\u00e9rencier et ing\u00e9nieur de recherche \u00e0 l\u2019Universit\u00e9 de Perpignan Via Domitia<\/p>\n<p>Sous les vo\u00fbtes de l\u2019\u00e9glise Sainte-Eulalie de Fuilla, les cordes de la harpe font rena\u00eetre les \u00e9chos d\u2019un temps ancien. Au fil des m\u00e9lodies inspir\u00e9es du Moyen \u00c2ge, des terres celtiques, laissez-vous porter par un voyage sensible o\u00f9 musique, histoire et patrimoine se rencontrent. Une parenth\u00e8se hors du temps, \u00e0 l\u2019\u00e9coute des r\u00e9sonances et des paroles qui habitent encore les pierres du Conflent.<\/p>\n<p>RDV : \u00e9glise Sainte-Eulalie (57, avenue de la Rotj\u00e0).<br \/>\nSur r\u00e9servation : 04 68 05 60 55.<br \/>\n50 places disponibles.<br \/>\nGratuit.<br \/>\nCl\u00f4ture des inscriptions le jour-m\u00eame \u00e0 14 h.<\/p>\n","protected":false},"featured_media":0,"template":"","agenda_category":[53,50],"class_list":["post-18400","agenda","type-agenda","status-publish","hentry","agenda_category-concerts","agenda_category-debats-conferences"],"acf":[],"yoast_head":"<!-- This site is optimized with the Yoast SEO plugin v27.8 - https:\/\/yoast.com\/product\/yoast-seo-wordpress\/ -->\n<title>RENDEZ-VOUS DU PAYS D&#039;ART ET D&#039;HISTOIRE INSOLITE - R\u00c9SONANCES M\u00c9DI\u00c9VALES ET CELTIQUES - Dest\u00ed: El Tren Groc<\/title>\n<meta name=\"robots\" content=\"index, follow, max-snippet:-1, max-image-preview:large, max-video-preview:-1\" \/>\n<link rel=\"canonical\" href=\"https:\/\/letrainjaune.fr\/ca\/per-veure-i-fer\/agenda\/rendez-vous-du-pays-dart-et-dhistoire-insolite-resonances-medievales-et-celtiques\/\" \/>\n<meta property=\"og:locale\" content=\"ca_ES\" \/>\n<meta property=\"og:type\" content=\"article\" \/>\n<meta property=\"og:title\" content=\"RENDEZ-VOUS DU PAYS D&#039;ART ET D&#039;HISTOIRE INSOLITE - R\u00c9SONANCES M\u00c9DI\u00c9VALES ET CELTIQUES - Dest\u00ed: El Tren Groc\" \/>\n<meta property=\"og:description\" content=\"RENDEZ-VOUS INSOLITE Samedi 12 d\u00e9cembre \u00e0 17 h 30 Fuilla R\u00e9sonances m\u00e9di\u00e9vales et celtiques Michel Desmier, guide-conf\u00e9rencier et ing\u00e9nieur de recherche \u00e0 l\u2019Universit\u00e9 de Perpignan Via Domitia Sous les vo\u00fbtes de l\u2019\u00e9glise Sainte-Eulalie de Fuilla, les cordes de la harpe font rena\u00eetre les \u00e9chos d\u2019un temps ancien. Au fil des m\u00e9lodies inspir\u00e9es du Moyen \u00c2ge, des terres celtiques, laissez-vous porter par un voyage sensible o\u00f9 musique, histoire et patrimoine se rencontrent. Une parenth\u00e8se hors du temps, \u00e0 l\u2019\u00e9coute des r\u00e9sonances et des paroles qui habitent encore les pierres du Conflent. RDV : \u00e9glise Sainte-Eulalie (57, avenue de la Rotj\u00e0). Sur r\u00e9servation : 04 68 05 60 55. 50 places disponibles. Gratuit. Cl\u00f4ture des inscriptions le jour-m\u00eame \u00e0 14 h.\" \/>\n<meta property=\"og:url\" content=\"https:\/\/letrainjaune.fr\/ca\/per-veure-i-fer\/agenda\/rendez-vous-du-pays-dart-et-dhistoire-insolite-resonances-medievales-et-celtiques\/\" \/>\n<meta property=\"og:site_name\" content=\"Dest\u00ed: El Tren Groc\" \/>\n<meta property=\"article:modified_time\" content=\"2026-09-02T04:45:33+00:00\" \/>\n<meta name=\"twitter:card\" content=\"summary_large_image\" \/>\n<meta name=\"twitter:label1\" content=\"Temps estimat de lectura\" \/>\n\t<meta name=\"twitter:data1\" content=\"1 minut\" \/>\n<script type=\"application\/ld+json\" class=\"yoast-schema-graph\">{\"@context\":\"https:\\\/\\\/schema.org\",\"@graph\":[{\"@type\":\"WebPage\",\"@id\":\"https:\\\/\\\/letrainjaune.fr\\\/ca\\\/per-veure-i-fer\\\/agenda\\\/rendez-vous-du-pays-dart-et-dhistoire-insolite-resonances-medievales-et-celtiques\\\/\",\"url\":\"https:\\\/\\\/letrainjaune.fr\\\/ca\\\/per-veure-i-fer\\\/agenda\\\/rendez-vous-du-pays-dart-et-dhistoire-insolite-resonances-medievales-et-celtiques\\\/\",\"name\":\"RENDEZ-VOUS DU PAYS D'ART ET D'HISTOIRE INSOLITE - R\u00c9SONANCES M\u00c9DI\u00c9VALES ET CELTIQUES - Dest\u00ed: El Tren Groc\",\"isPartOf\":{\"@id\":\"https:\\\/\\\/letrainjaune.fr\\\/ca\\\/#website\"},\"datePublished\":\"2026-08-13T04:45:22+00:00\",\"dateModified\":\"2026-09-02T04:45:33+00:00\",\"breadcrumb\":{\"@id\":\"https:\\\/\\\/letrainjaune.fr\\\/ca\\\/per-veure-i-fer\\\/agenda\\\/rendez-vous-du-pays-dart-et-dhistoire-insolite-resonances-medievales-et-celtiques\\\/#breadcrumb\"},\"inLanguage\":\"ca\",\"potentialAction\":[{\"@type\":\"ReadAction\",\"target\":[\"https:\\\/\\\/letrainjaune.fr\\\/ca\\\/per-veure-i-fer\\\/agenda\\\/rendez-vous-du-pays-dart-et-dhistoire-insolite-resonances-medievales-et-celtiques\\\/\"]}]},{\"@type\":\"BreadcrumbList\",\"@id\":\"https:\\\/\\\/letrainjaune.fr\\\/ca\\\/per-veure-i-fer\\\/agenda\\\/rendez-vous-du-pays-dart-et-dhistoire-insolite-resonances-medievales-et-celtiques\\\/#breadcrumb\",\"itemListElement\":[{\"@type\":\"ListItem\",\"position\":1,\"name\":\"Benvinguda\",\"item\":\"https:\\\/\\\/letrainjaune.fr\\\/ca\\\/\"},{\"@type\":\"ListItem\",\"position\":2,\"name\":\"Esdeveniments\",\"item\":\"https:\\\/\\\/letrainjaune.fr\\\/ca\\\/per-veure-i-fer\\\/agenda\\\/\"},{\"@type\":\"ListItem\",\"position\":3,\"name\":\"RENDEZ-VOUS DU PAYS D&rsquo;ART ET D&rsquo;HISTOIRE INSOLITE &#8211; R\u00c9SONANCES M\u00c9DI\u00c9VALES ET CELTIQUES\"}]},{\"@type\":\"WebSite\",\"@id\":\"https:\\\/\\\/letrainjaune.fr\\\/ca\\\/#website\",\"url\":\"https:\\\/\\\/letrainjaune.fr\\\/ca\\\/\",\"name\":\"Dest\u00ed: El Tren Groc\",\"description\":\"Dans les Pyr\u00e9n\u00e9es Catalanes, d\u00e9couvrez ce train sur le plus haut chemin de fer d\u2019Europe.\",\"publisher\":{\"@id\":\"https:\\\/\\\/letrainjaune.fr\\\/ca\\\/#organization\"},\"potentialAction\":[{\"@type\":\"SearchAction\",\"target\":{\"@type\":\"EntryPoint\",\"urlTemplate\":\"https:\\\/\\\/letrainjaune.fr\\\/ca\\\/?s={search_term_string}\"},\"query-input\":{\"@type\":\"PropertyValueSpecification\",\"valueRequired\":true,\"valueName\":\"search_term_string\"}}],\"inLanguage\":\"ca\"},{\"@type\":\"Organization\",\"@id\":\"https:\\\/\\\/letrainjaune.fr\\\/ca\\\/#organization\",\"name\":\"Dest\u00ed: El Tren Groc\",\"url\":\"https:\\\/\\\/letrainjaune.fr\\\/ca\\\/\",\"logo\":{\"@type\":\"ImageObject\",\"inLanguage\":\"ca\",\"@id\":\"https:\\\/\\\/letrainjaune.fr\\\/ca\\\/#\\\/schema\\\/logo\\\/image\\\/\",\"url\":\"https:\\\/\\\/letrainjaune.fr\\\/wp-content\\\/uploads\\\/2021\\\/04\\\/TJ_logo-TJ-footer.svg\",\"contentUrl\":\"https:\\\/\\\/letrainjaune.fr\\\/wp-content\\\/uploads\\\/2021\\\/04\\\/TJ_logo-TJ-footer.svg\",\"width\":\"1920\",\"height\":\"9999\",\"caption\":\"Dest\u00ed: El Tren Groc\"},\"image\":{\"@id\":\"https:\\\/\\\/letrainjaune.fr\\\/ca\\\/#\\\/schema\\\/logo\\\/image\\\/\"}}]}<\/script>\n<!-- \/ Yoast SEO plugin. -->","yoast_head_json":{"title":"RENDEZ-VOUS DU PAYS D'ART ET D'HISTOIRE INSOLITE - R\u00c9SONANCES M\u00c9DI\u00c9VALES ET CELTIQUES - Dest\u00ed: El Tren Groc","robots":{"index":"index","follow":"follow","max-snippet":"max-snippet:-1","max-image-preview":"max-image-preview:large","max-video-preview":"max-video-preview:-1"},"canonical":"https:\/\/letrainjaune.fr\/ca\/per-veure-i-fer\/agenda\/rendez-vous-du-pays-dart-et-dhistoire-insolite-resonances-medievales-et-celtiques\/","og_locale":"ca_ES","og_type":"article","og_title":"RENDEZ-VOUS DU PAYS D'ART ET D'HISTOIRE INSOLITE - R\u00c9SONANCES M\u00c9DI\u00c9VALES ET CELTIQUES - Dest\u00ed: El Tren Groc","og_description":"RENDEZ-VOUS INSOLITE Samedi 12 d\u00e9cembre \u00e0 17 h 30 Fuilla R\u00e9sonances m\u00e9di\u00e9vales et celtiques Michel Desmier, guide-conf\u00e9rencier et ing\u00e9nieur de recherche \u00e0 l\u2019Universit\u00e9 de Perpignan Via Domitia Sous les vo\u00fbtes de l\u2019\u00e9glise Sainte-Eulalie de Fuilla, les cordes de la harpe font rena\u00eetre les \u00e9chos d\u2019un temps ancien. Au fil des m\u00e9lodies inspir\u00e9es du Moyen \u00c2ge, des terres celtiques, laissez-vous porter par un voyage sensible o\u00f9 musique, histoire et patrimoine se rencontrent. Une parenth\u00e8se hors du temps, \u00e0 l\u2019\u00e9coute des r\u00e9sonances et des paroles qui habitent encore les pierres du Conflent. RDV : \u00e9glise Sainte-Eulalie (57, avenue de la Rotj\u00e0). Sur r\u00e9servation : 04 68 05 60 55. 50 places disponibles. Gratuit. Cl\u00f4ture des inscriptions le jour-m\u00eame \u00e0 14 h.","og_url":"https:\/\/letrainjaune.fr\/ca\/per-veure-i-fer\/agenda\/rendez-vous-du-pays-dart-et-dhistoire-insolite-resonances-medievales-et-celtiques\/","og_site_name":"Dest\u00ed: El Tren Groc","article_modified_time":"2026-09-02T04:45:33+00:00","twitter_card":"summary_large_image","twitter_misc":{"Temps estimat de lectura":"1 minut"},"schema":{"@context":"https:\/\/schema.org","@graph":[{"@type":"WebPage","@id":"https:\/\/letrainjaune.fr\/ca\/per-veure-i-fer\/agenda\/rendez-vous-du-pays-dart-et-dhistoire-insolite-resonances-medievales-et-celtiques\/","url":"https:\/\/letrainjaune.fr\/ca\/per-veure-i-fer\/agenda\/rendez-vous-du-pays-dart-et-dhistoire-insolite-resonances-medievales-et-celtiques\/","name":"RENDEZ-VOUS DU PAYS D'ART ET D'HISTOIRE INSOLITE - R\u00c9SONANCES M\u00c9DI\u00c9VALES ET CELTIQUES - Dest\u00ed: El Tren Groc","isPartOf":{"@id":"https:\/\/letrainjaune.fr\/ca\/#website"},"datePublished":"2026-08-13T04:45:22+00:00","dateModified":"2026-09-02T04:45:33+00:00","breadcrumb":{"@id":"https:\/\/letrainjaune.fr\/ca\/per-veure-i-fer\/agenda\/rendez-vous-du-pays-dart-et-dhistoire-insolite-resonances-medievales-et-celtiques\/#breadcrumb"},"inLanguage":"ca","potentialAction":[{"@type":"ReadAction","target":["https:\/\/letrainjaune.fr\/ca\/per-veure-i-fer\/agenda\/rendez-vous-du-pays-dart-et-dhistoire-insolite-resonances-medievales-et-celtiques\/"]}]},{"@type":"BreadcrumbList","@id":"https:\/\/letrainjaune.fr\/ca\/per-veure-i-fer\/agenda\/rendez-vous-du-pays-dart-et-dhistoire-insolite-resonances-medievales-et-celtiques\/#breadcrumb","itemListElement":[{"@type":"ListItem","position":1,"name":"Benvinguda","item":"https:\/\/letrainjaune.fr\/ca\/"},{"@type":"ListItem","position":2,"name":"Esdeveniments","item":"https:\/\/letrainjaune.fr\/ca\/per-veure-i-fer\/agenda\/"},{"@type":"ListItem","position":3,"name":"RENDEZ-VOUS DU PAYS D&rsquo;ART ET D&rsquo;HISTOIRE INSOLITE &#8211; R\u00c9SONANCES M\u00c9DI\u00c9VALES ET CELTIQUES"}]},{"@type":"WebSite","@id":"https:\/\/letrainjaune.fr\/ca\/#website","url":"https:\/\/letrainjaune.fr\/ca\/","name":"Dest\u00ed: El Tren Groc","description":"Dans les Pyr\u00e9n\u00e9es Catalanes, d\u00e9couvrez ce train sur le plus haut chemin de fer d\u2019Europe.","publisher":{"@id":"https:\/\/letrainjaune.fr\/ca\/#organization"},"potentialAction":[{"@type":"SearchAction","target":{"@type":"EntryPoint","urlTemplate":"https:\/\/letrainjaune.fr\/ca\/?s={search_term_string}"},"query-input":{"@type":"PropertyValueSpecification","valueRequired":true,"valueName":"search_term_string"}}],"inLanguage":"ca"},{"@type":"Organization","@id":"https:\/\/letrainjaune.fr\/ca\/#organization","name":"Dest\u00ed: El Tren Groc","url":"https:\/\/letrainjaune.fr\/ca\/","logo":{"@type":"ImageObject","inLanguage":"ca","@id":"https:\/\/letrainjaune.fr\/ca\/#\/schema\/logo\/image\/","url":"https:\/\/letrainjaune.fr\/wp-content\/uploads\/2021\/04\/TJ_logo-TJ-footer.svg","contentUrl":"https:\/\/letrainjaune.fr\/wp-content\/uploads\/2021\/04\/TJ_logo-TJ-footer.svg","width":"1920","height":"9999","caption":"Dest\u00ed: El Tren Groc"},"image":{"@id":"https:\/\/letrainjaune.fr\/ca\/#\/schema\/logo\/image\/"}}]}},"_links":{"self":[{"href":"https:\/\/letrainjaune.fr\/ca\/wp-json\/wp\/v2\/agenda\/18400","targetHints":{"allow":["GET"]}}],"collection":[{"href":"https:\/\/letrainjaune.fr\/ca\/wp-json\/wp\/v2\/agenda"}],"about":[{"href":"https:\/\/letrainjaune.fr\/ca\/wp-json\/wp\/v2\/types\/agenda"}],"wp:attachment":[{"href":"https:\/\/letrainjaune.fr\/ca\/wp-json\/wp\/v2\/media?parent=18400"}],"wp:term":[{"taxonomy":"agenda_category","embeddable":true,"href":"https:\/\/letrainjaune.fr\/ca\/wp-json\/wp\/v2\/agenda_category?post=18400"}],"curies":[{"name":"wp","href":"https:\/\/api.w.org\/{rel}","templated":true}]}}