{"id":10328,"date":"2023-06-26T15:16:02","date_gmt":"2023-06-26T13:16:02","guid":{"rendered":"https:\/\/letrainjaune.fr\/ligne-et-gares\/planes\/"},"modified":"2023-06-26T15:16:07","modified_gmt":"2023-06-26T13:16:07","slug":"planes","status":"publish","type":"gare","link":"https:\/\/letrainjaune.fr\/ca\/linia-i-estacions\/planes\/","title":{"rendered":"Plan\u00e8s"},"content":{"rendered":"\n<p>El poble de Plan\u00e8s i la seva esgl\u00e9sia s\u00f3n accessibles per una ruta de senderisme a uns 30 minuts caminant des de l&#8217;estaci\u00f3. Seguiu el cam\u00ed que passa per sota de la via del ferrocarril i en sortiu de l&#8217;estaci\u00f3 pujar a l&#8217;esquerra.<\/p>\n\n<p>Aquesta sorprenent esgl\u00e9sia, la primera menci\u00f3 de la qual es remunta a l&#8217;any 1442, est\u00e0 catalogada com a Monument Hist\u00f2ric des del 1840 i t\u00e9 una arquitectura molt particular. La pres\u00e8ncia d&#8217;aquest edifici \u00e9s dif\u00edcil d&#8217;explicar en un poble de muntanya tan petit i hi ha moltes teories sobre el seu origen&#8230; No obstant aix\u00f2, \u00e9s un dels elements m\u00e9s destacats del patrimoni hist\u00f2ric del Pirineu catal\u00e0.<\/p>\n","protected":false},"excerpt":{"rendered":"<p>El poble de Plan\u00e8s i la seva esgl\u00e9sia s\u00f3n accessibles per una ruta de senderisme a uns 30 minuts caminant des de l&#8217;estaci\u00f3. Seguiu el cam\u00ed que passa per sota de la via del ferrocarril i en sortiu de l&#8217;estaci\u00f3 pujar a l&#8217;esquerra. Aquesta sorprenent esgl\u00e9sia, la primera menci\u00f3 de la qual es remunta a [&hellip;]<\/p>\n","protected":false},"featured_media":4036,"menu_order":10,"template":"","class_list":["post-10328","gare","type-gare","status-publish","has-post-thumbnail","hentry"],"acf":[],"yoast_head":"<!-- This site is optimized with the Yoast SEO plugin v25.4 - https:\/\/yoast.com\/wordpress\/plugins\/seo\/ -->\n<title>Plan\u00e8s - Dest\u00ed: El Tren Groc<\/title>\n<meta name=\"robots\" content=\"index, follow, max-snippet:-1, max-image-preview:large, max-video-preview:-1\" \/>\n<link rel=\"canonical\" href=\"https:\/\/letrainjaune.fr\/ca\/linia-i-estacions\/planes\/\" \/>\n<meta property=\"og:locale\" content=\"ca_ES\" \/>\n<meta property=\"og:type\" content=\"article\" \/>\n<meta property=\"og:title\" content=\"Plan\u00e8s - Dest\u00ed: El Tren Groc\" \/>\n<meta property=\"og:description\" content=\"El poble de Plan\u00e8s i la seva esgl\u00e9sia s\u00f3n accessibles per una ruta de senderisme a uns 30 minuts caminant des de l&#8217;estaci\u00f3. Seguiu el cam\u00ed que passa per sota de la via del ferrocarril i en sortiu de l&#8217;estaci\u00f3 pujar a l&#8217;esquerra. Aquesta sorprenent esgl\u00e9sia, la primera menci\u00f3 de la qual es remunta a [&hellip;]\" \/>\n<meta property=\"og:url\" content=\"https:\/\/letrainjaune.fr\/ca\/linia-i-estacions\/planes\/\" \/>\n<meta property=\"og:site_name\" content=\"Dest\u00ed: El Tren Groc\" \/>\n<meta property=\"article:modified_time\" content=\"2023-06-26T13:16:07+00:00\" \/>\n<meta name=\"twitter:card\" content=\"summary_large_image\" \/>\n<meta name=\"twitter:label1\" content=\"Temps estimat de lectura\" \/>\n\t<meta name=\"twitter:data1\" content=\"1 minut\" \/>\n<script type=\"application\/ld+json\" class=\"yoast-schema-graph\">{\"@context\":\"https:\/\/schema.org\",\"@graph\":[{\"@type\":\"WebPage\",\"@id\":\"https:\/\/letrainjaune.fr\/ca\/linia-i-estacions\/planes\/\",\"url\":\"https:\/\/letrainjaune.fr\/ca\/linia-i-estacions\/planes\/\",\"name\":\"Plan\u00e8s - Dest\u00ed: El Tren Groc\",\"isPartOf\":{\"@id\":\"https:\/\/letrainjaune.fr\/ca\/#website\"},\"primaryImageOfPage\":{\"@id\":\"https:\/\/letrainjaune.fr\/ca\/linia-i-estacions\/planes\/#primaryimage\"},\"image\":{\"@id\":\"https:\/\/letrainjaune.fr\/ca\/linia-i-estacions\/planes\/#primaryimage\"},\"thumbnailUrl\":\"https:\/\/letrainjaune.fr\/wp-content\/uploads\/2021\/04\/Techniciens_De_Gares_Sur_Le_Quai\u00a9Coll._J-D._Kehr.jpg\",\"datePublished\":\"2023-06-26T13:16:02+00:00\",\"dateModified\":\"2023-06-26T13:16:07+00:00\",\"breadcrumb\":{\"@id\":\"https:\/\/letrainjaune.fr\/ca\/linia-i-estacions\/planes\/#breadcrumb\"},\"inLanguage\":\"ca\",\"potentialAction\":[{\"@type\":\"ReadAction\",\"target\":[\"https:\/\/letrainjaune.fr\/ca\/linia-i-estacions\/planes\/\"]}]},{\"@type\":\"ImageObject\",\"inLanguage\":\"ca\",\"@id\":\"https:\/\/letrainjaune.fr\/ca\/linia-i-estacions\/planes\/#primaryimage\",\"url\":\"https:\/\/letrainjaune.fr\/wp-content\/uploads\/2021\/04\/Techniciens_De_Gares_Sur_Le_Quai\u00a9Coll._J-D._Kehr.jpg\",\"contentUrl\":\"https:\/\/letrainjaune.fr\/wp-content\/uploads\/2021\/04\/Techniciens_De_Gares_Sur_Le_Quai\u00a9Coll._J-D._Kehr.jpg\",\"width\":1956,\"height\":1253,\"caption\":\"T\u00e8cnics de l'estaci\u00f3 a l'andana\"},{\"@type\":\"BreadcrumbList\",\"@id\":\"https:\/\/letrainjaune.fr\/ca\/linia-i-estacions\/planes\/#breadcrumb\",\"itemListElement\":[{\"@type\":\"ListItem\",\"position\":1,\"name\":\"Benvinguda\",\"item\":\"https:\/\/letrainjaune.fr\/ca\/\"},{\"@type\":\"ListItem\",\"position\":2,\"name\":\"Plan\u00e8s\"}]},{\"@type\":\"WebSite\",\"@id\":\"https:\/\/letrainjaune.fr\/ca\/#website\",\"url\":\"https:\/\/letrainjaune.fr\/ca\/\",\"name\":\"Dest\u00ed: El Tren Groc\",\"description\":\"Dans les Pyr\u00e9n\u00e9es Catalanes, d\u00e9couvrez ce train sur le plus haut chemin de fer d\u2019Europe.\",\"publisher\":{\"@id\":\"https:\/\/letrainjaune.fr\/ca\/#organization\"},\"potentialAction\":[{\"@type\":\"SearchAction\",\"target\":{\"@type\":\"EntryPoint\",\"urlTemplate\":\"https:\/\/letrainjaune.fr\/ca\/?s={search_term_string}\"},\"query-input\":{\"@type\":\"PropertyValueSpecification\",\"valueRequired\":true,\"valueName\":\"search_term_string\"}}],\"inLanguage\":\"ca\"},{\"@type\":\"Organization\",\"@id\":\"https:\/\/letrainjaune.fr\/ca\/#organization\",\"name\":\"Dest\u00ed: El Tren Groc\",\"url\":\"https:\/\/letrainjaune.fr\/ca\/\",\"logo\":{\"@type\":\"ImageObject\",\"inLanguage\":\"ca\",\"@id\":\"https:\/\/letrainjaune.fr\/ca\/#\/schema\/logo\/image\/\",\"url\":\"https:\/\/letrainjaune.fr\/wp-content\/uploads\/2021\/04\/TJ_logo-TJ-footer.svg\",\"contentUrl\":\"https:\/\/letrainjaune.fr\/wp-content\/uploads\/2021\/04\/TJ_logo-TJ-footer.svg\",\"width\":\"1920\",\"height\":\"9999\",\"caption\":\"Dest\u00ed: El Tren Groc\"},\"image\":{\"@id\":\"https:\/\/letrainjaune.fr\/ca\/#\/schema\/logo\/image\/\"}}]}<\/script>\n<!-- \/ Yoast SEO plugin. -->","yoast_head_json":{"title":"Plan\u00e8s - Dest\u00ed: El Tren Groc","robots":{"index":"index","follow":"follow","max-snippet":"max-snippet:-1","max-image-preview":"max-image-preview:large","max-video-preview":"max-video-preview:-1"},"canonical":"https:\/\/letrainjaune.fr\/ca\/linia-i-estacions\/planes\/","og_locale":"ca_ES","og_type":"article","og_title":"Plan\u00e8s - Dest\u00ed: El Tren Groc","og_description":"El poble de Plan\u00e8s i la seva esgl\u00e9sia s\u00f3n accessibles per una ruta de senderisme a uns 30 minuts caminant des de l&#8217;estaci\u00f3. Seguiu el cam\u00ed que passa per sota de la via del ferrocarril i en sortiu de l&#8217;estaci\u00f3 pujar a l&#8217;esquerra. Aquesta sorprenent esgl\u00e9sia, la primera menci\u00f3 de la qual es remunta a [&hellip;]","og_url":"https:\/\/letrainjaune.fr\/ca\/linia-i-estacions\/planes\/","og_site_name":"Dest\u00ed: El Tren Groc","article_modified_time":"2023-06-26T13:16:07+00:00","twitter_card":"summary_large_image","twitter_misc":{"Temps estimat de lectura":"1 minut"},"schema":{"@context":"https:\/\/schema.org","@graph":[{"@type":"WebPage","@id":"https:\/\/letrainjaune.fr\/ca\/linia-i-estacions\/planes\/","url":"https:\/\/letrainjaune.fr\/ca\/linia-i-estacions\/planes\/","name":"Plan\u00e8s - Dest\u00ed: El Tren Groc","isPartOf":{"@id":"https:\/\/letrainjaune.fr\/ca\/#website"},"primaryImageOfPage":{"@id":"https:\/\/letrainjaune.fr\/ca\/linia-i-estacions\/planes\/#primaryimage"},"image":{"@id":"https:\/\/letrainjaune.fr\/ca\/linia-i-estacions\/planes\/#primaryimage"},"thumbnailUrl":"https:\/\/letrainjaune.fr\/wp-content\/uploads\/2021\/04\/Techniciens_De_Gares_Sur_Le_Quai\u00a9Coll._J-D._Kehr.jpg","datePublished":"2023-06-26T13:16:02+00:00","dateModified":"2023-06-26T13:16:07+00:00","breadcrumb":{"@id":"https:\/\/letrainjaune.fr\/ca\/linia-i-estacions\/planes\/#breadcrumb"},"inLanguage":"ca","potentialAction":[{"@type":"ReadAction","target":["https:\/\/letrainjaune.fr\/ca\/linia-i-estacions\/planes\/"]}]},{"@type":"ImageObject","inLanguage":"ca","@id":"https:\/\/letrainjaune.fr\/ca\/linia-i-estacions\/planes\/#primaryimage","url":"https:\/\/letrainjaune.fr\/wp-content\/uploads\/2021\/04\/Techniciens_De_Gares_Sur_Le_Quai\u00a9Coll._J-D._Kehr.jpg","contentUrl":"https:\/\/letrainjaune.fr\/wp-content\/uploads\/2021\/04\/Techniciens_De_Gares_Sur_Le_Quai\u00a9Coll._J-D._Kehr.jpg","width":1956,"height":1253,"caption":"T\u00e8cnics de l'estaci\u00f3 a l'andana"},{"@type":"BreadcrumbList","@id":"https:\/\/letrainjaune.fr\/ca\/linia-i-estacions\/planes\/#breadcrumb","itemListElement":[{"@type":"ListItem","position":1,"name":"Benvinguda","item":"https:\/\/letrainjaune.fr\/ca\/"},{"@type":"ListItem","position":2,"name":"Plan\u00e8s"}]},{"@type":"WebSite","@id":"https:\/\/letrainjaune.fr\/ca\/#website","url":"https:\/\/letrainjaune.fr\/ca\/","name":"Dest\u00ed: El Tren Groc","description":"Dans les Pyr\u00e9n\u00e9es Catalanes, d\u00e9couvrez ce train sur le plus haut chemin de fer d\u2019Europe.","publisher":{"@id":"https:\/\/letrainjaune.fr\/ca\/#organization"},"potentialAction":[{"@type":"SearchAction","target":{"@type":"EntryPoint","urlTemplate":"https:\/\/letrainjaune.fr\/ca\/?s={search_term_string}"},"query-input":{"@type":"PropertyValueSpecification","valueRequired":true,"valueName":"search_term_string"}}],"inLanguage":"ca"},{"@type":"Organization","@id":"https:\/\/letrainjaune.fr\/ca\/#organization","name":"Dest\u00ed: El Tren Groc","url":"https:\/\/letrainjaune.fr\/ca\/","logo":{"@type":"ImageObject","inLanguage":"ca","@id":"https:\/\/letrainjaune.fr\/ca\/#\/schema\/logo\/image\/","url":"https:\/\/letrainjaune.fr\/wp-content\/uploads\/2021\/04\/TJ_logo-TJ-footer.svg","contentUrl":"https:\/\/letrainjaune.fr\/wp-content\/uploads\/2021\/04\/TJ_logo-TJ-footer.svg","width":"1920","height":"9999","caption":"Dest\u00ed: El Tren Groc"},"image":{"@id":"https:\/\/letrainjaune.fr\/ca\/#\/schema\/logo\/image\/"}}]}},"_links":{"self":[{"href":"https:\/\/letrainjaune.fr\/ca\/wp-json\/wp\/v2\/gare\/10328","targetHints":{"allow":["GET"]}}],"collection":[{"href":"https:\/\/letrainjaune.fr\/ca\/wp-json\/wp\/v2\/gare"}],"about":[{"href":"https:\/\/letrainjaune.fr\/ca\/wp-json\/wp\/v2\/types\/gare"}],"version-history":[{"count":1,"href":"https:\/\/letrainjaune.fr\/ca\/wp-json\/wp\/v2\/gare\/10328\/revisions"}],"predecessor-version":[{"id":10329,"href":"https:\/\/letrainjaune.fr\/ca\/wp-json\/wp\/v2\/gare\/10328\/revisions\/10329"}],"wp:featuredmedia":[{"embeddable":true,"href":"https:\/\/letrainjaune.fr\/ca\/wp-json\/wp\/v2\/media\/4036"}],"wp:attachment":[{"href":"https:\/\/letrainjaune.fr\/ca\/wp-json\/wp\/v2\/media?parent=10328"}],"curies":[{"name":"wp","href":"https:\/\/api.w.org\/{rel}","templated":true}]}}