{"id":9780,"date":"2023-06-14T16:36:26","date_gmt":"2023-06-14T14:36:26","guid":{"rendered":"https:\/\/letrainjaune.fr\/?incontournable=zona-termo-divertida-i-via-ferrada-de-llo"},"modified":"2023-06-14T16:36:30","modified_gmt":"2023-06-14T14:36:30","slug":"zona-termo-divertida-i-via-ferrada-de-llo","status":"publish","type":"incontournable","link":"https:\/\/letrainjaune.fr\/ca\/?incontournable=zona-termo-divertida-i-via-ferrada-de-llo","title":{"rendered":"Zona termo divertida i via ferrada de Llo"},"content":{"rendered":"\n<h4 class=\"wp-block-heading\"><strong>Lloc de Llo: banys sulfurosos i via ferrada per a una escapada a la natura<\/strong><\/h4>\n\n<h4 class=\"wp-block-heading\"><em>(A 3 quil\u00f2metres de l&#8217;estaci\u00f3 de Sailgouse)<\/em><\/h4>\n<figure class=\"wp-block-image size-large\"><a href=https:\/\/letrainjaune.fr\/wp-content\/uploads\/2021\/08\/Bien-etre-bains-de-llo-hiver-\u00a9Sascha-BURKHARDT-scaled.jpg title=\"Lloc termol\u00fadic de Llo a l'hivern\" rel=\"prettyPhoto\"><img src=https:\/\/letrainjaune.fr\/wp-content\/uploads\/2021\/08\/Bien-etre-bains-de-llo-hiver-\u00a9Sascha-BURKHARDT-1920x2891.jpg alt=\"\" title=\"Lloc termol\u00fadic de Llo a l&#8217;hivern\" width=\"\" class=\"wp-image-4122\"\/><\/a><figcaption>Lloc termol\u00fadic de Llo a l&#8217;hivern<span>&copy; Sascha-BURKHARDT<\/span><\/figcaption><\/figure>\n<h2 class=\"wp-block-heading\">Els banys<\/h2>\n\n<p>Situades a la vora de les gorges del Segre i a prop d&#8217;una font sulfurosa natural, les aig\u00fces dels  <strong>banys de <\/strong><strong>Llo<\/strong>\u00a0s\u00f3n riques en sofre i minerals amb reconegudes propietats per a la relaxaci\u00f3 i la cura. Banys exteriors i interiors, hammam, sauna i spa us donen la benvinguda en totes les estacions.<\/p>\n\n<figure class=\"wp-block-pullquote\"><blockquote><p>+33 4 68 04 74 55<\/p><cite><a href=\"http:\/\/www.bains-de-llo.com\" target=\"_blank\" rel=\"noreferrer noopener\">Bains de Llo <\/a><br\/><\/cite><\/blockquote><\/figure><figure class=\"wp-block-gallery columns-2 is-cropped\"><ul class=\"blocks-gallery-grid\"><li class=\"blocks-gallery-item\"><figure><a href=https:\/\/letrainjaune.fr\/wp-content\/uploads\/2021\/08\/Bien-etre-Bains-de-llo-vue-exterieure-\u00a9Frederique-BERLIC-scaled.jpg title=\"Banys de Llo\" rel=\"prettyPhoto[pp_gal]\"><img src=https:\/\/letrainjaune.fr\/wp-content\/uploads\/2021\/08\/Bien-etre-Bains-de-llo-vue-exterieure-\u00a9Frederique-BERLIC-640x452.jpg alt=\"\" title=\"Bains de Llo\" class=\"wp-image-4125\"\/><\/a><figcaption>Banys de Llo<span>&copy; Fred\u00e9rique Berlic <\/span><\/figcaption><\/figure><\/li><li class=\"blocks-gallery-item\"><figure><a href=https:\/\/letrainjaune.fr\/wp-content\/uploads\/2021\/08\/photo-3-photo-vignette-bien-etre-bains-de-llo.jpg title=\"Banys de Llo \u2013 Espai interior\" rel=\"prettyPhoto[pp_gal]\"><img src=https:\/\/letrainjaune.fr\/wp-content\/uploads\/2021\/08\/photo-3-photo-vignette-bien-etre-bains-de-llo-640x452.jpg alt=\"\" title=\"Bains de Llo &#8211; Espace int\u00e9rieur\" class=\"wp-image-4129\"\/><\/a><figcaption>Banys de Llo \u2013 Espai interior<span>&copy; OT Pyr\u00e9n\u00e9es-Cerdagne <\/span><\/figcaption><\/figure><\/li><\/ul><\/figure>\n<h2 class=\"wp-block-heading\">La via ferrada<\/h2>\n\n<p><strong>La Via Ferrada de Llo<\/strong> al recinte de les Escaldilles (aig\u00fces calentes) hi ha rutes d&#8217;aventura de muntanya, aptes per a tots els nivells de pr\u00e0ctica: descoberta, familiar, avan\u00e7at i esportiu. Viu l&#8217;emoci\u00f3 de la gran tirolina de 170 m de llarg amb vistes a les Gorges del Segre a 85 m d&#8217;al\u00e7ada (previa reserva). 800 m de llargada, barreja de senderisme i escalada, de naturalesa a\u00e8ria i amb exposici\u00f3 al sud.<\/p>\n\n<p>La durada d&#8217;aquestes rutes \u00e9s d&#8217;entre 1 i 3 hores en funci\u00f3 de la ruta escollida.<\/p>\n\n<p>3 nivells de dificultat diferents.<\/p>\n\n<p>Els menors d&#8217;edat han d&#8217;anar acompanyats d&#8217;un adult en tots els cursos.<\/p>\n\n<p><em><strong>Sensacions, adrenalina, autoconfian\u00e7a i confian\u00e7a en els altres !<\/strong><\/em><\/p>\n\n<figure class=\"wp-block-pullquote\"><blockquote><p>+33 6 85 02 23 84<\/p><cite>contact<br\/>www.via-ferrata-de-llo.com<\/cite><\/blockquote><\/figure><figure class=\"wp-block-image size-large\"><a href=https:\/\/letrainjaune.fr\/wp-content\/uploads\/2021\/08\/Via-ferrataN1-548-@Via-Ferrata-de-Llo.jpg title=\"Via ferrada de Llo\" rel=\"prettyPhoto\"><img src=https:\/\/letrainjaune.fr\/wp-content\/uploads\/2021\/08\/Via-ferrataN1-548-@Via-Ferrata-de-Llo.jpg alt=\"\" title=\"Via ferrada de Llo\" width=\"\" class=\"wp-image-4134\"\/><\/a><figcaption>Via ferrada de Llo<span>&copy; Via-Ferrata-de-Llo<\/span><\/figcaption><\/figure>","protected":false},"featured_media":4117,"menu_order":0,"template":"","class_list":["post-9780","incontournable","type-incontournable","status-publish","has-post-thumbnail","hentry"],"acf":[],"yoast_head":"<!-- This site is optimized with the Yoast SEO plugin v25.4 - https:\/\/yoast.com\/wordpress\/plugins\/seo\/ -->\n<title>Zona termo divertida i via ferrada de Llo - Dest\u00ed: El Tren Groc<\/title>\n<meta name=\"robots\" content=\"index, follow, max-snippet:-1, max-image-preview:large, max-video-preview:-1\" \/>\n<link rel=\"canonical\" href=\"https:\/\/letrainjaune.fr\/ca\/?incontournable=zona-termo-divertida-i-via-ferrada-de-llo\" \/>\n<meta property=\"og:locale\" content=\"ca_ES\" \/>\n<meta property=\"og:type\" content=\"article\" \/>\n<meta property=\"og:title\" content=\"Zona termo divertida i via ferrada de Llo - Dest\u00ed: El Tren Groc\" \/>\n<meta property=\"og:description\" content=\"Lloc de Llo: banys sulfurosos i via ferrada per a una escapada a la natura (A 3 quil\u00f2metres de l&#8217;estaci\u00f3 de Sailgouse) Els banys Situades a la vora de les gorges del Segre i a prop d&#8217;una font sulfurosa natural, les aig\u00fces dels banys de Llo\u00a0s\u00f3n riques en sofre i minerals amb reconegudes propietats per [&hellip;]\" \/>\n<meta property=\"og:url\" content=\"https:\/\/letrainjaune.fr\/ca\/?incontournable=zona-termo-divertida-i-via-ferrada-de-llo\" \/>\n<meta property=\"og:site_name\" content=\"Dest\u00ed: El Tren Groc\" \/>\n<meta property=\"article:modified_time\" content=\"2023-06-14T14:36:30+00:00\" \/>\n<meta property=\"og:image\" content=\"https:\/\/letrainjaune.fr\/wp-content\/uploads\/2021\/08\/Bien-etre-bains-de-llo-hiver-&#xA9;Sascha-BURKHARDT-1920x2891.jpg\" \/>\n<meta name=\"twitter:card\" content=\"summary_large_image\" \/>\n<meta name=\"twitter:label1\" content=\"Temps estimat de lectura\" \/>\n\t<meta name=\"twitter:data1\" content=\"1 minut\" \/>\n<script type=\"application\/ld+json\" class=\"yoast-schema-graph\">{\"@context\":\"https:\/\/schema.org\",\"@graph\":[{\"@type\":\"WebPage\",\"@id\":\"https:\/\/letrainjaune.fr\/ca\/?incontournable=zona-termo-divertida-i-via-ferrada-de-llo\",\"url\":\"https:\/\/letrainjaune.fr\/ca\/?incontournable=zona-termo-divertida-i-via-ferrada-de-llo\",\"name\":\"Zona termo divertida i via ferrada de Llo - Dest\u00ed: El Tren Groc\",\"isPartOf\":{\"@id\":\"https:\/\/letrainjaune.fr\/ca\/#website\"},\"primaryImageOfPage\":{\"@id\":\"https:\/\/letrainjaune.fr\/ca\/?incontournable=zona-termo-divertida-i-via-ferrada-de-llo#primaryimage\"},\"image\":{\"@id\":\"https:\/\/letrainjaune.fr\/ca\/?incontournable=zona-termo-divertida-i-via-ferrada-de-llo#primaryimage\"},\"thumbnailUrl\":\"https:\/\/letrainjaune.fr\/wp-content\/uploads\/2021\/04\/Bien-etre-Llo-bains-exterieurs-@Fred-Berlic-scaled.jpg\",\"datePublished\":\"2023-06-14T14:36:26+00:00\",\"dateModified\":\"2023-06-14T14:36:30+00:00\",\"breadcrumb\":{\"@id\":\"https:\/\/letrainjaune.fr\/ca\/?incontournable=zona-termo-divertida-i-via-ferrada-de-llo#breadcrumb\"},\"inLanguage\":\"ca\",\"potentialAction\":[{\"@type\":\"ReadAction\",\"target\":[\"https:\/\/letrainjaune.fr\/ca\/?incontournable=zona-termo-divertida-i-via-ferrada-de-llo\"]}]},{\"@type\":\"ImageObject\",\"inLanguage\":\"ca\",\"@id\":\"https:\/\/letrainjaune.fr\/ca\/?incontournable=zona-termo-divertida-i-via-ferrada-de-llo#primaryimage\",\"url\":\"https:\/\/letrainjaune.fr\/wp-content\/uploads\/2021\/04\/Bien-etre-Llo-bains-exterieurs-@Fred-Berlic-scaled.jpg\",\"contentUrl\":\"https:\/\/letrainjaune.fr\/wp-content\/uploads\/2021\/04\/Bien-etre-Llo-bains-exterieurs-@Fred-Berlic-scaled.jpg\",\"width\":1920,\"height\":1280,\"caption\":\"Banys de Llo \u2013 Espai exterior\"},{\"@type\":\"BreadcrumbList\",\"@id\":\"https:\/\/letrainjaune.fr\/ca\/?incontournable=zona-termo-divertida-i-via-ferrada-de-llo#breadcrumb\",\"itemListElement\":[{\"@type\":\"ListItem\",\"position\":1,\"name\":\"Benvinguda\",\"item\":\"https:\/\/letrainjaune.fr\/ca\/\"},{\"@type\":\"ListItem\",\"position\":2,\"name\":\"Zona termo divertida i via ferrada de Llo\"}]},{\"@type\":\"WebSite\",\"@id\":\"https:\/\/letrainjaune.fr\/ca\/#website\",\"url\":\"https:\/\/letrainjaune.fr\/ca\/\",\"name\":\"Dest\u00ed: El Tren Groc\",\"description\":\"Dans les Pyr\u00e9n\u00e9es Catalanes, d\u00e9couvrez ce train sur le plus haut chemin de fer d\u2019Europe.\",\"publisher\":{\"@id\":\"https:\/\/letrainjaune.fr\/ca\/#organization\"},\"potentialAction\":[{\"@type\":\"SearchAction\",\"target\":{\"@type\":\"EntryPoint\",\"urlTemplate\":\"https:\/\/letrainjaune.fr\/ca\/?s={search_term_string}\"},\"query-input\":{\"@type\":\"PropertyValueSpecification\",\"valueRequired\":true,\"valueName\":\"search_term_string\"}}],\"inLanguage\":\"ca\"},{\"@type\":\"Organization\",\"@id\":\"https:\/\/letrainjaune.fr\/ca\/#organization\",\"name\":\"Dest\u00ed: El Tren Groc\",\"url\":\"https:\/\/letrainjaune.fr\/ca\/\",\"logo\":{\"@type\":\"ImageObject\",\"inLanguage\":\"ca\",\"@id\":\"https:\/\/letrainjaune.fr\/ca\/#\/schema\/logo\/image\/\",\"url\":\"https:\/\/letrainjaune.fr\/wp-content\/uploads\/2021\/04\/TJ_logo-TJ-footer.svg\",\"contentUrl\":\"https:\/\/letrainjaune.fr\/wp-content\/uploads\/2021\/04\/TJ_logo-TJ-footer.svg\",\"width\":\"1920\",\"height\":\"9999\",\"caption\":\"Dest\u00ed: El Tren Groc\"},\"image\":{\"@id\":\"https:\/\/letrainjaune.fr\/ca\/#\/schema\/logo\/image\/\"}}]}<\/script>\n<!-- \/ Yoast SEO plugin. -->","yoast_head_json":{"title":"Zona termo divertida i via ferrada de Llo - Dest\u00ed: El Tren Groc","robots":{"index":"index","follow":"follow","max-snippet":"max-snippet:-1","max-image-preview":"max-image-preview:large","max-video-preview":"max-video-preview:-1"},"canonical":"https:\/\/letrainjaune.fr\/ca\/?incontournable=zona-termo-divertida-i-via-ferrada-de-llo","og_locale":"ca_ES","og_type":"article","og_title":"Zona termo divertida i via ferrada de Llo - Dest\u00ed: El Tren Groc","og_description":"Lloc de Llo: banys sulfurosos i via ferrada per a una escapada a la natura (A 3 quil\u00f2metres de l&#8217;estaci\u00f3 de Sailgouse) Els banys Situades a la vora de les gorges del Segre i a prop d&#8217;una font sulfurosa natural, les aig\u00fces dels banys de Llo\u00a0s\u00f3n riques en sofre i minerals amb reconegudes propietats per [&hellip;]","og_url":"https:\/\/letrainjaune.fr\/ca\/?incontournable=zona-termo-divertida-i-via-ferrada-de-llo","og_site_name":"Dest\u00ed: El Tren Groc","article_modified_time":"2023-06-14T14:36:30+00:00","og_image":[{"url":"https:\/\/letrainjaune.fr\/wp-content\/uploads\/2021\/08\/Bien-etre-bains-de-llo-hiver-&#xA9;Sascha-BURKHARDT-1920x2891.jpg","type":"","width":"","height":""}],"twitter_card":"summary_large_image","twitter_misc":{"Temps estimat de lectura":"1 minut"},"schema":{"@context":"https:\/\/schema.org","@graph":[{"@type":"WebPage","@id":"https:\/\/letrainjaune.fr\/ca\/?incontournable=zona-termo-divertida-i-via-ferrada-de-llo","url":"https:\/\/letrainjaune.fr\/ca\/?incontournable=zona-termo-divertida-i-via-ferrada-de-llo","name":"Zona termo divertida i via ferrada de Llo - Dest\u00ed: El Tren Groc","isPartOf":{"@id":"https:\/\/letrainjaune.fr\/ca\/#website"},"primaryImageOfPage":{"@id":"https:\/\/letrainjaune.fr\/ca\/?incontournable=zona-termo-divertida-i-via-ferrada-de-llo#primaryimage"},"image":{"@id":"https:\/\/letrainjaune.fr\/ca\/?incontournable=zona-termo-divertida-i-via-ferrada-de-llo#primaryimage"},"thumbnailUrl":"https:\/\/letrainjaune.fr\/wp-content\/uploads\/2021\/04\/Bien-etre-Llo-bains-exterieurs-@Fred-Berlic-scaled.jpg","datePublished":"2023-06-14T14:36:26+00:00","dateModified":"2023-06-14T14:36:30+00:00","breadcrumb":{"@id":"https:\/\/letrainjaune.fr\/ca\/?incontournable=zona-termo-divertida-i-via-ferrada-de-llo#breadcrumb"},"inLanguage":"ca","potentialAction":[{"@type":"ReadAction","target":["https:\/\/letrainjaune.fr\/ca\/?incontournable=zona-termo-divertida-i-via-ferrada-de-llo"]}]},{"@type":"ImageObject","inLanguage":"ca","@id":"https:\/\/letrainjaune.fr\/ca\/?incontournable=zona-termo-divertida-i-via-ferrada-de-llo#primaryimage","url":"https:\/\/letrainjaune.fr\/wp-content\/uploads\/2021\/04\/Bien-etre-Llo-bains-exterieurs-@Fred-Berlic-scaled.jpg","contentUrl":"https:\/\/letrainjaune.fr\/wp-content\/uploads\/2021\/04\/Bien-etre-Llo-bains-exterieurs-@Fred-Berlic-scaled.jpg","width":1920,"height":1280,"caption":"Banys de Llo \u2013 Espai exterior"},{"@type":"BreadcrumbList","@id":"https:\/\/letrainjaune.fr\/ca\/?incontournable=zona-termo-divertida-i-via-ferrada-de-llo#breadcrumb","itemListElement":[{"@type":"ListItem","position":1,"name":"Benvinguda","item":"https:\/\/letrainjaune.fr\/ca\/"},{"@type":"ListItem","position":2,"name":"Zona termo divertida i via ferrada de Llo"}]},{"@type":"WebSite","@id":"https:\/\/letrainjaune.fr\/ca\/#website","url":"https:\/\/letrainjaune.fr\/ca\/","name":"Dest\u00ed: El Tren Groc","description":"Dans les Pyr\u00e9n\u00e9es Catalanes, d\u00e9couvrez ce train sur le plus haut chemin de fer d\u2019Europe.","publisher":{"@id":"https:\/\/letrainjaune.fr\/ca\/#organization"},"potentialAction":[{"@type":"SearchAction","target":{"@type":"EntryPoint","urlTemplate":"https:\/\/letrainjaune.fr\/ca\/?s={search_term_string}"},"query-input":{"@type":"PropertyValueSpecification","valueRequired":true,"valueName":"search_term_string"}}],"inLanguage":"ca"},{"@type":"Organization","@id":"https:\/\/letrainjaune.fr\/ca\/#organization","name":"Dest\u00ed: El Tren Groc","url":"https:\/\/letrainjaune.fr\/ca\/","logo":{"@type":"ImageObject","inLanguage":"ca","@id":"https:\/\/letrainjaune.fr\/ca\/#\/schema\/logo\/image\/","url":"https:\/\/letrainjaune.fr\/wp-content\/uploads\/2021\/04\/TJ_logo-TJ-footer.svg","contentUrl":"https:\/\/letrainjaune.fr\/wp-content\/uploads\/2021\/04\/TJ_logo-TJ-footer.svg","width":"1920","height":"9999","caption":"Dest\u00ed: El Tren Groc"},"image":{"@id":"https:\/\/letrainjaune.fr\/ca\/#\/schema\/logo\/image\/"}}]}},"_links":{"self":[{"href":"https:\/\/letrainjaune.fr\/ca\/wp-json\/wp\/v2\/incontournable\/9780","targetHints":{"allow":["GET"]}}],"collection":[{"href":"https:\/\/letrainjaune.fr\/ca\/wp-json\/wp\/v2\/incontournable"}],"about":[{"href":"https:\/\/letrainjaune.fr\/ca\/wp-json\/wp\/v2\/types\/incontournable"}],"version-history":[{"count":1,"href":"https:\/\/letrainjaune.fr\/ca\/wp-json\/wp\/v2\/incontournable\/9780\/revisions"}],"predecessor-version":[{"id":9781,"href":"https:\/\/letrainjaune.fr\/ca\/wp-json\/wp\/v2\/incontournable\/9780\/revisions\/9781"}],"wp:featuredmedia":[{"embeddable":true,"href":"https:\/\/letrainjaune.fr\/ca\/wp-json\/wp\/v2\/media\/4117"}],"wp:attachment":[{"href":"https:\/\/letrainjaune.fr\/ca\/wp-json\/wp\/v2\/media?parent=9780"}],"curies":[{"name":"wp","href":"https:\/\/api.w.org\/{rel}","templated":true}]}}