{"id":9803,"date":"2023-06-16T12:21:00","date_gmt":"2023-06-16T10:21:00","guid":{"rendered":"https:\/\/letrainjaune.fr\/?incontournable=estacio-alta-de-font-romeu"},"modified":"2023-06-16T12:21:03","modified_gmt":"2023-06-16T10:21:03","slug":"estacio-alta-de-font-romeu","status":"publish","type":"incontournable","link":"https:\/\/letrainjaune.fr\/ca\/?incontournable=estacio-alta-de-font-romeu","title":{"rendered":"Estaci\u00f3 alta de Font-Romeu"},"content":{"rendered":"\n<h4 class=\"wp-block-heading\">Coneguda mundialment per la seva condici\u00f3 de &#8220;ciutat de l&#8217;excel\u00b7l\u00e8ncia esportiva&#8221;, l&#8217;estaci\u00f3 de Font-Romeu \u00e9s accessible (centre de la ciutat) en 30 minuts a peu des de l&#8217;estaci\u00f3.<\/h4>\n\n<h4 class=\"wp-block-heading\">Al voltant de Font-Romeu :<\/h4>\n\n<ul class=\"wp-block-list\"><li><strong>Ermita de la Mare de D\u00e9u de Font-Romeu.<\/strong><\/li><li>Llac de la Bollosa.<\/li><\/ul>\n<p>M\u00faltiples comer\u00e7os i activitats del nucli urb\u00e0 (restaurants, allotjaments, prestadors de serveis, oficines de muntanya, etc.) us donen la benvinguda a aquesta estaci\u00f3 d&#8217;altitud (1800 m) amb un clima reconegut. Tamb\u00e9 descobreix monuments catalogats com el Grand Hotel (constru\u00eft l&#8217;any 1910, s\u00edmbol del desenvolupament de l&#8217;estaci\u00f3), les esgl\u00e9sies d&#8217;Odell\u00f3 i Via. Font-Romeu gaudeix de renom nacional i internacional gr\u00e0cies al seu Centre d&#8217;entrenament d&#8217;altitud que des de l&#8217;any 1968 acull esportistes d&#8217;alt nivell en preparacions preol\u00edmpiques o pr\u00e0ctiques.<\/p>\n\n<h3 class=\"wp-block-heading\">Ermita de la Mare de D\u00e9u de Font-Romeu.<\/h3>\n\n<p><em><\/em>\u00c9s a aquest antic lloc de pelegrinatge que data de l&#8217;edat mitjana al que devem el nom de la ciutat. De fet,\u00a0<em>Font-Romeu <\/em>significa literalment &#8220;font del pelegr\u00ed&#8221;. Tot i que l&#8217;edifici actual data del segle XVII, el primer esment del que aleshores es deia<em>Eccl\u00e9sia <\/em><em>Sanctae<\/em><em>Mariae<\/em> data de 1324.<\/p>\n\n<p>Actualment, l&#8217;Ermita est\u00e0 formada per una capella major (1525), dues capelles laterals (1686) i una &#8220;camarill&#8221; (habitaci\u00f3 petita dedicada a la Mare de D\u00e9u) constru\u00efda l&#8217;any 1712. \u00c9s un dels llocs religiosos m\u00e9s emblem\u00e0tics del departament dels Pirineus Orientals.<\/p>\n<figure class=\"wp-block-image size-full\"><a href=https:\/\/letrainjaune.fr\/wp-content\/uploads\/2022\/03\/ermitage.jpg title=\"Ermita de la Mare de D\u00e9u de Font-Romeu.\" rel=\"prettyPhoto\"><img src=https:\/\/letrainjaune.fr\/wp-content\/uploads\/2022\/03\/ermitage.jpg alt=\"\" title=\"Ermita de la Mare de D\u00e9u de Font-Romeu.\" width=\"\" class=\"wp-image-6626\"\/><\/a><figcaption>Ermita de la Mare de D\u00e9u de Font-Romeu.<span>&copy; Mairie de Font-Romeu <\/span><\/figcaption><\/figure>\n<h3 class=\"wp-block-heading\">Llac de la Bollosa<em><strong>\u00a0<\/strong><\/em><\/h3>\n\n<p>Paratge natural catalogat de gran notorietat, aquest llac amb la seva decoraci\u00f3 lunar \u00e9s el punt de partida de l&#8217;excursi\u00f3 que permet pujar al Pic Carlit, el punt m\u00e9s alt del departament dels Pirineus Orientals. Al llarg del cam\u00ed, una multitud d&#8217;altres llacs m\u00e9s petits, el <em>estanys de Carlit, <\/em>millorar\u00e0 la vostra caminada.<\/p>\n\n<p>Durant la temporada d&#8217;estiu, es pot arribar al llac des del centre de Font-Romeu amb telef\u00e8ric. Un cop s&#8217;ha arribat al final de l&#8217;altra banda del domini esquiable (Roc de la Calma), nom\u00e9s tindreu uns vint minuts a peu per accedir a l&#8217;estany i al refugi situat just al costat.<\/p>\n\n<figure class=\"wp-block-pullquote\"><blockquote><p>+33 4 68 30 68 30<\/p><cite>Contact oficina de turisme font-romeu<br\/><a href=\"https:\/\/font-romeu.fr\/\">www.font-romeu.fr<\/a><\/cite><\/blockquote><\/figure><figure class=\"wp-block-image size-full\"><a href=https:\/\/letrainjaune.fr\/wp-content\/uploads\/2022\/03\/Calvaire.jpg title=\"Des del Coll del Calvaire\" rel=\"prettyPhoto\"><img src=https:\/\/letrainjaune.fr\/wp-content\/uploads\/2022\/03\/Calvaire.jpg alt=\"\" title=\"Des del Coll del Calvaire\" width=\"\" class=\"wp-image-6631\"\/><\/a><figcaption>Des del Coll del Calvaire<span>&copy; Mairie de Font-Romeu <\/span><\/figcaption><\/figure>","protected":false},"featured_media":6619,"menu_order":0,"template":"","class_list":["post-9803","incontournable","type-incontournable","status-publish","has-post-thumbnail","hentry"],"acf":[],"yoast_head":"<!-- This site is optimized with the Yoast SEO plugin v25.4 - https:\/\/yoast.com\/wordpress\/plugins\/seo\/ -->\n<title>Estaci\u00f3 alta de Font-Romeu - Dest\u00ed: El Tren Groc<\/title>\n<meta name=\"robots\" content=\"index, follow, max-snippet:-1, max-image-preview:large, max-video-preview:-1\" \/>\n<link rel=\"canonical\" href=\"https:\/\/letrainjaune.fr\/ca\/?incontournable=estacio-alta-de-font-romeu\" \/>\n<meta property=\"og:locale\" content=\"ca_ES\" \/>\n<meta property=\"og:type\" content=\"article\" \/>\n<meta property=\"og:title\" content=\"Estaci\u00f3 alta de Font-Romeu - Dest\u00ed: El Tren Groc\" \/>\n<meta property=\"og:description\" content=\"Coneguda mundialment per la seva condici\u00f3 de &#8220;ciutat de l&#8217;excel\u00b7l\u00e8ncia esportiva&#8221;, l&#8217;estaci\u00f3 de Font-Romeu \u00e9s accessible (centre de la ciutat) en 30 minuts a peu des de l&#8217;estaci\u00f3. Al voltant de Font-Romeu : Ermita de la Mare de D\u00e9u de Font-Romeu. Llac de la Bollosa. M\u00faltiples comer\u00e7os i activitats del nucli urb\u00e0 (restaurants, allotjaments, prestadors [&hellip;]\" \/>\n<meta property=\"og:url\" content=\"https:\/\/letrainjaune.fr\/ca\/?incontournable=estacio-alta-de-font-romeu\" \/>\n<meta property=\"og:site_name\" content=\"Dest\u00ed: El Tren Groc\" \/>\n<meta property=\"article:modified_time\" content=\"2023-06-16T10:21:03+00:00\" \/>\n<meta property=\"og:image\" content=\"https:\/\/letrainjaune.fr\/wp-content\/uploads\/2021\/07\/grand-hotel.jpg\" \/>\n\t<meta property=\"og:image:width\" content=\"1400\" \/>\n\t<meta property=\"og:image:height\" content=\"1080\" \/>\n\t<meta property=\"og:image:type\" content=\"image\/jpeg\" \/>\n<meta name=\"twitter:card\" content=\"summary_large_image\" \/>\n<meta name=\"twitter:label1\" content=\"Temps estimat de lectura\" \/>\n\t<meta name=\"twitter:data1\" content=\"2 minuts\" \/>\n<script type=\"application\/ld+json\" class=\"yoast-schema-graph\">{\"@context\":\"https:\/\/schema.org\",\"@graph\":[{\"@type\":\"WebPage\",\"@id\":\"https:\/\/letrainjaune.fr\/ca\/?incontournable=estacio-alta-de-font-romeu\",\"url\":\"https:\/\/letrainjaune.fr\/ca\/?incontournable=estacio-alta-de-font-romeu\",\"name\":\"Estaci\u00f3 alta de Font-Romeu - Dest\u00ed: El Tren Groc\",\"isPartOf\":{\"@id\":\"https:\/\/letrainjaune.fr\/ca\/#website\"},\"primaryImageOfPage\":{\"@id\":\"https:\/\/letrainjaune.fr\/ca\/?incontournable=estacio-alta-de-font-romeu#primaryimage\"},\"image\":{\"@id\":\"https:\/\/letrainjaune.fr\/ca\/?incontournable=estacio-alta-de-font-romeu#primaryimage\"},\"thumbnailUrl\":\"https:\/\/letrainjaune.fr\/wp-content\/uploads\/2021\/07\/grand-hotel.jpg\",\"datePublished\":\"2023-06-16T10:21:00+00:00\",\"dateModified\":\"2023-06-16T10:21:03+00:00\",\"breadcrumb\":{\"@id\":\"https:\/\/letrainjaune.fr\/ca\/?incontournable=estacio-alta-de-font-romeu#breadcrumb\"},\"inLanguage\":\"ca\",\"potentialAction\":[{\"@type\":\"ReadAction\",\"target\":[\"https:\/\/letrainjaune.fr\/ca\/?incontournable=estacio-alta-de-font-romeu\"]}]},{\"@type\":\"ImageObject\",\"inLanguage\":\"ca\",\"@id\":\"https:\/\/letrainjaune.fr\/ca\/?incontournable=estacio-alta-de-font-romeu#primaryimage\",\"url\":\"https:\/\/letrainjaune.fr\/wp-content\/uploads\/2021\/07\/grand-hotel.jpg\",\"contentUrl\":\"https:\/\/letrainjaune.fr\/wp-content\/uploads\/2021\/07\/grand-hotel.jpg\",\"width\":1400,\"height\":1080,\"caption\":\"Grand Hotel de Font-Romeu\"},{\"@type\":\"BreadcrumbList\",\"@id\":\"https:\/\/letrainjaune.fr\/ca\/?incontournable=estacio-alta-de-font-romeu#breadcrumb\",\"itemListElement\":[{\"@type\":\"ListItem\",\"position\":1,\"name\":\"Benvinguda\",\"item\":\"https:\/\/letrainjaune.fr\/ca\/\"},{\"@type\":\"ListItem\",\"position\":2,\"name\":\"Estaci\u00f3 alta de Font-Romeu\"}]},{\"@type\":\"WebSite\",\"@id\":\"https:\/\/letrainjaune.fr\/ca\/#website\",\"url\":\"https:\/\/letrainjaune.fr\/ca\/\",\"name\":\"Dest\u00ed: El Tren Groc\",\"description\":\"Dans les Pyr\u00e9n\u00e9es Catalanes, d\u00e9couvrez ce train sur le plus haut chemin de fer d\u2019Europe.\",\"publisher\":{\"@id\":\"https:\/\/letrainjaune.fr\/ca\/#organization\"},\"potentialAction\":[{\"@type\":\"SearchAction\",\"target\":{\"@type\":\"EntryPoint\",\"urlTemplate\":\"https:\/\/letrainjaune.fr\/ca\/?s={search_term_string}\"},\"query-input\":{\"@type\":\"PropertyValueSpecification\",\"valueRequired\":true,\"valueName\":\"search_term_string\"}}],\"inLanguage\":\"ca\"},{\"@type\":\"Organization\",\"@id\":\"https:\/\/letrainjaune.fr\/ca\/#organization\",\"name\":\"Dest\u00ed: El Tren Groc\",\"url\":\"https:\/\/letrainjaune.fr\/ca\/\",\"logo\":{\"@type\":\"ImageObject\",\"inLanguage\":\"ca\",\"@id\":\"https:\/\/letrainjaune.fr\/ca\/#\/schema\/logo\/image\/\",\"url\":\"https:\/\/letrainjaune.fr\/wp-content\/uploads\/2021\/04\/TJ_logo-TJ-footer.svg\",\"contentUrl\":\"https:\/\/letrainjaune.fr\/wp-content\/uploads\/2021\/04\/TJ_logo-TJ-footer.svg\",\"width\":\"1920\",\"height\":\"9999\",\"caption\":\"Dest\u00ed: El Tren Groc\"},\"image\":{\"@id\":\"https:\/\/letrainjaune.fr\/ca\/#\/schema\/logo\/image\/\"}}]}<\/script>\n<!-- \/ Yoast SEO plugin. -->","yoast_head_json":{"title":"Estaci\u00f3 alta de Font-Romeu - Dest\u00ed: El Tren Groc","robots":{"index":"index","follow":"follow","max-snippet":"max-snippet:-1","max-image-preview":"max-image-preview:large","max-video-preview":"max-video-preview:-1"},"canonical":"https:\/\/letrainjaune.fr\/ca\/?incontournable=estacio-alta-de-font-romeu","og_locale":"ca_ES","og_type":"article","og_title":"Estaci\u00f3 alta de Font-Romeu - Dest\u00ed: El Tren Groc","og_description":"Coneguda mundialment per la seva condici\u00f3 de &#8220;ciutat de l&#8217;excel\u00b7l\u00e8ncia esportiva&#8221;, l&#8217;estaci\u00f3 de Font-Romeu \u00e9s accessible (centre de la ciutat) en 30 minuts a peu des de l&#8217;estaci\u00f3. Al voltant de Font-Romeu : Ermita de la Mare de D\u00e9u de Font-Romeu. Llac de la Bollosa. M\u00faltiples comer\u00e7os i activitats del nucli urb\u00e0 (restaurants, allotjaments, prestadors [&hellip;]","og_url":"https:\/\/letrainjaune.fr\/ca\/?incontournable=estacio-alta-de-font-romeu","og_site_name":"Dest\u00ed: El Tren Groc","article_modified_time":"2023-06-16T10:21:03+00:00","og_image":[{"width":1400,"height":1080,"url":"https:\/\/letrainjaune.fr\/wp-content\/uploads\/2021\/07\/grand-hotel.jpg","type":"image\/jpeg"}],"twitter_card":"summary_large_image","twitter_misc":{"Temps estimat de lectura":"2 minuts"},"schema":{"@context":"https:\/\/schema.org","@graph":[{"@type":"WebPage","@id":"https:\/\/letrainjaune.fr\/ca\/?incontournable=estacio-alta-de-font-romeu","url":"https:\/\/letrainjaune.fr\/ca\/?incontournable=estacio-alta-de-font-romeu","name":"Estaci\u00f3 alta de Font-Romeu - Dest\u00ed: El Tren Groc","isPartOf":{"@id":"https:\/\/letrainjaune.fr\/ca\/#website"},"primaryImageOfPage":{"@id":"https:\/\/letrainjaune.fr\/ca\/?incontournable=estacio-alta-de-font-romeu#primaryimage"},"image":{"@id":"https:\/\/letrainjaune.fr\/ca\/?incontournable=estacio-alta-de-font-romeu#primaryimage"},"thumbnailUrl":"https:\/\/letrainjaune.fr\/wp-content\/uploads\/2021\/07\/grand-hotel.jpg","datePublished":"2023-06-16T10:21:00+00:00","dateModified":"2023-06-16T10:21:03+00:00","breadcrumb":{"@id":"https:\/\/letrainjaune.fr\/ca\/?incontournable=estacio-alta-de-font-romeu#breadcrumb"},"inLanguage":"ca","potentialAction":[{"@type":"ReadAction","target":["https:\/\/letrainjaune.fr\/ca\/?incontournable=estacio-alta-de-font-romeu"]}]},{"@type":"ImageObject","inLanguage":"ca","@id":"https:\/\/letrainjaune.fr\/ca\/?incontournable=estacio-alta-de-font-romeu#primaryimage","url":"https:\/\/letrainjaune.fr\/wp-content\/uploads\/2021\/07\/grand-hotel.jpg","contentUrl":"https:\/\/letrainjaune.fr\/wp-content\/uploads\/2021\/07\/grand-hotel.jpg","width":1400,"height":1080,"caption":"Grand Hotel de Font-Romeu"},{"@type":"BreadcrumbList","@id":"https:\/\/letrainjaune.fr\/ca\/?incontournable=estacio-alta-de-font-romeu#breadcrumb","itemListElement":[{"@type":"ListItem","position":1,"name":"Benvinguda","item":"https:\/\/letrainjaune.fr\/ca\/"},{"@type":"ListItem","position":2,"name":"Estaci\u00f3 alta de Font-Romeu"}]},{"@type":"WebSite","@id":"https:\/\/letrainjaune.fr\/ca\/#website","url":"https:\/\/letrainjaune.fr\/ca\/","name":"Dest\u00ed: El Tren Groc","description":"Dans les Pyr\u00e9n\u00e9es Catalanes, d\u00e9couvrez ce train sur le plus haut chemin de fer d\u2019Europe.","publisher":{"@id":"https:\/\/letrainjaune.fr\/ca\/#organization"},"potentialAction":[{"@type":"SearchAction","target":{"@type":"EntryPoint","urlTemplate":"https:\/\/letrainjaune.fr\/ca\/?s={search_term_string}"},"query-input":{"@type":"PropertyValueSpecification","valueRequired":true,"valueName":"search_term_string"}}],"inLanguage":"ca"},{"@type":"Organization","@id":"https:\/\/letrainjaune.fr\/ca\/#organization","name":"Dest\u00ed: El Tren Groc","url":"https:\/\/letrainjaune.fr\/ca\/","logo":{"@type":"ImageObject","inLanguage":"ca","@id":"https:\/\/letrainjaune.fr\/ca\/#\/schema\/logo\/image\/","url":"https:\/\/letrainjaune.fr\/wp-content\/uploads\/2021\/04\/TJ_logo-TJ-footer.svg","contentUrl":"https:\/\/letrainjaune.fr\/wp-content\/uploads\/2021\/04\/TJ_logo-TJ-footer.svg","width":"1920","height":"9999","caption":"Dest\u00ed: El Tren Groc"},"image":{"@id":"https:\/\/letrainjaune.fr\/ca\/#\/schema\/logo\/image\/"}}]}},"_links":{"self":[{"href":"https:\/\/letrainjaune.fr\/ca\/wp-json\/wp\/v2\/incontournable\/9803","targetHints":{"allow":["GET"]}}],"collection":[{"href":"https:\/\/letrainjaune.fr\/ca\/wp-json\/wp\/v2\/incontournable"}],"about":[{"href":"https:\/\/letrainjaune.fr\/ca\/wp-json\/wp\/v2\/types\/incontournable"}],"version-history":[{"count":1,"href":"https:\/\/letrainjaune.fr\/ca\/wp-json\/wp\/v2\/incontournable\/9803\/revisions"}],"predecessor-version":[{"id":9804,"href":"https:\/\/letrainjaune.fr\/ca\/wp-json\/wp\/v2\/incontournable\/9803\/revisions\/9804"}],"wp:featuredmedia":[{"embeddable":true,"href":"https:\/\/letrainjaune.fr\/ca\/wp-json\/wp\/v2\/media\/6619"}],"wp:attachment":[{"href":"https:\/\/letrainjaune.fr\/ca\/wp-json\/wp\/v2\/media?parent=9803"}],"curies":[{"name":"wp","href":"https:\/\/api.w.org\/{rel}","templated":true}]}}