{"id":9819,"date":"2023-06-16T16:08:17","date_gmt":"2023-06-16T14:08:17","guid":{"rendered":"https:\/\/letrainjaune.fr\/?temps_fort=festive-d-eina"},"modified":"2023-06-16T16:08:24","modified_gmt":"2023-06-16T14:08:24","slug":"festive-d-eina","status":"publish","type":"temps_fort","link":"https:\/\/letrainjaune.fr\/ca\/?temps_fort=festive-d-eina","title":{"rendered":"F&#8217;Estive d&#8217;Eina"},"content":{"rendered":"\n<h2 class=\"wp-block-heading\">La F&#8217;Estive \u00e9s la celebraci\u00f3 de l&#8217;ascens a les pastures de muntanya.<\/h2>\n\n<h3 class=\"wp-block-heading\">Tamb\u00e9 s\u00f3n 12 edicions d&#8217;una sorprenent barreja de tradicions profanes, debats d&#8217;actualitat i concerts de m\u00fasica festiva que han fet la fama del lloc. <\/h3>\n<figure class=\"wp-block-image size-large\"><a href=https:\/\/letrainjaune.fr\/wp-content\/uploads\/2021\/08\/Festive-Eyne-@Association-les-Eynoiseries-1.jpg title=\"Inici de la pujada a la muntanya\" rel=\"prettyPhoto\"><img src=https:\/\/letrainjaune.fr\/wp-content\/uploads\/2021\/08\/Festive-Eyne-@Association-les-Eynoiseries-1.jpg alt=\"\" title=\"Inici de la pujada a la muntanya\" width=\"\" class=\"wp-image-4098\"\/><\/a><figcaption>Inici de la pujada a la muntanya<span>&copy; Association-les-Eynoiseries<\/span><\/figcaption><\/figure>\n<p>L&#8217;associaci\u00f3 <em>Les Eynoiseries<\/em> ofereix cada any un programa preci\u00f3s donant un lloc d&#8217;inter\u00e8s a un tema en particular. el 2021, \u00e9s el dels oficis antics el que est\u00e0 en el punt de mira. <\/p>\n\n<p>Eina \u2013 Dissabte al mat\u00ed, el p\u00fablic s&#8217;aplega a la carretera del poble per acollir els ramats que surten dels prats del poble, per filar a les pastures d&#8217;estiu fins a l&#8217;octubre. Les campanes sonen, els animals xiulen una i altra vegada i baixen del cim del poble amb un soroll tan fort com r\u00e0pid. Nom\u00e9s aquest espectacle mostra l&#8217;adhesi\u00f3 dels organitzadors a una tradici\u00f3 vernacla, lluny de ser incompatible amb els altres punts forts d&#8217;aquest cap de setmana. <\/p>\n\n<p>Aquesta \u00e9s la for\u00e7a d&#8217;aquest esdeveniment: reunir en un mateix espai un p\u00fablic jove i menys jove, apassionat de la tradici\u00f3 popular i un p\u00fablic colorit que ballar\u00e0 rock i ska festiu fins al final de la nit! La salsa va trigar molt de temps i un grapat de durs a les Eynoiseries van entendre el valor de compartir aquesta barreja de g\u00e8neres!<\/p>\n<figure class=\"wp-block-image size-large\"><a href=https:\/\/letrainjaune.fr\/wp-content\/uploads\/2021\/08\/Festive-Eyne-@Association-les-Eynoiseries-2.jpg title=\"Criant els ramats a les pastures de muntanya\" rel=\"prettyPhoto\"><img src=https:\/\/letrainjaune.fr\/wp-content\/uploads\/2021\/08\/Festive-Eyne-@Association-les-Eynoiseries-2.jpg alt=\"\" title=\"Criant els ramats a les pastures de muntanya\" width=\"\" class=\"wp-image-4103\"\/><\/a><figcaption>Criant els ramats a les pastures de muntanya<span>&copy; Association-les-Eynoiseries<\/span><\/figcaption><\/figure>\n<h4 class=\"wp-block-heading\"><strong>Els nens tamb\u00e9<\/strong><\/h4>\n\n<p>Enguany, els organitzadors han donat una mica m\u00e9s d&#8217;amplitud a l&#8217;espai infantil ja que es preveu un taller de circ, m\u00e0scara, maquillatge, joc inflable, jocs de fusta i activitats al voltant de l&#8217;energia solar per als m\u00e9s petits. I sobretot el fam\u00f3s duet de pallassos Piluile i Andr\u00e9 estar\u00e0 present al petit poble de muntanya per a un espectacle divertit. Totes aquestes animacions tamb\u00e9 s\u00f3n gratu\u00eftes.<\/p>\n\n<h4 class=\"wp-block-heading\"><strong>M\u00fasica dirigida<\/strong><\/h4>\n\n<p>A m\u00e9s dels cantants locals que actuaran al Cor de Cambra d&#8217;Ase, molts grups pujaran a l&#8217;escenari a partir de divendres al vespre. Ambient m\u00e0gic, per a nens, petits i grans, la salsa eynoise s&#8217;ha de consumir cada any sense moderaci\u00f3.<\/p>\n<figure class=\"wp-block-gallery columns-2 is-cropped\"><ul class=\"blocks-gallery-grid\"><li class=\"blocks-gallery-item\"><figure><a href=https:\/\/letrainjaune.fr\/wp-content\/uploads\/2021\/08\/Festive-Eyne-@Association-les-Eynoiseries-3.jpg title=\"Ramats a les pastures d'estiu a la vall d'Eina\" rel=\"prettyPhoto[pp_gal]\"><img src=https:\/\/letrainjaune.fr\/wp-content\/uploads\/2021\/08\/Festive-Eyne-@Association-les-Eynoiseries-3-640x452.jpg alt=\"\" title=\"Troupeaux en estive dans la vall\u00e9e d&#8217;Eyne\" class=\"wp-image-4106\"\/><\/a><figcaption>Ramats a les pastures d&#8217;estiu a la vall d&#8217;Eina<span>&copy; Association-les-Eynoiseries<\/span><\/figcaption><\/figure><\/li><li class=\"blocks-gallery-item\"><figure><a href=https:\/\/letrainjaune.fr\/wp-content\/uploads\/2021\/08\/Festive-Eyne-@Association-les-Eynoiseries-4.jpg title=\"celebraci\u00f3 de l'ascens a les pastures de muntanya.\" rel=\"prettyPhoto[pp_gal]\"><img src=https:\/\/letrainjaune.fr\/wp-content\/uploads\/2021\/08\/Festive-Eyne-@Association-les-Eynoiseries-4-640x452.jpg alt=\"\" title=\"F\u00eate de la mont\u00e9e en estive !\" class=\"wp-image-4110\"\/><\/a><figcaption>celebraci\u00f3 de l&#8217;ascens a les pastures de muntanya.<span>&copy; Association-les-Eynoiseries<\/span><\/figcaption><\/figure><\/li><\/ul><\/figure>","protected":false},"featured_media":4094,"menu_order":0,"template":"","class_list":["post-9819","temps_fort","type-temps_fort","status-publish","has-post-thumbnail","hentry"],"acf":[],"yoast_head":"<!-- This site is optimized with the Yoast SEO plugin v25.4 - https:\/\/yoast.com\/wordpress\/plugins\/seo\/ -->\n<title>F&#039;Estive d&#039;Eina - Dest\u00ed: El Tren Groc<\/title>\n<meta name=\"robots\" content=\"index, follow, max-snippet:-1, max-image-preview:large, max-video-preview:-1\" \/>\n<link rel=\"canonical\" href=\"https:\/\/letrainjaune.fr\/ca\/?temps_fort=festive-d-eina\" \/>\n<meta property=\"og:locale\" content=\"ca_ES\" \/>\n<meta property=\"og:type\" content=\"article\" \/>\n<meta property=\"og:title\" content=\"F&#039;Estive d&#039;Eina - Dest\u00ed: El Tren Groc\" \/>\n<meta property=\"og:description\" content=\"La F&#8217;Estive \u00e9s la celebraci\u00f3 de l&#8217;ascens a les pastures de muntanya. Tamb\u00e9 s\u00f3n 12 edicions d&#8217;una sorprenent barreja de tradicions profanes, debats d&#8217;actualitat i concerts de m\u00fasica festiva que han fet la fama del lloc. L&#8217;associaci\u00f3 Les Eynoiseries ofereix cada any un programa preci\u00f3s donant un lloc d&#8217;inter\u00e8s a un tema en particular. el [&hellip;]\" \/>\n<meta property=\"og:url\" content=\"https:\/\/letrainjaune.fr\/ca\/?temps_fort=festive-d-eina\" \/>\n<meta property=\"og:site_name\" content=\"Dest\u00ed: El Tren Groc\" \/>\n<meta property=\"article:modified_time\" content=\"2023-06-16T14:08:24+00:00\" \/>\n<meta property=\"og:image\" content=\"https:\/\/letrainjaune.fr\/wp-content\/uploads\/2021\/07\/Festive-Eyne-@Association-les-Eynoiseries-5.jpg\" \/>\n\t<meta property=\"og:image:width\" content=\"1280\" \/>\n\t<meta property=\"og:image:height\" content=\"960\" \/>\n\t<meta property=\"og:image:type\" content=\"image\/jpeg\" \/>\n<meta name=\"twitter:card\" content=\"summary_large_image\" \/>\n<meta name=\"twitter:label1\" content=\"Temps estimat de lectura\" \/>\n\t<meta name=\"twitter:data1\" content=\"2 minuts\" \/>\n<script type=\"application\/ld+json\" class=\"yoast-schema-graph\">{\"@context\":\"https:\/\/schema.org\",\"@graph\":[{\"@type\":\"WebPage\",\"@id\":\"https:\/\/letrainjaune.fr\/ca\/?temps_fort=festive-d-eina\",\"url\":\"https:\/\/letrainjaune.fr\/ca\/?temps_fort=festive-d-eina\",\"name\":\"F'Estive d'Eina - Dest\u00ed: El Tren Groc\",\"isPartOf\":{\"@id\":\"https:\/\/letrainjaune.fr\/ca\/#website\"},\"primaryImageOfPage\":{\"@id\":\"https:\/\/letrainjaune.fr\/ca\/?temps_fort=festive-d-eina#primaryimage\"},\"image\":{\"@id\":\"https:\/\/letrainjaune.fr\/ca\/?temps_fort=festive-d-eina#primaryimage\"},\"thumbnailUrl\":\"https:\/\/letrainjaune.fr\/wp-content\/uploads\/2021\/07\/Festive-Eyne-@Association-les-Eynoiseries-5.jpg\",\"datePublished\":\"2023-06-16T14:08:17+00:00\",\"dateModified\":\"2023-06-16T14:08:24+00:00\",\"breadcrumb\":{\"@id\":\"https:\/\/letrainjaune.fr\/ca\/?temps_fort=festive-d-eina#breadcrumb\"},\"inLanguage\":\"ca\",\"potentialAction\":[{\"@type\":\"ReadAction\",\"target\":[\"https:\/\/letrainjaune.fr\/ca\/?temps_fort=festive-d-eina\"]}]},{\"@type\":\"ImageObject\",\"inLanguage\":\"ca\",\"@id\":\"https:\/\/letrainjaune.fr\/ca\/?temps_fort=festive-d-eina#primaryimage\",\"url\":\"https:\/\/letrainjaune.fr\/wp-content\/uploads\/2021\/07\/Festive-Eyne-@Association-les-Eynoiseries-5.jpg\",\"contentUrl\":\"https:\/\/letrainjaune.fr\/wp-content\/uploads\/2021\/07\/Festive-Eyne-@Association-les-Eynoiseries-5.jpg\",\"width\":1280,\"height\":960,\"caption\":\"F'Estive d'Eina\"},{\"@type\":\"BreadcrumbList\",\"@id\":\"https:\/\/letrainjaune.fr\/ca\/?temps_fort=festive-d-eina#breadcrumb\",\"itemListElement\":[{\"@type\":\"ListItem\",\"position\":1,\"name\":\"Benvinguda\",\"item\":\"https:\/\/letrainjaune.fr\/ca\/\"},{\"@type\":\"ListItem\",\"position\":2,\"name\":\"F&#8217;Estive d&#8217;Eina\"}]},{\"@type\":\"WebSite\",\"@id\":\"https:\/\/letrainjaune.fr\/ca\/#website\",\"url\":\"https:\/\/letrainjaune.fr\/ca\/\",\"name\":\"Dest\u00ed: El Tren Groc\",\"description\":\"Dans les Pyr\u00e9n\u00e9es Catalanes, d\u00e9couvrez ce train sur le plus haut chemin de fer d\u2019Europe.\",\"publisher\":{\"@id\":\"https:\/\/letrainjaune.fr\/ca\/#organization\"},\"potentialAction\":[{\"@type\":\"SearchAction\",\"target\":{\"@type\":\"EntryPoint\",\"urlTemplate\":\"https:\/\/letrainjaune.fr\/ca\/?s={search_term_string}\"},\"query-input\":{\"@type\":\"PropertyValueSpecification\",\"valueRequired\":true,\"valueName\":\"search_term_string\"}}],\"inLanguage\":\"ca\"},{\"@type\":\"Organization\",\"@id\":\"https:\/\/letrainjaune.fr\/ca\/#organization\",\"name\":\"Dest\u00ed: El Tren Groc\",\"url\":\"https:\/\/letrainjaune.fr\/ca\/\",\"logo\":{\"@type\":\"ImageObject\",\"inLanguage\":\"ca\",\"@id\":\"https:\/\/letrainjaune.fr\/ca\/#\/schema\/logo\/image\/\",\"url\":\"https:\/\/letrainjaune.fr\/wp-content\/uploads\/2021\/04\/TJ_logo-TJ-footer.svg\",\"contentUrl\":\"https:\/\/letrainjaune.fr\/wp-content\/uploads\/2021\/04\/TJ_logo-TJ-footer.svg\",\"width\":\"1920\",\"height\":\"9999\",\"caption\":\"Dest\u00ed: El Tren Groc\"},\"image\":{\"@id\":\"https:\/\/letrainjaune.fr\/ca\/#\/schema\/logo\/image\/\"}}]}<\/script>\n<!-- \/ Yoast SEO plugin. -->","yoast_head_json":{"title":"F'Estive d'Eina - Dest\u00ed: El Tren Groc","robots":{"index":"index","follow":"follow","max-snippet":"max-snippet:-1","max-image-preview":"max-image-preview:large","max-video-preview":"max-video-preview:-1"},"canonical":"https:\/\/letrainjaune.fr\/ca\/?temps_fort=festive-d-eina","og_locale":"ca_ES","og_type":"article","og_title":"F'Estive d'Eina - Dest\u00ed: El Tren Groc","og_description":"La F&#8217;Estive \u00e9s la celebraci\u00f3 de l&#8217;ascens a les pastures de muntanya. Tamb\u00e9 s\u00f3n 12 edicions d&#8217;una sorprenent barreja de tradicions profanes, debats d&#8217;actualitat i concerts de m\u00fasica festiva que han fet la fama del lloc. L&#8217;associaci\u00f3 Les Eynoiseries ofereix cada any un programa preci\u00f3s donant un lloc d&#8217;inter\u00e8s a un tema en particular. el [&hellip;]","og_url":"https:\/\/letrainjaune.fr\/ca\/?temps_fort=festive-d-eina","og_site_name":"Dest\u00ed: El Tren Groc","article_modified_time":"2023-06-16T14:08:24+00:00","og_image":[{"width":1280,"height":960,"url":"https:\/\/letrainjaune.fr\/wp-content\/uploads\/2021\/07\/Festive-Eyne-@Association-les-Eynoiseries-5.jpg","type":"image\/jpeg"}],"twitter_card":"summary_large_image","twitter_misc":{"Temps estimat de lectura":"2 minuts"},"schema":{"@context":"https:\/\/schema.org","@graph":[{"@type":"WebPage","@id":"https:\/\/letrainjaune.fr\/ca\/?temps_fort=festive-d-eina","url":"https:\/\/letrainjaune.fr\/ca\/?temps_fort=festive-d-eina","name":"F'Estive d'Eina - Dest\u00ed: El Tren Groc","isPartOf":{"@id":"https:\/\/letrainjaune.fr\/ca\/#website"},"primaryImageOfPage":{"@id":"https:\/\/letrainjaune.fr\/ca\/?temps_fort=festive-d-eina#primaryimage"},"image":{"@id":"https:\/\/letrainjaune.fr\/ca\/?temps_fort=festive-d-eina#primaryimage"},"thumbnailUrl":"https:\/\/letrainjaune.fr\/wp-content\/uploads\/2021\/07\/Festive-Eyne-@Association-les-Eynoiseries-5.jpg","datePublished":"2023-06-16T14:08:17+00:00","dateModified":"2023-06-16T14:08:24+00:00","breadcrumb":{"@id":"https:\/\/letrainjaune.fr\/ca\/?temps_fort=festive-d-eina#breadcrumb"},"inLanguage":"ca","potentialAction":[{"@type":"ReadAction","target":["https:\/\/letrainjaune.fr\/ca\/?temps_fort=festive-d-eina"]}]},{"@type":"ImageObject","inLanguage":"ca","@id":"https:\/\/letrainjaune.fr\/ca\/?temps_fort=festive-d-eina#primaryimage","url":"https:\/\/letrainjaune.fr\/wp-content\/uploads\/2021\/07\/Festive-Eyne-@Association-les-Eynoiseries-5.jpg","contentUrl":"https:\/\/letrainjaune.fr\/wp-content\/uploads\/2021\/07\/Festive-Eyne-@Association-les-Eynoiseries-5.jpg","width":1280,"height":960,"caption":"F'Estive d'Eina"},{"@type":"BreadcrumbList","@id":"https:\/\/letrainjaune.fr\/ca\/?temps_fort=festive-d-eina#breadcrumb","itemListElement":[{"@type":"ListItem","position":1,"name":"Benvinguda","item":"https:\/\/letrainjaune.fr\/ca\/"},{"@type":"ListItem","position":2,"name":"F&#8217;Estive d&#8217;Eina"}]},{"@type":"WebSite","@id":"https:\/\/letrainjaune.fr\/ca\/#website","url":"https:\/\/letrainjaune.fr\/ca\/","name":"Dest\u00ed: El Tren Groc","description":"Dans les Pyr\u00e9n\u00e9es Catalanes, d\u00e9couvrez ce train sur le plus haut chemin de fer d\u2019Europe.","publisher":{"@id":"https:\/\/letrainjaune.fr\/ca\/#organization"},"potentialAction":[{"@type":"SearchAction","target":{"@type":"EntryPoint","urlTemplate":"https:\/\/letrainjaune.fr\/ca\/?s={search_term_string}"},"query-input":{"@type":"PropertyValueSpecification","valueRequired":true,"valueName":"search_term_string"}}],"inLanguage":"ca"},{"@type":"Organization","@id":"https:\/\/letrainjaune.fr\/ca\/#organization","name":"Dest\u00ed: El Tren Groc","url":"https:\/\/letrainjaune.fr\/ca\/","logo":{"@type":"ImageObject","inLanguage":"ca","@id":"https:\/\/letrainjaune.fr\/ca\/#\/schema\/logo\/image\/","url":"https:\/\/letrainjaune.fr\/wp-content\/uploads\/2021\/04\/TJ_logo-TJ-footer.svg","contentUrl":"https:\/\/letrainjaune.fr\/wp-content\/uploads\/2021\/04\/TJ_logo-TJ-footer.svg","width":"1920","height":"9999","caption":"Dest\u00ed: El Tren Groc"},"image":{"@id":"https:\/\/letrainjaune.fr\/ca\/#\/schema\/logo\/image\/"}}]}},"_links":{"self":[{"href":"https:\/\/letrainjaune.fr\/ca\/wp-json\/wp\/v2\/temps_fort\/9819","targetHints":{"allow":["GET"]}}],"collection":[{"href":"https:\/\/letrainjaune.fr\/ca\/wp-json\/wp\/v2\/temps_fort"}],"about":[{"href":"https:\/\/letrainjaune.fr\/ca\/wp-json\/wp\/v2\/types\/temps_fort"}],"version-history":[{"count":1,"href":"https:\/\/letrainjaune.fr\/ca\/wp-json\/wp\/v2\/temps_fort\/9819\/revisions"}],"predecessor-version":[{"id":9820,"href":"https:\/\/letrainjaune.fr\/ca\/wp-json\/wp\/v2\/temps_fort\/9819\/revisions\/9820"}],"wp:featuredmedia":[{"embeddable":true,"href":"https:\/\/letrainjaune.fr\/ca\/wp-json\/wp\/v2\/media\/4094"}],"wp:attachment":[{"href":"https:\/\/letrainjaune.fr\/ca\/wp-json\/wp\/v2\/media?parent=9819"}],"curies":[{"name":"wp","href":"https:\/\/api.w.org\/{rel}","templated":true}]}}