{"id":17551,"date":"2026-04-30T06:45:13","date_gmt":"2026-04-30T04:45:13","guid":{"rendered":"https:\/\/letrainjaune.fr\/a-voir-et-a-faire\/agenda\/sorties-plantes-medicinales-des-pyrenees-7\/"},"modified":"2026-04-30T06:45:13","modified_gmt":"2026-04-30T04:45:13","slug":"sorties-plantes-medicinales-des-pyrenees-7","status":"publish","type":"agenda","link":"https:\/\/letrainjaune.fr\/en\/a-voir-et-a-faire\/agenda\/sorties-plantes-medicinales-des-pyrenees-7\/","title":{"rendered":"SORTIES PLANTES MEDICINALES DES PYRENEES"},"content":{"rendered":"<p>SORTIE PLANTES M\u00c9DICINALES DES PYR\u00c9N\u00c9ES<br \/>\n9h &#8211; 12h<br \/>\nOffice de tourisme, Pyr\u00e9n\u00e9es 2000<br \/>\nAccompagn\u00e9 par Anne-Marie Pujol, herboriste et phytoth\u00e9rapeute , partez \u00e0 la d\u00e9couverte des plantes m\u00e9dicinales de nos montagnes pyr\u00e9n\u00e9ennes.<\/p>\n","protected":false},"excerpt":{"rendered":"<p>SORTIE PLANTES M\u00c9DICINALES DES PYR\u00c9N\u00c9ES<br \/>\n9h &#8211; 12h<br \/>\nOffice de tourisme, Pyr\u00e9n\u00e9es 2000<br \/>\nAccompagn\u00e9 par Anne-Marie Pujol, herboriste et phytoth\u00e9rapeute , partez \u00e0 la d\u00e9couverte des plantes m\u00e9dicinales de nos montagnes pyr\u00e9n\u00e9ennes.<\/p>\n","protected":false},"featured_media":0,"template":"","agenda_category":[],"class_list":["post-17551","agenda","type-agenda","status-publish","hentry"],"acf":[],"yoast_head":"<!-- This site is optimized with the Yoast SEO plugin v25.4 - https:\/\/yoast.com\/wordpress\/plugins\/seo\/ -->\n<title>SORTIES PLANTES MEDICINALES DES PYRENEES - Let\u2019s Get on the Yellow Train<\/title>\n<meta name=\"robots\" content=\"index, follow, max-snippet:-1, max-image-preview:large, max-video-preview:-1\" \/>\n<link rel=\"canonical\" href=\"https:\/\/letrainjaune.fr\/en\/a-voir-et-a-faire\/agenda\/sorties-plantes-medicinales-des-pyrenees-7\/\" \/>\n<meta property=\"og:locale\" content=\"en_US\" \/>\n<meta property=\"og:type\" content=\"article\" \/>\n<meta property=\"og:title\" content=\"SORTIES PLANTES MEDICINALES DES PYRENEES - Let\u2019s Get on the Yellow Train\" \/>\n<meta property=\"og:description\" content=\"SORTIE PLANTES M\u00c9DICINALES DES PYR\u00c9N\u00c9ES 9h - 12h Office de tourisme, Pyr\u00e9n\u00e9es 2000 Accompagn\u00e9 par Anne-Marie Pujol, herboriste et phytoth\u00e9rapeute , partez \u00e0 la d\u00e9couverte des plantes m\u00e9dicinales de nos montagnes pyr\u00e9n\u00e9ennes.\" \/>\n<meta property=\"og:url\" content=\"https:\/\/letrainjaune.fr\/en\/a-voir-et-a-faire\/agenda\/sorties-plantes-medicinales-des-pyrenees-7\/\" \/>\n<meta property=\"og:site_name\" content=\"Let\u2019s Get on the Yellow Train\" \/>\n<meta name=\"twitter:card\" content=\"summary_large_image\" \/>\n<script type=\"application\/ld+json\" class=\"yoast-schema-graph\">{\"@context\":\"https:\/\/schema.org\",\"@graph\":[{\"@type\":\"WebPage\",\"@id\":\"https:\/\/letrainjaune.fr\/en\/a-voir-et-a-faire\/agenda\/sorties-plantes-medicinales-des-pyrenees-7\/\",\"url\":\"https:\/\/letrainjaune.fr\/en\/a-voir-et-a-faire\/agenda\/sorties-plantes-medicinales-des-pyrenees-7\/\",\"name\":\"SORTIES PLANTES MEDICINALES DES PYRENEES - Let\u2019s Get on the Yellow Train\",\"isPartOf\":{\"@id\":\"https:\/\/letrainjaune.fr\/en\/#website\"},\"datePublished\":\"2026-04-30T04:45:13+00:00\",\"breadcrumb\":{\"@id\":\"https:\/\/letrainjaune.fr\/en\/a-voir-et-a-faire\/agenda\/sorties-plantes-medicinales-des-pyrenees-7\/#breadcrumb\"},\"inLanguage\":\"en-US\",\"potentialAction\":[{\"@type\":\"ReadAction\",\"target\":[\"https:\/\/letrainjaune.fr\/en\/a-voir-et-a-faire\/agenda\/sorties-plantes-medicinales-des-pyrenees-7\/\"]}]},{\"@type\":\"BreadcrumbList\",\"@id\":\"https:\/\/letrainjaune.fr\/en\/a-voir-et-a-faire\/agenda\/sorties-plantes-medicinales-des-pyrenees-7\/#breadcrumb\",\"itemListElement\":[{\"@type\":\"ListItem\",\"position\":1,\"name\":\"Home page\",\"item\":\"https:\/\/letrainjaune.fr\/en\/\"},{\"@type\":\"ListItem\",\"position\":2,\"name\":\"Events\",\"item\":\"https:\/\/letrainjaune.fr\/en\/to-see-and-do\/agenda\/\"},{\"@type\":\"ListItem\",\"position\":3,\"name\":\"SORTIES PLANTES MEDICINALES DES PYRENEES\"}]},{\"@type\":\"WebSite\",\"@id\":\"https:\/\/letrainjaune.fr\/en\/#website\",\"url\":\"https:\/\/letrainjaune.fr\/en\/\",\"name\":\"Let\u2019s Get on the Yellow Train\",\"description\":\"Dans les Pyr\u00e9n\u00e9es Catalanes, d\u00e9couvrez ce train sur le plus haut chemin de fer d\u2019Europe.\",\"publisher\":{\"@id\":\"https:\/\/letrainjaune.fr\/en\/#organization\"},\"potentialAction\":[{\"@type\":\"SearchAction\",\"target\":{\"@type\":\"EntryPoint\",\"urlTemplate\":\"https:\/\/letrainjaune.fr\/en\/?s={search_term_string}\"},\"query-input\":{\"@type\":\"PropertyValueSpecification\",\"valueRequired\":true,\"valueName\":\"search_term_string\"}}],\"inLanguage\":\"en-US\"},{\"@type\":\"Organization\",\"@id\":\"https:\/\/letrainjaune.fr\/en\/#organization\",\"name\":\"Let\u2019s Get on the Yellow Train\",\"url\":\"https:\/\/letrainjaune.fr\/en\/\",\"logo\":{\"@type\":\"ImageObject\",\"inLanguage\":\"en-US\",\"@id\":\"https:\/\/letrainjaune.fr\/en\/#\/schema\/logo\/image\/\",\"url\":\"https:\/\/letrainjaune.fr\/wp-content\/uploads\/2021\/04\/TJ_logo-TJ-footer.svg\",\"contentUrl\":\"https:\/\/letrainjaune.fr\/wp-content\/uploads\/2021\/04\/TJ_logo-TJ-footer.svg\",\"width\":\"1920\",\"height\":\"9999\",\"caption\":\"Let\u2019s Get on the Yellow Train\"},\"image\":{\"@id\":\"https:\/\/letrainjaune.fr\/en\/#\/schema\/logo\/image\/\"}}]}<\/script>\n<!-- \/ Yoast SEO plugin. -->","yoast_head_json":{"title":"SORTIES PLANTES MEDICINALES DES PYRENEES - Let\u2019s Get on the Yellow Train","robots":{"index":"index","follow":"follow","max-snippet":"max-snippet:-1","max-image-preview":"max-image-preview:large","max-video-preview":"max-video-preview:-1"},"canonical":"https:\/\/letrainjaune.fr\/en\/a-voir-et-a-faire\/agenda\/sorties-plantes-medicinales-des-pyrenees-7\/","og_locale":"en_US","og_type":"article","og_title":"SORTIES PLANTES MEDICINALES DES PYRENEES - Let\u2019s Get on the Yellow Train","og_description":"SORTIE PLANTES M\u00c9DICINALES DES PYR\u00c9N\u00c9ES 9h - 12h Office de tourisme, Pyr\u00e9n\u00e9es 2000 Accompagn\u00e9 par Anne-Marie Pujol, herboriste et phytoth\u00e9rapeute , partez \u00e0 la d\u00e9couverte des plantes m\u00e9dicinales de nos montagnes pyr\u00e9n\u00e9ennes.","og_url":"https:\/\/letrainjaune.fr\/en\/a-voir-et-a-faire\/agenda\/sorties-plantes-medicinales-des-pyrenees-7\/","og_site_name":"Let\u2019s Get on the Yellow Train","twitter_card":"summary_large_image","schema":{"@context":"https:\/\/schema.org","@graph":[{"@type":"WebPage","@id":"https:\/\/letrainjaune.fr\/en\/a-voir-et-a-faire\/agenda\/sorties-plantes-medicinales-des-pyrenees-7\/","url":"https:\/\/letrainjaune.fr\/en\/a-voir-et-a-faire\/agenda\/sorties-plantes-medicinales-des-pyrenees-7\/","name":"SORTIES PLANTES MEDICINALES DES PYRENEES - Let\u2019s Get on the Yellow Train","isPartOf":{"@id":"https:\/\/letrainjaune.fr\/en\/#website"},"datePublished":"2026-04-30T04:45:13+00:00","breadcrumb":{"@id":"https:\/\/letrainjaune.fr\/en\/a-voir-et-a-faire\/agenda\/sorties-plantes-medicinales-des-pyrenees-7\/#breadcrumb"},"inLanguage":"en-US","potentialAction":[{"@type":"ReadAction","target":["https:\/\/letrainjaune.fr\/en\/a-voir-et-a-faire\/agenda\/sorties-plantes-medicinales-des-pyrenees-7\/"]}]},{"@type":"BreadcrumbList","@id":"https:\/\/letrainjaune.fr\/en\/a-voir-et-a-faire\/agenda\/sorties-plantes-medicinales-des-pyrenees-7\/#breadcrumb","itemListElement":[{"@type":"ListItem","position":1,"name":"Home page","item":"https:\/\/letrainjaune.fr\/en\/"},{"@type":"ListItem","position":2,"name":"Events","item":"https:\/\/letrainjaune.fr\/en\/to-see-and-do\/agenda\/"},{"@type":"ListItem","position":3,"name":"SORTIES PLANTES MEDICINALES DES PYRENEES"}]},{"@type":"WebSite","@id":"https:\/\/letrainjaune.fr\/en\/#website","url":"https:\/\/letrainjaune.fr\/en\/","name":"Let\u2019s Get on the Yellow Train","description":"Dans les Pyr\u00e9n\u00e9es Catalanes, d\u00e9couvrez ce train sur le plus haut chemin de fer d\u2019Europe.","publisher":{"@id":"https:\/\/letrainjaune.fr\/en\/#organization"},"potentialAction":[{"@type":"SearchAction","target":{"@type":"EntryPoint","urlTemplate":"https:\/\/letrainjaune.fr\/en\/?s={search_term_string}"},"query-input":{"@type":"PropertyValueSpecification","valueRequired":true,"valueName":"search_term_string"}}],"inLanguage":"en-US"},{"@type":"Organization","@id":"https:\/\/letrainjaune.fr\/en\/#organization","name":"Let\u2019s Get on the Yellow Train","url":"https:\/\/letrainjaune.fr\/en\/","logo":{"@type":"ImageObject","inLanguage":"en-US","@id":"https:\/\/letrainjaune.fr\/en\/#\/schema\/logo\/image\/","url":"https:\/\/letrainjaune.fr\/wp-content\/uploads\/2021\/04\/TJ_logo-TJ-footer.svg","contentUrl":"https:\/\/letrainjaune.fr\/wp-content\/uploads\/2021\/04\/TJ_logo-TJ-footer.svg","width":"1920","height":"9999","caption":"Let\u2019s Get on the Yellow Train"},"image":{"@id":"https:\/\/letrainjaune.fr\/en\/#\/schema\/logo\/image\/"}}]}},"_links":{"self":[{"href":"https:\/\/letrainjaune.fr\/en\/wp-json\/wp\/v2\/agenda\/17551","targetHints":{"allow":["GET"]}}],"collection":[{"href":"https:\/\/letrainjaune.fr\/en\/wp-json\/wp\/v2\/agenda"}],"about":[{"href":"https:\/\/letrainjaune.fr\/en\/wp-json\/wp\/v2\/types\/agenda"}],"wp:attachment":[{"href":"https:\/\/letrainjaune.fr\/en\/wp-json\/wp\/v2\/media?parent=17551"}],"wp:term":[{"taxonomy":"agenda_category","embeddable":true,"href":"https:\/\/letrainjaune.fr\/en\/wp-json\/wp\/v2\/agenda_category?post=17551"}],"curies":[{"name":"wp","href":"https:\/\/api.w.org\/{rel}","templated":true}]}}