{"id":18398,"date":"2026-08-13T06:45:22","date_gmt":"2026-08-13T04:45:22","guid":{"rendered":"https:\/\/letrainjaune.fr\/a-voir-et-a-faire\/agenda\/rendez-vous-du-pays-dart-et-dhistoire-conference-le-traite-de-corbeil-1258\/"},"modified":"2026-09-05T06:45:35","modified_gmt":"2026-09-05T04:45:35","slug":"rendez-vous-du-pays-dart-et-dhistoire-conference-le-traite-de-corbeil-1258","status":"publish","type":"agenda","link":"https:\/\/letrainjaune.fr\/en\/to-see-and-do\/agenda\/rendez-vous-du-pays-dart-et-dhistoire-conference-le-traite-de-corbeil-1258\/","title":{"rendered":"RENDEZ-VOUS DU PAYS D&#8217;ART ET D&#8217;HISTOIRE CONF\u00c9RENCE &#8211; LE TRAIT\u00c9 DE CORBEIL (1258)"},"content":{"rendered":"<p>CONF\u00c9RENCE<br \/>\nJeudi 12 novembre \u00e0 18 h<br \/>\nOlette<br \/>\nLe trait\u00e9 de Corbeil (1258) : une fronti\u00e8re nouvelle sur un espace culturel partag\u00e9<br \/>\nRenaud Labadie Savy, historien<\/p>\n<p>Le trait\u00e9 de Corbeil de 1258 dessine une fronti\u00e8re enti\u00e8rement nouvelle. Depuis le haut Moyen \u00c2ge, la province de la Narbonnaise formait un continuum culturel reliant la Septimanie \u00e0 Barcelone, le Conflent et les Corbi\u00e8res. Si le trait\u00e9 consacre la victoire fran\u00e7aise sur l\u2019Aragon en s\u2019appuyant sur un r\u00e9seau de forteresses royales, localement la fronti\u00e8re demeure poreuse : organisations transfrontali\u00e8res et circulations persistent pour les habitants. Elle marque n\u00e9anmoins peu \u00e0 peu la limite linguistique entre les espaces occitan et catalan.<\/p>\n<p>RDV : Maison des Jeunes (rue de la Fusterie).<br \/>\nSur r\u00e9servation : 04 68 05 60 55.<br \/>\nGratuit.<br \/>\nCl\u00f4ture des inscriptions le jour-m\u00eame \u00e0 14 h.<\/p>\n","protected":false},"excerpt":{"rendered":"<p>CONF\u00c9RENCE<br \/>\nJeudi 12 novembre \u00e0 18 h<br \/>\nOlette<br \/>\nLe trait\u00e9 de Corbeil (1258) : une fronti\u00e8re nouvelle sur un espace culturel partag\u00e9<br \/>\nRenaud Labadie Savy, historien<\/p>\n<p>Le trait\u00e9 de Corbeil de 1258 dessine une fronti\u00e8re enti\u00e8rement nouvelle. Depuis le haut Moyen \u00c2ge, la province de la Narbonnaise formait un continuum culturel reliant la Septimanie \u00e0 Barcelone, le Conflent et les Corbi\u00e8res. Si le trait\u00e9 consacre la victoire fran\u00e7aise sur l\u2019Aragon en s\u2019appuyant sur un r\u00e9seau de forteresses royales, localement la fronti\u00e8re demeure poreuse : organisations transfrontali\u00e8res et circulations persistent pour les habitants. Elle marque n\u00e9anmoins peu \u00e0 peu la limite linguistique entre les espaces occitan et catalan.<\/p>\n<p>RDV : Maison des Jeunes (rue de la Fusterie).<br \/>\nSur r\u00e9servation : 04 68 05 60 55.<br \/>\nGratuit.<br \/>\nCl\u00f4ture des inscriptions le jour-m\u00eame \u00e0 14 h.<\/p>\n","protected":false},"featured_media":0,"template":"","agenda_category":[154],"class_list":["post-18398","agenda","type-agenda","status-publish","hentry","agenda_category-debates-y-conferencias"],"acf":[],"yoast_head":"<!-- This site is optimized with the Yoast SEO plugin v27.8 - https:\/\/yoast.com\/product\/yoast-seo-wordpress\/ -->\n<title>RENDEZ-VOUS DU PAYS D&#039;ART ET D&#039;HISTOIRE CONF\u00c9RENCE - LE TRAIT\u00c9 DE CORBEIL (1258) - Let\u2019s Get on the Yellow Train<\/title>\n<meta name=\"robots\" content=\"index, follow, max-snippet:-1, max-image-preview:large, max-video-preview:-1\" \/>\n<link rel=\"canonical\" href=\"https:\/\/letrainjaune.fr\/en\/to-see-and-do\/agenda\/rendez-vous-du-pays-dart-et-dhistoire-conference-le-traite-de-corbeil-1258\/\" \/>\n<meta property=\"og:locale\" content=\"en_US\" \/>\n<meta property=\"og:type\" content=\"article\" \/>\n<meta property=\"og:title\" content=\"RENDEZ-VOUS DU PAYS D&#039;ART ET D&#039;HISTOIRE CONF\u00c9RENCE - LE TRAIT\u00c9 DE CORBEIL (1258) - Let\u2019s Get on the Yellow Train\" \/>\n<meta property=\"og:description\" content=\"CONF\u00c9RENCE Jeudi 12 novembre \u00e0 18 h Olette Le trait\u00e9 de Corbeil (1258) : une fronti\u00e8re nouvelle sur un espace culturel partag\u00e9 Renaud Labadie Savy, historien Le trait\u00e9 de Corbeil de 1258 dessine une fronti\u00e8re enti\u00e8rement nouvelle. Depuis le haut Moyen \u00c2ge, la province de la Narbonnaise formait un continuum culturel reliant la Septimanie \u00e0 Barcelone, le Conflent et les Corbi\u00e8res. Si le trait\u00e9 consacre la victoire fran\u00e7aise sur l\u2019Aragon en s\u2019appuyant sur un r\u00e9seau de forteresses royales, localement la fronti\u00e8re demeure poreuse : organisations transfrontali\u00e8res et circulations persistent pour les habitants. Elle marque n\u00e9anmoins peu \u00e0 peu la limite linguistique entre les espaces occitan et catalan. RDV : Maison des Jeunes (rue de la Fusterie). Sur r\u00e9servation : 04 68 05 60 55. Gratuit. Cl\u00f4ture des inscriptions le jour-m\u00eame \u00e0 14 h.\" \/>\n<meta property=\"og:url\" content=\"https:\/\/letrainjaune.fr\/en\/to-see-and-do\/agenda\/rendez-vous-du-pays-dart-et-dhistoire-conference-le-traite-de-corbeil-1258\/\" \/>\n<meta property=\"og:site_name\" content=\"Let\u2019s Get on the Yellow Train\" \/>\n<meta property=\"article:modified_time\" content=\"2026-09-05T04:45:35+00:00\" \/>\n<meta name=\"twitter:card\" content=\"summary_large_image\" \/>\n<meta name=\"twitter:label1\" content=\"Est. reading time\" \/>\n\t<meta name=\"twitter:data1\" content=\"1 minute\" \/>\n<script type=\"application\/ld+json\" class=\"yoast-schema-graph\">{\"@context\":\"https:\\\/\\\/schema.org\",\"@graph\":[{\"@type\":\"WebPage\",\"@id\":\"https:\\\/\\\/letrainjaune.fr\\\/en\\\/to-see-and-do\\\/agenda\\\/rendez-vous-du-pays-dart-et-dhistoire-conference-le-traite-de-corbeil-1258\\\/\",\"url\":\"https:\\\/\\\/letrainjaune.fr\\\/en\\\/to-see-and-do\\\/agenda\\\/rendez-vous-du-pays-dart-et-dhistoire-conference-le-traite-de-corbeil-1258\\\/\",\"name\":\"RENDEZ-VOUS DU PAYS D'ART ET D'HISTOIRE CONF\u00c9RENCE - LE TRAIT\u00c9 DE CORBEIL (1258) - Let\u2019s Get on the Yellow Train\",\"isPartOf\":{\"@id\":\"https:\\\/\\\/letrainjaune.fr\\\/en\\\/#website\"},\"datePublished\":\"2026-08-13T04:45:22+00:00\",\"dateModified\":\"2026-09-05T04:45:35+00:00\",\"breadcrumb\":{\"@id\":\"https:\\\/\\\/letrainjaune.fr\\\/en\\\/to-see-and-do\\\/agenda\\\/rendez-vous-du-pays-dart-et-dhistoire-conference-le-traite-de-corbeil-1258\\\/#breadcrumb\"},\"inLanguage\":\"en-US\",\"potentialAction\":[{\"@type\":\"ReadAction\",\"target\":[\"https:\\\/\\\/letrainjaune.fr\\\/en\\\/to-see-and-do\\\/agenda\\\/rendez-vous-du-pays-dart-et-dhistoire-conference-le-traite-de-corbeil-1258\\\/\"]}]},{\"@type\":\"BreadcrumbList\",\"@id\":\"https:\\\/\\\/letrainjaune.fr\\\/en\\\/to-see-and-do\\\/agenda\\\/rendez-vous-du-pays-dart-et-dhistoire-conference-le-traite-de-corbeil-1258\\\/#breadcrumb\",\"itemListElement\":[{\"@type\":\"ListItem\",\"position\":1,\"name\":\"Home page\",\"item\":\"https:\\\/\\\/letrainjaune.fr\\\/en\\\/\"},{\"@type\":\"ListItem\",\"position\":2,\"name\":\"Events\",\"item\":\"https:\\\/\\\/letrainjaune.fr\\\/en\\\/to-see-and-do\\\/agenda\\\/\"},{\"@type\":\"ListItem\",\"position\":3,\"name\":\"RENDEZ-VOUS DU PAYS D&rsquo;ART ET D&rsquo;HISTOIRE CONF\u00c9RENCE &#8211; LE TRAIT\u00c9 DE CORBEIL (1258)\"}]},{\"@type\":\"WebSite\",\"@id\":\"https:\\\/\\\/letrainjaune.fr\\\/en\\\/#website\",\"url\":\"https:\\\/\\\/letrainjaune.fr\\\/en\\\/\",\"name\":\"Let\u2019s Get on the Yellow Train\",\"description\":\"Dans les Pyr\u00e9n\u00e9es Catalanes, d\u00e9couvrez ce train sur le plus haut chemin de fer d\u2019Europe.\",\"publisher\":{\"@id\":\"https:\\\/\\\/letrainjaune.fr\\\/en\\\/#organization\"},\"potentialAction\":[{\"@type\":\"SearchAction\",\"target\":{\"@type\":\"EntryPoint\",\"urlTemplate\":\"https:\\\/\\\/letrainjaune.fr\\\/en\\\/?s={search_term_string}\"},\"query-input\":{\"@type\":\"PropertyValueSpecification\",\"valueRequired\":true,\"valueName\":\"search_term_string\"}}],\"inLanguage\":\"en-US\"},{\"@type\":\"Organization\",\"@id\":\"https:\\\/\\\/letrainjaune.fr\\\/en\\\/#organization\",\"name\":\"Let\u2019s Get on the Yellow Train\",\"url\":\"https:\\\/\\\/letrainjaune.fr\\\/en\\\/\",\"logo\":{\"@type\":\"ImageObject\",\"inLanguage\":\"en-US\",\"@id\":\"https:\\\/\\\/letrainjaune.fr\\\/en\\\/#\\\/schema\\\/logo\\\/image\\\/\",\"url\":\"https:\\\/\\\/letrainjaune.fr\\\/wp-content\\\/uploads\\\/2021\\\/04\\\/TJ_logo-TJ-footer.svg\",\"contentUrl\":\"https:\\\/\\\/letrainjaune.fr\\\/wp-content\\\/uploads\\\/2021\\\/04\\\/TJ_logo-TJ-footer.svg\",\"width\":\"1920\",\"height\":\"9999\",\"caption\":\"Let\u2019s Get on the Yellow Train\"},\"image\":{\"@id\":\"https:\\\/\\\/letrainjaune.fr\\\/en\\\/#\\\/schema\\\/logo\\\/image\\\/\"}}]}<\/script>\n<!-- \/ Yoast SEO plugin. -->","yoast_head_json":{"title":"RENDEZ-VOUS DU PAYS D'ART ET D'HISTOIRE CONF\u00c9RENCE - LE TRAIT\u00c9 DE CORBEIL (1258) - Let\u2019s Get on the Yellow Train","robots":{"index":"index","follow":"follow","max-snippet":"max-snippet:-1","max-image-preview":"max-image-preview:large","max-video-preview":"max-video-preview:-1"},"canonical":"https:\/\/letrainjaune.fr\/en\/to-see-and-do\/agenda\/rendez-vous-du-pays-dart-et-dhistoire-conference-le-traite-de-corbeil-1258\/","og_locale":"en_US","og_type":"article","og_title":"RENDEZ-VOUS DU PAYS D'ART ET D'HISTOIRE CONF\u00c9RENCE - LE TRAIT\u00c9 DE CORBEIL (1258) - Let\u2019s Get on the Yellow Train","og_description":"CONF\u00c9RENCE Jeudi 12 novembre \u00e0 18 h Olette Le trait\u00e9 de Corbeil (1258) : une fronti\u00e8re nouvelle sur un espace culturel partag\u00e9 Renaud Labadie Savy, historien Le trait\u00e9 de Corbeil de 1258 dessine une fronti\u00e8re enti\u00e8rement nouvelle. Depuis le haut Moyen \u00c2ge, la province de la Narbonnaise formait un continuum culturel reliant la Septimanie \u00e0 Barcelone, le Conflent et les Corbi\u00e8res. Si le trait\u00e9 consacre la victoire fran\u00e7aise sur l\u2019Aragon en s\u2019appuyant sur un r\u00e9seau de forteresses royales, localement la fronti\u00e8re demeure poreuse : organisations transfrontali\u00e8res et circulations persistent pour les habitants. Elle marque n\u00e9anmoins peu \u00e0 peu la limite linguistique entre les espaces occitan et catalan. RDV : Maison des Jeunes (rue de la Fusterie). Sur r\u00e9servation : 04 68 05 60 55. Gratuit. Cl\u00f4ture des inscriptions le jour-m\u00eame \u00e0 14 h.","og_url":"https:\/\/letrainjaune.fr\/en\/to-see-and-do\/agenda\/rendez-vous-du-pays-dart-et-dhistoire-conference-le-traite-de-corbeil-1258\/","og_site_name":"Let\u2019s Get on the Yellow Train","article_modified_time":"2026-09-05T04:45:35+00:00","twitter_card":"summary_large_image","twitter_misc":{"Est. reading time":"1 minute"},"schema":{"@context":"https:\/\/schema.org","@graph":[{"@type":"WebPage","@id":"https:\/\/letrainjaune.fr\/en\/to-see-and-do\/agenda\/rendez-vous-du-pays-dart-et-dhistoire-conference-le-traite-de-corbeil-1258\/","url":"https:\/\/letrainjaune.fr\/en\/to-see-and-do\/agenda\/rendez-vous-du-pays-dart-et-dhistoire-conference-le-traite-de-corbeil-1258\/","name":"RENDEZ-VOUS DU PAYS D'ART ET D'HISTOIRE CONF\u00c9RENCE - LE TRAIT\u00c9 DE CORBEIL (1258) - Let\u2019s Get on the Yellow Train","isPartOf":{"@id":"https:\/\/letrainjaune.fr\/en\/#website"},"datePublished":"2026-08-13T04:45:22+00:00","dateModified":"2026-09-05T04:45:35+00:00","breadcrumb":{"@id":"https:\/\/letrainjaune.fr\/en\/to-see-and-do\/agenda\/rendez-vous-du-pays-dart-et-dhistoire-conference-le-traite-de-corbeil-1258\/#breadcrumb"},"inLanguage":"en-US","potentialAction":[{"@type":"ReadAction","target":["https:\/\/letrainjaune.fr\/en\/to-see-and-do\/agenda\/rendez-vous-du-pays-dart-et-dhistoire-conference-le-traite-de-corbeil-1258\/"]}]},{"@type":"BreadcrumbList","@id":"https:\/\/letrainjaune.fr\/en\/to-see-and-do\/agenda\/rendez-vous-du-pays-dart-et-dhistoire-conference-le-traite-de-corbeil-1258\/#breadcrumb","itemListElement":[{"@type":"ListItem","position":1,"name":"Home page","item":"https:\/\/letrainjaune.fr\/en\/"},{"@type":"ListItem","position":2,"name":"Events","item":"https:\/\/letrainjaune.fr\/en\/to-see-and-do\/agenda\/"},{"@type":"ListItem","position":3,"name":"RENDEZ-VOUS DU PAYS D&rsquo;ART ET D&rsquo;HISTOIRE CONF\u00c9RENCE &#8211; LE TRAIT\u00c9 DE CORBEIL (1258)"}]},{"@type":"WebSite","@id":"https:\/\/letrainjaune.fr\/en\/#website","url":"https:\/\/letrainjaune.fr\/en\/","name":"Let\u2019s Get on the Yellow Train","description":"Dans les Pyr\u00e9n\u00e9es Catalanes, d\u00e9couvrez ce train sur le plus haut chemin de fer d\u2019Europe.","publisher":{"@id":"https:\/\/letrainjaune.fr\/en\/#organization"},"potentialAction":[{"@type":"SearchAction","target":{"@type":"EntryPoint","urlTemplate":"https:\/\/letrainjaune.fr\/en\/?s={search_term_string}"},"query-input":{"@type":"PropertyValueSpecification","valueRequired":true,"valueName":"search_term_string"}}],"inLanguage":"en-US"},{"@type":"Organization","@id":"https:\/\/letrainjaune.fr\/en\/#organization","name":"Let\u2019s Get on the Yellow Train","url":"https:\/\/letrainjaune.fr\/en\/","logo":{"@type":"ImageObject","inLanguage":"en-US","@id":"https:\/\/letrainjaune.fr\/en\/#\/schema\/logo\/image\/","url":"https:\/\/letrainjaune.fr\/wp-content\/uploads\/2021\/04\/TJ_logo-TJ-footer.svg","contentUrl":"https:\/\/letrainjaune.fr\/wp-content\/uploads\/2021\/04\/TJ_logo-TJ-footer.svg","width":"1920","height":"9999","caption":"Let\u2019s Get on the Yellow Train"},"image":{"@id":"https:\/\/letrainjaune.fr\/en\/#\/schema\/logo\/image\/"}}]}},"_links":{"self":[{"href":"https:\/\/letrainjaune.fr\/en\/wp-json\/wp\/v2\/agenda\/18398","targetHints":{"allow":["GET"]}}],"collection":[{"href":"https:\/\/letrainjaune.fr\/en\/wp-json\/wp\/v2\/agenda"}],"about":[{"href":"https:\/\/letrainjaune.fr\/en\/wp-json\/wp\/v2\/types\/agenda"}],"wp:attachment":[{"href":"https:\/\/letrainjaune.fr\/en\/wp-json\/wp\/v2\/media?parent=18398"}],"wp:term":[{"taxonomy":"agenda_category","embeddable":true,"href":"https:\/\/letrainjaune.fr\/en\/wp-json\/wp\/v2\/agenda_category?post=18398"}],"curies":[{"name":"wp","href":"https:\/\/api.w.org\/{rel}","templated":true}]}}