{"id":18458,"date":"2026-09-01T06:45:12","date_gmt":"2026-09-01T04:45:12","guid":{"rendered":"https:\/\/letrainjaune.fr\/a-voir-et-a-faire\/agenda\/cinema-osseja-mutiny\/"},"modified":"2026-09-01T06:45:12","modified_gmt":"2026-09-01T04:45:12","slug":"cinema-osseja-mutiny","status":"publish","type":"agenda","link":"https:\/\/letrainjaune.fr\/en\/to-see-and-do\/agenda\/cinema-osseja-mutiny\/","title":{"rendered":"CIN\u00c9MA OSS\u00c9JA &#8211; MUTINY"},"content":{"rendered":"<p>1h35 &#8211; Mutiny : (Grande-Bretagne)  Action r\u00e9alis\u00e9 par Jean-Fran\u00e7ois Richet avec Jason Statham, Annabelle Wallis, Roland M\u00f8ller\u2026                                                                                                                                                                   Interdit &#8211; 12 ans<br \/>\nCole Reed, ancien agent des forces sp\u00e9ciales reconverti en chef de s\u00e9curit\u00e9, est accus\u00e9 \u00e0 tort du meurtre de son patron. Remontant le fil de la machination dont il est victime, il se retrouve pi\u00e9g\u00e9 \u00e0 bord d\u2019un porte-conteneurs dont l\u2019\u00e9quipage est compos\u00e9 de mercenaires. En haute mer, Reed ne pourra compter sur aucune aide\u2026<\/p>\n","protected":false},"excerpt":{"rendered":"<p>1h35 &#8211; Mutiny : (Grande-Bretagne)  Action r\u00e9alis\u00e9 par Jean-Fran\u00e7ois Richet avec Jason Statham, Annabelle Wallis, Roland M\u00f8ller\u2026                                                                                                                                                                   Interdit &#8211; 12 ans<br \/>\nCole Reed, ancien agent des forces sp\u00e9ciales reconverti en chef de s\u00e9curit\u00e9, est accus\u00e9 \u00e0 tort du meurtre de son patron. Remontant le fil de la machination dont il est victime, il se retrouve pi\u00e9g\u00e9 \u00e0 bord d\u2019un porte-conteneurs dont l\u2019\u00e9quipage est compos\u00e9 de mercenaires. En haute mer, Reed ne pourra compter sur aucune aide\u2026<\/p>\n","protected":false},"featured_media":0,"template":"","agenda_category":[],"class_list":["post-18458","agenda","type-agenda","status-publish","hentry"],"acf":[],"yoast_head":"<!-- This site is optimized with the Yoast SEO plugin v27.8 - https:\/\/yoast.com\/product\/yoast-seo-wordpress\/ -->\n<title>CIN\u00c9MA OSS\u00c9JA - MUTINY - Let\u2019s Get on the Yellow Train<\/title>\n<meta name=\"robots\" content=\"index, follow, max-snippet:-1, max-image-preview:large, max-video-preview:-1\" \/>\n<link rel=\"canonical\" href=\"https:\/\/letrainjaune.fr\/en\/to-see-and-do\/agenda\/cinema-osseja-mutiny\/\" \/>\n<meta property=\"og:locale\" content=\"en_US\" \/>\n<meta property=\"og:type\" content=\"article\" \/>\n<meta property=\"og:title\" content=\"CIN\u00c9MA OSS\u00c9JA - MUTINY - Let\u2019s Get on the Yellow Train\" \/>\n<meta property=\"og:description\" content=\"1h35 - Mutiny : (Grande-Bretagne) Action r\u00e9alis\u00e9 par Jean-Fran\u00e7ois Richet avec Jason Statham, Annabelle Wallis, Roland M\u00f8ller\u2026                                                                                  Interdit - 12 ans                                                                         Cole Reed, ancien agent des forces sp\u00e9ciales reconverti en chef de s\u00e9curit\u00e9, est accus\u00e9 \u00e0 tort du meurtre de son patron. Remontant le fil de la machination dont il est victime, il se retrouve pi\u00e9g\u00e9 \u00e0 bord d\u2019un porte-conteneurs dont l\u2019\u00e9quipage est compos\u00e9 de mercenaires. En haute mer, Reed ne pourra compter sur aucune aide\u2026\" \/>\n<meta property=\"og:url\" content=\"https:\/\/letrainjaune.fr\/en\/to-see-and-do\/agenda\/cinema-osseja-mutiny\/\" \/>\n<meta property=\"og:site_name\" content=\"Let\u2019s Get on the Yellow Train\" \/>\n<meta name=\"twitter:card\" content=\"summary_large_image\" \/>\n<script type=\"application\/ld+json\" class=\"yoast-schema-graph\">{\"@context\":\"https:\\\/\\\/schema.org\",\"@graph\":[{\"@type\":\"WebPage\",\"@id\":\"https:\\\/\\\/letrainjaune.fr\\\/en\\\/to-see-and-do\\\/agenda\\\/cinema-osseja-mutiny\\\/\",\"url\":\"https:\\\/\\\/letrainjaune.fr\\\/en\\\/to-see-and-do\\\/agenda\\\/cinema-osseja-mutiny\\\/\",\"name\":\"CIN\u00c9MA OSS\u00c9JA - MUTINY - Let\u2019s Get on the Yellow Train\",\"isPartOf\":{\"@id\":\"https:\\\/\\\/letrainjaune.fr\\\/en\\\/#website\"},\"datePublished\":\"2026-09-01T04:45:12+00:00\",\"breadcrumb\":{\"@id\":\"https:\\\/\\\/letrainjaune.fr\\\/en\\\/to-see-and-do\\\/agenda\\\/cinema-osseja-mutiny\\\/#breadcrumb\"},\"inLanguage\":\"en-US\",\"potentialAction\":[{\"@type\":\"ReadAction\",\"target\":[\"https:\\\/\\\/letrainjaune.fr\\\/en\\\/to-see-and-do\\\/agenda\\\/cinema-osseja-mutiny\\\/\"]}]},{\"@type\":\"BreadcrumbList\",\"@id\":\"https:\\\/\\\/letrainjaune.fr\\\/en\\\/to-see-and-do\\\/agenda\\\/cinema-osseja-mutiny\\\/#breadcrumb\",\"itemListElement\":[{\"@type\":\"ListItem\",\"position\":1,\"name\":\"Home page\",\"item\":\"https:\\\/\\\/letrainjaune.fr\\\/en\\\/\"},{\"@type\":\"ListItem\",\"position\":2,\"name\":\"Events\",\"item\":\"https:\\\/\\\/letrainjaune.fr\\\/en\\\/to-see-and-do\\\/agenda\\\/\"},{\"@type\":\"ListItem\",\"position\":3,\"name\":\"CIN\u00c9MA OSS\u00c9JA &#8211; MUTINY\"}]},{\"@type\":\"WebSite\",\"@id\":\"https:\\\/\\\/letrainjaune.fr\\\/en\\\/#website\",\"url\":\"https:\\\/\\\/letrainjaune.fr\\\/en\\\/\",\"name\":\"Let\u2019s Get on the Yellow Train\",\"description\":\"Dans les Pyr\u00e9n\u00e9es Catalanes, d\u00e9couvrez ce train sur le plus haut chemin de fer d\u2019Europe.\",\"publisher\":{\"@id\":\"https:\\\/\\\/letrainjaune.fr\\\/en\\\/#organization\"},\"potentialAction\":[{\"@type\":\"SearchAction\",\"target\":{\"@type\":\"EntryPoint\",\"urlTemplate\":\"https:\\\/\\\/letrainjaune.fr\\\/en\\\/?s={search_term_string}\"},\"query-input\":{\"@type\":\"PropertyValueSpecification\",\"valueRequired\":true,\"valueName\":\"search_term_string\"}}],\"inLanguage\":\"en-US\"},{\"@type\":\"Organization\",\"@id\":\"https:\\\/\\\/letrainjaune.fr\\\/en\\\/#organization\",\"name\":\"Let\u2019s Get on the Yellow Train\",\"url\":\"https:\\\/\\\/letrainjaune.fr\\\/en\\\/\",\"logo\":{\"@type\":\"ImageObject\",\"inLanguage\":\"en-US\",\"@id\":\"https:\\\/\\\/letrainjaune.fr\\\/en\\\/#\\\/schema\\\/logo\\\/image\\\/\",\"url\":\"https:\\\/\\\/letrainjaune.fr\\\/wp-content\\\/uploads\\\/2021\\\/04\\\/TJ_logo-TJ-footer.svg\",\"contentUrl\":\"https:\\\/\\\/letrainjaune.fr\\\/wp-content\\\/uploads\\\/2021\\\/04\\\/TJ_logo-TJ-footer.svg\",\"width\":\"1920\",\"height\":\"9999\",\"caption\":\"Let\u2019s Get on the Yellow Train\"},\"image\":{\"@id\":\"https:\\\/\\\/letrainjaune.fr\\\/en\\\/#\\\/schema\\\/logo\\\/image\\\/\"}}]}<\/script>\n<!-- \/ Yoast SEO plugin. -->","yoast_head_json":{"title":"CIN\u00c9MA OSS\u00c9JA - MUTINY - Let\u2019s Get on the Yellow Train","robots":{"index":"index","follow":"follow","max-snippet":"max-snippet:-1","max-image-preview":"max-image-preview:large","max-video-preview":"max-video-preview:-1"},"canonical":"https:\/\/letrainjaune.fr\/en\/to-see-and-do\/agenda\/cinema-osseja-mutiny\/","og_locale":"en_US","og_type":"article","og_title":"CIN\u00c9MA OSS\u00c9JA - MUTINY - Let\u2019s Get on the Yellow Train","og_description":"1h35 - Mutiny : (Grande-Bretagne) Action r\u00e9alis\u00e9 par Jean-Fran\u00e7ois Richet avec Jason Statham, Annabelle Wallis, Roland M\u00f8ller\u2026                                                                                  Interdit - 12 ans                                                                         Cole Reed, ancien agent des forces sp\u00e9ciales reconverti en chef de s\u00e9curit\u00e9, est accus\u00e9 \u00e0 tort du meurtre de son patron. Remontant le fil de la machination dont il est victime, il se retrouve pi\u00e9g\u00e9 \u00e0 bord d\u2019un porte-conteneurs dont l\u2019\u00e9quipage est compos\u00e9 de mercenaires. En haute mer, Reed ne pourra compter sur aucune aide\u2026","og_url":"https:\/\/letrainjaune.fr\/en\/to-see-and-do\/agenda\/cinema-osseja-mutiny\/","og_site_name":"Let\u2019s Get on the Yellow Train","twitter_card":"summary_large_image","schema":{"@context":"https:\/\/schema.org","@graph":[{"@type":"WebPage","@id":"https:\/\/letrainjaune.fr\/en\/to-see-and-do\/agenda\/cinema-osseja-mutiny\/","url":"https:\/\/letrainjaune.fr\/en\/to-see-and-do\/agenda\/cinema-osseja-mutiny\/","name":"CIN\u00c9MA OSS\u00c9JA - MUTINY - Let\u2019s Get on the Yellow Train","isPartOf":{"@id":"https:\/\/letrainjaune.fr\/en\/#website"},"datePublished":"2026-09-01T04:45:12+00:00","breadcrumb":{"@id":"https:\/\/letrainjaune.fr\/en\/to-see-and-do\/agenda\/cinema-osseja-mutiny\/#breadcrumb"},"inLanguage":"en-US","potentialAction":[{"@type":"ReadAction","target":["https:\/\/letrainjaune.fr\/en\/to-see-and-do\/agenda\/cinema-osseja-mutiny\/"]}]},{"@type":"BreadcrumbList","@id":"https:\/\/letrainjaune.fr\/en\/to-see-and-do\/agenda\/cinema-osseja-mutiny\/#breadcrumb","itemListElement":[{"@type":"ListItem","position":1,"name":"Home page","item":"https:\/\/letrainjaune.fr\/en\/"},{"@type":"ListItem","position":2,"name":"Events","item":"https:\/\/letrainjaune.fr\/en\/to-see-and-do\/agenda\/"},{"@type":"ListItem","position":3,"name":"CIN\u00c9MA OSS\u00c9JA &#8211; MUTINY"}]},{"@type":"WebSite","@id":"https:\/\/letrainjaune.fr\/en\/#website","url":"https:\/\/letrainjaune.fr\/en\/","name":"Let\u2019s Get on the Yellow Train","description":"Dans les Pyr\u00e9n\u00e9es Catalanes, d\u00e9couvrez ce train sur le plus haut chemin de fer d\u2019Europe.","publisher":{"@id":"https:\/\/letrainjaune.fr\/en\/#organization"},"potentialAction":[{"@type":"SearchAction","target":{"@type":"EntryPoint","urlTemplate":"https:\/\/letrainjaune.fr\/en\/?s={search_term_string}"},"query-input":{"@type":"PropertyValueSpecification","valueRequired":true,"valueName":"search_term_string"}}],"inLanguage":"en-US"},{"@type":"Organization","@id":"https:\/\/letrainjaune.fr\/en\/#organization","name":"Let\u2019s Get on the Yellow Train","url":"https:\/\/letrainjaune.fr\/en\/","logo":{"@type":"ImageObject","inLanguage":"en-US","@id":"https:\/\/letrainjaune.fr\/en\/#\/schema\/logo\/image\/","url":"https:\/\/letrainjaune.fr\/wp-content\/uploads\/2021\/04\/TJ_logo-TJ-footer.svg","contentUrl":"https:\/\/letrainjaune.fr\/wp-content\/uploads\/2021\/04\/TJ_logo-TJ-footer.svg","width":"1920","height":"9999","caption":"Let\u2019s Get on the Yellow Train"},"image":{"@id":"https:\/\/letrainjaune.fr\/en\/#\/schema\/logo\/image\/"}}]}},"_links":{"self":[{"href":"https:\/\/letrainjaune.fr\/en\/wp-json\/wp\/v2\/agenda\/18458","targetHints":{"allow":["GET"]}}],"collection":[{"href":"https:\/\/letrainjaune.fr\/en\/wp-json\/wp\/v2\/agenda"}],"about":[{"href":"https:\/\/letrainjaune.fr\/en\/wp-json\/wp\/v2\/types\/agenda"}],"wp:attachment":[{"href":"https:\/\/letrainjaune.fr\/en\/wp-json\/wp\/v2\/media?parent=18458"}],"wp:term":[{"taxonomy":"agenda_category","embeddable":true,"href":"https:\/\/letrainjaune.fr\/en\/wp-json\/wp\/v2\/agenda_category?post=18458"}],"curies":[{"name":"wp","href":"https:\/\/api.w.org\/{rel}","templated":true}]}}