{"id":18469,"date":"2026-09-03T06:45:13","date_gmt":"2026-09-03T04:45:13","guid":{"rendered":"https:\/\/letrainjaune.fr\/a-voir-et-a-faire\/agenda\/rencontres-du-dessin-de-montagne\/"},"modified":"2026-09-05T06:45:36","modified_gmt":"2026-09-05T04:45:36","slug":"rencontres-du-dessin-de-montagne","status":"publish","type":"agenda","link":"https:\/\/letrainjaune.fr\/en\/to-see-and-do\/agenda\/rencontres-du-dessin-de-montagne\/","title":{"rendered":"RENCONTRES DU DESSIN DE MONTAGNE"},"content":{"rendered":"<p>\u00c0 Villefranche-de-Conflent, les Rencontres du Dessin de Montagne proposent une immersion artistique autour du paysage montagnard. D\u00e9couvrez les dessins r\u00e9alis\u00e9s lors du voyage du groupe, participez \u00e0 une balade dessin\u00e9e sur les remparts et chemins de ronde, puis profitez du vernissage de l\u2019exposition \u00e9ph\u00e9m\u00e8re.<\/p>\n","protected":false},"excerpt":{"rendered":"<p>\u00c0 Villefranche-de-Conflent, les Rencontres du Dessin de Montagne proposent une immersion artistique autour du paysage montagnard. D\u00e9couvrez les dessins r\u00e9alis\u00e9s lors du voyage du groupe, participez \u00e0 une balade dessin\u00e9e sur les remparts et chemins de ronde, puis profitez du vernissage de l\u2019exposition \u00e9ph\u00e9m\u00e8re.<\/p>\n","protected":false},"featured_media":0,"template":"","agenda_category":[187],"class_list":["post-18469","agenda","type-agenda","status-publish","hentry","agenda_category-espectaculos-y-arte-callejero"],"acf":[],"yoast_head":"<!-- This site is optimized with the Yoast SEO plugin v27.8 - https:\/\/yoast.com\/product\/yoast-seo-wordpress\/ -->\n<title>RENCONTRES DU DESSIN DE MONTAGNE - Let\u2019s Get on the Yellow Train<\/title>\n<meta name=\"robots\" content=\"index, follow, max-snippet:-1, max-image-preview:large, max-video-preview:-1\" \/>\n<link rel=\"canonical\" href=\"https:\/\/letrainjaune.fr\/en\/to-see-and-do\/agenda\/rencontres-du-dessin-de-montagne\/\" \/>\n<meta property=\"og:locale\" content=\"en_US\" \/>\n<meta property=\"og:type\" content=\"article\" \/>\n<meta property=\"og:title\" content=\"RENCONTRES DU DESSIN DE MONTAGNE - Let\u2019s Get on the Yellow Train\" \/>\n<meta property=\"og:description\" content=\"\u00c0 Villefranche-de-Conflent, les Rencontres du Dessin de Montagne proposent une immersion artistique autour du paysage montagnard. D\u00e9couvrez les dessins r\u00e9alis\u00e9s lors du voyage du groupe, participez \u00e0 une balade dessin\u00e9e sur les remparts et chemins de ronde, puis profitez du vernissage de l\u2019exposition \u00e9ph\u00e9m\u00e8re.\" \/>\n<meta property=\"og:url\" content=\"https:\/\/letrainjaune.fr\/en\/to-see-and-do\/agenda\/rencontres-du-dessin-de-montagne\/\" \/>\n<meta property=\"og:site_name\" content=\"Let\u2019s Get on the Yellow Train\" \/>\n<meta property=\"article:modified_time\" content=\"2026-09-05T04:45:36+00:00\" \/>\n<meta name=\"twitter:card\" content=\"summary_large_image\" \/>\n<script type=\"application\/ld+json\" class=\"yoast-schema-graph\">{\"@context\":\"https:\\\/\\\/schema.org\",\"@graph\":[{\"@type\":\"WebPage\",\"@id\":\"https:\\\/\\\/letrainjaune.fr\\\/en\\\/to-see-and-do\\\/agenda\\\/rencontres-du-dessin-de-montagne\\\/\",\"url\":\"https:\\\/\\\/letrainjaune.fr\\\/en\\\/to-see-and-do\\\/agenda\\\/rencontres-du-dessin-de-montagne\\\/\",\"name\":\"RENCONTRES DU DESSIN DE MONTAGNE - Let\u2019s Get on the Yellow Train\",\"isPartOf\":{\"@id\":\"https:\\\/\\\/letrainjaune.fr\\\/en\\\/#website\"},\"datePublished\":\"2026-09-03T04:45:13+00:00\",\"dateModified\":\"2026-09-05T04:45:36+00:00\",\"breadcrumb\":{\"@id\":\"https:\\\/\\\/letrainjaune.fr\\\/en\\\/to-see-and-do\\\/agenda\\\/rencontres-du-dessin-de-montagne\\\/#breadcrumb\"},\"inLanguage\":\"en-US\",\"potentialAction\":[{\"@type\":\"ReadAction\",\"target\":[\"https:\\\/\\\/letrainjaune.fr\\\/en\\\/to-see-and-do\\\/agenda\\\/rencontres-du-dessin-de-montagne\\\/\"]}]},{\"@type\":\"BreadcrumbList\",\"@id\":\"https:\\\/\\\/letrainjaune.fr\\\/en\\\/to-see-and-do\\\/agenda\\\/rencontres-du-dessin-de-montagne\\\/#breadcrumb\",\"itemListElement\":[{\"@type\":\"ListItem\",\"position\":1,\"name\":\"Home page\",\"item\":\"https:\\\/\\\/letrainjaune.fr\\\/en\\\/\"},{\"@type\":\"ListItem\",\"position\":2,\"name\":\"Events\",\"item\":\"https:\\\/\\\/letrainjaune.fr\\\/en\\\/to-see-and-do\\\/agenda\\\/\"},{\"@type\":\"ListItem\",\"position\":3,\"name\":\"RENCONTRES DU DESSIN DE MONTAGNE\"}]},{\"@type\":\"WebSite\",\"@id\":\"https:\\\/\\\/letrainjaune.fr\\\/en\\\/#website\",\"url\":\"https:\\\/\\\/letrainjaune.fr\\\/en\\\/\",\"name\":\"Let\u2019s Get on the Yellow Train\",\"description\":\"Dans les Pyr\u00e9n\u00e9es Catalanes, d\u00e9couvrez ce train sur le plus haut chemin de fer d\u2019Europe.\",\"publisher\":{\"@id\":\"https:\\\/\\\/letrainjaune.fr\\\/en\\\/#organization\"},\"potentialAction\":[{\"@type\":\"SearchAction\",\"target\":{\"@type\":\"EntryPoint\",\"urlTemplate\":\"https:\\\/\\\/letrainjaune.fr\\\/en\\\/?s={search_term_string}\"},\"query-input\":{\"@type\":\"PropertyValueSpecification\",\"valueRequired\":true,\"valueName\":\"search_term_string\"}}],\"inLanguage\":\"en-US\"},{\"@type\":\"Organization\",\"@id\":\"https:\\\/\\\/letrainjaune.fr\\\/en\\\/#organization\",\"name\":\"Let\u2019s Get on the Yellow Train\",\"url\":\"https:\\\/\\\/letrainjaune.fr\\\/en\\\/\",\"logo\":{\"@type\":\"ImageObject\",\"inLanguage\":\"en-US\",\"@id\":\"https:\\\/\\\/letrainjaune.fr\\\/en\\\/#\\\/schema\\\/logo\\\/image\\\/\",\"url\":\"https:\\\/\\\/letrainjaune.fr\\\/wp-content\\\/uploads\\\/2021\\\/04\\\/TJ_logo-TJ-footer.svg\",\"contentUrl\":\"https:\\\/\\\/letrainjaune.fr\\\/wp-content\\\/uploads\\\/2021\\\/04\\\/TJ_logo-TJ-footer.svg\",\"width\":\"1920\",\"height\":\"9999\",\"caption\":\"Let\u2019s Get on the Yellow Train\"},\"image\":{\"@id\":\"https:\\\/\\\/letrainjaune.fr\\\/en\\\/#\\\/schema\\\/logo\\\/image\\\/\"}}]}<\/script>\n<!-- \/ Yoast SEO plugin. -->","yoast_head_json":{"title":"RENCONTRES DU DESSIN DE MONTAGNE - Let\u2019s Get on the Yellow Train","robots":{"index":"index","follow":"follow","max-snippet":"max-snippet:-1","max-image-preview":"max-image-preview:large","max-video-preview":"max-video-preview:-1"},"canonical":"https:\/\/letrainjaune.fr\/en\/to-see-and-do\/agenda\/rencontres-du-dessin-de-montagne\/","og_locale":"en_US","og_type":"article","og_title":"RENCONTRES DU DESSIN DE MONTAGNE - Let\u2019s Get on the Yellow Train","og_description":"\u00c0 Villefranche-de-Conflent, les Rencontres du Dessin de Montagne proposent une immersion artistique autour du paysage montagnard. D\u00e9couvrez les dessins r\u00e9alis\u00e9s lors du voyage du groupe, participez \u00e0 une balade dessin\u00e9e sur les remparts et chemins de ronde, puis profitez du vernissage de l\u2019exposition \u00e9ph\u00e9m\u00e8re.","og_url":"https:\/\/letrainjaune.fr\/en\/to-see-and-do\/agenda\/rencontres-du-dessin-de-montagne\/","og_site_name":"Let\u2019s Get on the Yellow Train","article_modified_time":"2026-09-05T04:45:36+00:00","twitter_card":"summary_large_image","schema":{"@context":"https:\/\/schema.org","@graph":[{"@type":"WebPage","@id":"https:\/\/letrainjaune.fr\/en\/to-see-and-do\/agenda\/rencontres-du-dessin-de-montagne\/","url":"https:\/\/letrainjaune.fr\/en\/to-see-and-do\/agenda\/rencontres-du-dessin-de-montagne\/","name":"RENCONTRES DU DESSIN DE MONTAGNE - Let\u2019s Get on the Yellow Train","isPartOf":{"@id":"https:\/\/letrainjaune.fr\/en\/#website"},"datePublished":"2026-09-03T04:45:13+00:00","dateModified":"2026-09-05T04:45:36+00:00","breadcrumb":{"@id":"https:\/\/letrainjaune.fr\/en\/to-see-and-do\/agenda\/rencontres-du-dessin-de-montagne\/#breadcrumb"},"inLanguage":"en-US","potentialAction":[{"@type":"ReadAction","target":["https:\/\/letrainjaune.fr\/en\/to-see-and-do\/agenda\/rencontres-du-dessin-de-montagne\/"]}]},{"@type":"BreadcrumbList","@id":"https:\/\/letrainjaune.fr\/en\/to-see-and-do\/agenda\/rencontres-du-dessin-de-montagne\/#breadcrumb","itemListElement":[{"@type":"ListItem","position":1,"name":"Home page","item":"https:\/\/letrainjaune.fr\/en\/"},{"@type":"ListItem","position":2,"name":"Events","item":"https:\/\/letrainjaune.fr\/en\/to-see-and-do\/agenda\/"},{"@type":"ListItem","position":3,"name":"RENCONTRES DU DESSIN DE MONTAGNE"}]},{"@type":"WebSite","@id":"https:\/\/letrainjaune.fr\/en\/#website","url":"https:\/\/letrainjaune.fr\/en\/","name":"Let\u2019s Get on the Yellow Train","description":"Dans les Pyr\u00e9n\u00e9es Catalanes, d\u00e9couvrez ce train sur le plus haut chemin de fer d\u2019Europe.","publisher":{"@id":"https:\/\/letrainjaune.fr\/en\/#organization"},"potentialAction":[{"@type":"SearchAction","target":{"@type":"EntryPoint","urlTemplate":"https:\/\/letrainjaune.fr\/en\/?s={search_term_string}"},"query-input":{"@type":"PropertyValueSpecification","valueRequired":true,"valueName":"search_term_string"}}],"inLanguage":"en-US"},{"@type":"Organization","@id":"https:\/\/letrainjaune.fr\/en\/#organization","name":"Let\u2019s Get on the Yellow Train","url":"https:\/\/letrainjaune.fr\/en\/","logo":{"@type":"ImageObject","inLanguage":"en-US","@id":"https:\/\/letrainjaune.fr\/en\/#\/schema\/logo\/image\/","url":"https:\/\/letrainjaune.fr\/wp-content\/uploads\/2021\/04\/TJ_logo-TJ-footer.svg","contentUrl":"https:\/\/letrainjaune.fr\/wp-content\/uploads\/2021\/04\/TJ_logo-TJ-footer.svg","width":"1920","height":"9999","caption":"Let\u2019s Get on the Yellow Train"},"image":{"@id":"https:\/\/letrainjaune.fr\/en\/#\/schema\/logo\/image\/"}}]}},"_links":{"self":[{"href":"https:\/\/letrainjaune.fr\/en\/wp-json\/wp\/v2\/agenda\/18469","targetHints":{"allow":["GET"]}}],"collection":[{"href":"https:\/\/letrainjaune.fr\/en\/wp-json\/wp\/v2\/agenda"}],"about":[{"href":"https:\/\/letrainjaune.fr\/en\/wp-json\/wp\/v2\/types\/agenda"}],"wp:attachment":[{"href":"https:\/\/letrainjaune.fr\/en\/wp-json\/wp\/v2\/media?parent=18469"}],"wp:term":[{"taxonomy":"agenda_category","embeddable":true,"href":"https:\/\/letrainjaune.fr\/en\/wp-json\/wp\/v2\/agenda_category?post=18469"}],"curies":[{"name":"wp","href":"https:\/\/api.w.org\/{rel}","templated":true}]}}