{"id":18473,"date":"2026-09-05T06:45:37","date_gmt":"2026-09-05T04:45:37","guid":{"rendered":"https:\/\/letrainjaune.fr\/a-voir-et-a-faire\/agenda\/journee-portes-ouvertes-de-lecole-de-musique-pyrenees-cerdagne\/"},"modified":"2026-09-06T06:45:12","modified_gmt":"2026-09-06T04:45:12","slug":"journee-portes-ouvertes-de-lecole-de-musique-pyrenees-cerdagne","status":"publish","type":"agenda","link":"https:\/\/letrainjaune.fr\/en\/to-see-and-do\/agenda\/journee-portes-ouvertes-de-lecole-de-musique-pyrenees-cerdagne\/","title":{"rendered":"JOURN\u00c9E PORTES OUVERTES DE L&#8217;\u00c9COLE DE MUSIQUE PYR\u00c9N\u00c9ES-CERDAGNE"},"content":{"rendered":"<p> Journ\u00e9e Portes Ouvertes \u2013 \u00c9cole de Musique Communautaire Pyr\u00e9n\u00e9es-Cerdagne<br \/>\nLes professeurs de l\u2019\u00c9cole de musique communautaire Pyr\u00e9n\u00e9es-Cerdagne vous invitent \u00e0 une journ\u00e9e portes ouvertes le vendredi 11 septembre, de 17h \u00e0 19h, au centre socioculturel d\u2019Oss\u00e9ja.<br \/>\nVenez les rencontrer et d\u00e9couvrir les instruments de musique !<br \/>\nL\u2019\u00c9cole de musique communautaire Pyr\u00e9n\u00e9es-Cerdagne offre un cadre privil\u00e9gi\u00e9 pour celles et ceux qui souhaitent s\u2019initier ou se perfectionner dans la pratique musicale.<br \/>\nOuverte \u00e0 tous \u2013 enfants comme adultes \u2013 elle propose une formation musicale et instrumentale adapt\u00e9e \u00e0 tous les niveaux.<\/p>\n<p>Cinq professeurs dipl\u00f4m\u00e9s et sp\u00e9cialis\u00e9s dispensent des cours de piano, violon, guitare, basse, cuivres, saxophone, clarinette et batterie.<\/p>\n","protected":false},"excerpt":{"rendered":"<p> Journ\u00e9e Portes Ouvertes \u2013 \u00c9cole de Musique Communautaire Pyr\u00e9n\u00e9es-Cerdagne<br \/>\nLes professeurs de l\u2019\u00c9cole de musique communautaire Pyr\u00e9n\u00e9es-Cerdagne vous invitent \u00e0 une journ\u00e9e portes ouvertes le vendredi 11 septembre, de 17h \u00e0 19h, au centre socioculturel d\u2019Oss\u00e9ja.<br \/>\nVenez les rencontrer et d\u00e9couvrir les instruments de musique !<br \/>\nL\u2019\u00c9cole de musique communautaire Pyr\u00e9n\u00e9es-Cerdagne offre un cadre privil\u00e9gi\u00e9 pour celles et ceux qui souhaitent s\u2019initier ou se perfectionner dans la pratique musicale.<br \/>\nOuverte \u00e0 tous \u2013 enfants comme adultes \u2013 elle propose une formation musicale et instrumentale adapt\u00e9e \u00e0 tous les niveaux.<\/p>\n<p>Cinq professeurs dipl\u00f4m\u00e9s et sp\u00e9cialis\u00e9s dispensent des cours de piano, violon, guitare, basse, cuivres, saxophone, clarinette et batterie.<\/p>\n","protected":false},"featured_media":0,"template":"","agenda_category":[78],"class_list":["post-18473","agenda","type-agenda","status-publish","hentry","agenda_category-expositions-visites"],"acf":[],"yoast_head":"<!-- This site is optimized with the Yoast SEO plugin v27.8 - https:\/\/yoast.com\/product\/yoast-seo-wordpress\/ -->\n<title>JOURN\u00c9E PORTES OUVERTES DE L&#039;\u00c9COLE DE MUSIQUE PYR\u00c9N\u00c9ES-CERDAGNE - Let\u2019s Get on the Yellow Train<\/title>\n<meta name=\"robots\" content=\"index, follow, max-snippet:-1, max-image-preview:large, max-video-preview:-1\" \/>\n<link rel=\"canonical\" href=\"https:\/\/letrainjaune.fr\/en\/to-see-and-do\/agenda\/journee-portes-ouvertes-de-lecole-de-musique-pyrenees-cerdagne\/\" \/>\n<meta property=\"og:locale\" content=\"en_US\" \/>\n<meta property=\"og:type\" content=\"article\" \/>\n<meta property=\"og:title\" content=\"JOURN\u00c9E PORTES OUVERTES DE L&#039;\u00c9COLE DE MUSIQUE PYR\u00c9N\u00c9ES-CERDAGNE - Let\u2019s Get on the Yellow Train\" \/>\n<meta property=\"og:description\" content=\"Journ\u00e9e Portes Ouvertes \u2013 \u00c9cole de Musique Communautaire Pyr\u00e9n\u00e9es-Cerdagne  Les professeurs de l\u2019\u00c9cole de musique communautaire Pyr\u00e9n\u00e9es-Cerdagne vous invitent \u00e0 une journ\u00e9e portes ouvertes le vendredi 11 septembre, de 17h \u00e0 19h, au centre socioculturel d\u2019Oss\u00e9ja. Venez les rencontrer et d\u00e9couvrir les instruments de musique ! L\u2019\u00c9cole de musique communautaire Pyr\u00e9n\u00e9es-Cerdagne offre un cadre privil\u00e9gi\u00e9 pour celles et ceux qui souhaitent s\u2019initier ou se perfectionner dans la pratique musicale.   Ouverte \u00e0 tous \u2013 enfants comme adultes \u2013 elle propose une formation musicale et instrumentale adapt\u00e9e \u00e0 tous les niveaux.    Cinq professeurs dipl\u00f4m\u00e9s et sp\u00e9cialis\u00e9s dispensent des cours de piano, violon, guitare, basse, cuivres, saxophone, clarinette et batterie.\" \/>\n<meta property=\"og:url\" content=\"https:\/\/letrainjaune.fr\/en\/to-see-and-do\/agenda\/journee-portes-ouvertes-de-lecole-de-musique-pyrenees-cerdagne\/\" \/>\n<meta property=\"og:site_name\" content=\"Let\u2019s Get on the Yellow Train\" \/>\n<meta property=\"article:modified_time\" content=\"2026-09-06T04:45:12+00:00\" \/>\n<meta name=\"twitter:card\" content=\"summary_large_image\" \/>\n<meta name=\"twitter:label1\" content=\"Est. reading time\" \/>\n\t<meta name=\"twitter:data1\" content=\"1 minute\" \/>\n<script type=\"application\/ld+json\" class=\"yoast-schema-graph\">{\"@context\":\"https:\\\/\\\/schema.org\",\"@graph\":[{\"@type\":\"WebPage\",\"@id\":\"https:\\\/\\\/letrainjaune.fr\\\/en\\\/to-see-and-do\\\/agenda\\\/journee-portes-ouvertes-de-lecole-de-musique-pyrenees-cerdagne\\\/\",\"url\":\"https:\\\/\\\/letrainjaune.fr\\\/en\\\/to-see-and-do\\\/agenda\\\/journee-portes-ouvertes-de-lecole-de-musique-pyrenees-cerdagne\\\/\",\"name\":\"JOURN\u00c9E PORTES OUVERTES DE L'\u00c9COLE DE MUSIQUE PYR\u00c9N\u00c9ES-CERDAGNE - Let\u2019s Get on the Yellow Train\",\"isPartOf\":{\"@id\":\"https:\\\/\\\/letrainjaune.fr\\\/en\\\/#website\"},\"datePublished\":\"2026-09-05T04:45:37+00:00\",\"dateModified\":\"2026-09-06T04:45:12+00:00\",\"breadcrumb\":{\"@id\":\"https:\\\/\\\/letrainjaune.fr\\\/en\\\/to-see-and-do\\\/agenda\\\/journee-portes-ouvertes-de-lecole-de-musique-pyrenees-cerdagne\\\/#breadcrumb\"},\"inLanguage\":\"en-US\",\"potentialAction\":[{\"@type\":\"ReadAction\",\"target\":[\"https:\\\/\\\/letrainjaune.fr\\\/en\\\/to-see-and-do\\\/agenda\\\/journee-portes-ouvertes-de-lecole-de-musique-pyrenees-cerdagne\\\/\"]}]},{\"@type\":\"BreadcrumbList\",\"@id\":\"https:\\\/\\\/letrainjaune.fr\\\/en\\\/to-see-and-do\\\/agenda\\\/journee-portes-ouvertes-de-lecole-de-musique-pyrenees-cerdagne\\\/#breadcrumb\",\"itemListElement\":[{\"@type\":\"ListItem\",\"position\":1,\"name\":\"Home page\",\"item\":\"https:\\\/\\\/letrainjaune.fr\\\/en\\\/\"},{\"@type\":\"ListItem\",\"position\":2,\"name\":\"Events\",\"item\":\"https:\\\/\\\/letrainjaune.fr\\\/en\\\/to-see-and-do\\\/agenda\\\/\"},{\"@type\":\"ListItem\",\"position\":3,\"name\":\"JOURN\u00c9E PORTES OUVERTES DE L&rsquo;\u00c9COLE DE MUSIQUE PYR\u00c9N\u00c9ES-CERDAGNE\"}]},{\"@type\":\"WebSite\",\"@id\":\"https:\\\/\\\/letrainjaune.fr\\\/en\\\/#website\",\"url\":\"https:\\\/\\\/letrainjaune.fr\\\/en\\\/\",\"name\":\"Let\u2019s Get on the Yellow Train\",\"description\":\"Dans les Pyr\u00e9n\u00e9es Catalanes, d\u00e9couvrez ce train sur le plus haut chemin de fer d\u2019Europe.\",\"publisher\":{\"@id\":\"https:\\\/\\\/letrainjaune.fr\\\/en\\\/#organization\"},\"potentialAction\":[{\"@type\":\"SearchAction\",\"target\":{\"@type\":\"EntryPoint\",\"urlTemplate\":\"https:\\\/\\\/letrainjaune.fr\\\/en\\\/?s={search_term_string}\"},\"query-input\":{\"@type\":\"PropertyValueSpecification\",\"valueRequired\":true,\"valueName\":\"search_term_string\"}}],\"inLanguage\":\"en-US\"},{\"@type\":\"Organization\",\"@id\":\"https:\\\/\\\/letrainjaune.fr\\\/en\\\/#organization\",\"name\":\"Let\u2019s Get on the Yellow Train\",\"url\":\"https:\\\/\\\/letrainjaune.fr\\\/en\\\/\",\"logo\":{\"@type\":\"ImageObject\",\"inLanguage\":\"en-US\",\"@id\":\"https:\\\/\\\/letrainjaune.fr\\\/en\\\/#\\\/schema\\\/logo\\\/image\\\/\",\"url\":\"https:\\\/\\\/letrainjaune.fr\\\/wp-content\\\/uploads\\\/2021\\\/04\\\/TJ_logo-TJ-footer.svg\",\"contentUrl\":\"https:\\\/\\\/letrainjaune.fr\\\/wp-content\\\/uploads\\\/2021\\\/04\\\/TJ_logo-TJ-footer.svg\",\"width\":\"1920\",\"height\":\"9999\",\"caption\":\"Let\u2019s Get on the Yellow Train\"},\"image\":{\"@id\":\"https:\\\/\\\/letrainjaune.fr\\\/en\\\/#\\\/schema\\\/logo\\\/image\\\/\"}}]}<\/script>\n<!-- \/ Yoast SEO plugin. -->","yoast_head_json":{"title":"JOURN\u00c9E PORTES OUVERTES DE L'\u00c9COLE DE MUSIQUE PYR\u00c9N\u00c9ES-CERDAGNE - Let\u2019s Get on the Yellow Train","robots":{"index":"index","follow":"follow","max-snippet":"max-snippet:-1","max-image-preview":"max-image-preview:large","max-video-preview":"max-video-preview:-1"},"canonical":"https:\/\/letrainjaune.fr\/en\/to-see-and-do\/agenda\/journee-portes-ouvertes-de-lecole-de-musique-pyrenees-cerdagne\/","og_locale":"en_US","og_type":"article","og_title":"JOURN\u00c9E PORTES OUVERTES DE L'\u00c9COLE DE MUSIQUE PYR\u00c9N\u00c9ES-CERDAGNE - Let\u2019s Get on the Yellow Train","og_description":"Journ\u00e9e Portes Ouvertes \u2013 \u00c9cole de Musique Communautaire Pyr\u00e9n\u00e9es-Cerdagne  Les professeurs de l\u2019\u00c9cole de musique communautaire Pyr\u00e9n\u00e9es-Cerdagne vous invitent \u00e0 une journ\u00e9e portes ouvertes le vendredi 11 septembre, de 17h \u00e0 19h, au centre socioculturel d\u2019Oss\u00e9ja. Venez les rencontrer et d\u00e9couvrir les instruments de musique ! L\u2019\u00c9cole de musique communautaire Pyr\u00e9n\u00e9es-Cerdagne offre un cadre privil\u00e9gi\u00e9 pour celles et ceux qui souhaitent s\u2019initier ou se perfectionner dans la pratique musicale.   Ouverte \u00e0 tous \u2013 enfants comme adultes \u2013 elle propose une formation musicale et instrumentale adapt\u00e9e \u00e0 tous les niveaux.    Cinq professeurs dipl\u00f4m\u00e9s et sp\u00e9cialis\u00e9s dispensent des cours de piano, violon, guitare, basse, cuivres, saxophone, clarinette et batterie.","og_url":"https:\/\/letrainjaune.fr\/en\/to-see-and-do\/agenda\/journee-portes-ouvertes-de-lecole-de-musique-pyrenees-cerdagne\/","og_site_name":"Let\u2019s Get on the Yellow Train","article_modified_time":"2026-09-06T04:45:12+00:00","twitter_card":"summary_large_image","twitter_misc":{"Est. reading time":"1 minute"},"schema":{"@context":"https:\/\/schema.org","@graph":[{"@type":"WebPage","@id":"https:\/\/letrainjaune.fr\/en\/to-see-and-do\/agenda\/journee-portes-ouvertes-de-lecole-de-musique-pyrenees-cerdagne\/","url":"https:\/\/letrainjaune.fr\/en\/to-see-and-do\/agenda\/journee-portes-ouvertes-de-lecole-de-musique-pyrenees-cerdagne\/","name":"JOURN\u00c9E PORTES OUVERTES DE L'\u00c9COLE DE MUSIQUE PYR\u00c9N\u00c9ES-CERDAGNE - Let\u2019s Get on the Yellow Train","isPartOf":{"@id":"https:\/\/letrainjaune.fr\/en\/#website"},"datePublished":"2026-09-05T04:45:37+00:00","dateModified":"2026-09-06T04:45:12+00:00","breadcrumb":{"@id":"https:\/\/letrainjaune.fr\/en\/to-see-and-do\/agenda\/journee-portes-ouvertes-de-lecole-de-musique-pyrenees-cerdagne\/#breadcrumb"},"inLanguage":"en-US","potentialAction":[{"@type":"ReadAction","target":["https:\/\/letrainjaune.fr\/en\/to-see-and-do\/agenda\/journee-portes-ouvertes-de-lecole-de-musique-pyrenees-cerdagne\/"]}]},{"@type":"BreadcrumbList","@id":"https:\/\/letrainjaune.fr\/en\/to-see-and-do\/agenda\/journee-portes-ouvertes-de-lecole-de-musique-pyrenees-cerdagne\/#breadcrumb","itemListElement":[{"@type":"ListItem","position":1,"name":"Home page","item":"https:\/\/letrainjaune.fr\/en\/"},{"@type":"ListItem","position":2,"name":"Events","item":"https:\/\/letrainjaune.fr\/en\/to-see-and-do\/agenda\/"},{"@type":"ListItem","position":3,"name":"JOURN\u00c9E PORTES OUVERTES DE L&rsquo;\u00c9COLE DE MUSIQUE PYR\u00c9N\u00c9ES-CERDAGNE"}]},{"@type":"WebSite","@id":"https:\/\/letrainjaune.fr\/en\/#website","url":"https:\/\/letrainjaune.fr\/en\/","name":"Let\u2019s Get on the Yellow Train","description":"Dans les Pyr\u00e9n\u00e9es Catalanes, d\u00e9couvrez ce train sur le plus haut chemin de fer d\u2019Europe.","publisher":{"@id":"https:\/\/letrainjaune.fr\/en\/#organization"},"potentialAction":[{"@type":"SearchAction","target":{"@type":"EntryPoint","urlTemplate":"https:\/\/letrainjaune.fr\/en\/?s={search_term_string}"},"query-input":{"@type":"PropertyValueSpecification","valueRequired":true,"valueName":"search_term_string"}}],"inLanguage":"en-US"},{"@type":"Organization","@id":"https:\/\/letrainjaune.fr\/en\/#organization","name":"Let\u2019s Get on the Yellow Train","url":"https:\/\/letrainjaune.fr\/en\/","logo":{"@type":"ImageObject","inLanguage":"en-US","@id":"https:\/\/letrainjaune.fr\/en\/#\/schema\/logo\/image\/","url":"https:\/\/letrainjaune.fr\/wp-content\/uploads\/2021\/04\/TJ_logo-TJ-footer.svg","contentUrl":"https:\/\/letrainjaune.fr\/wp-content\/uploads\/2021\/04\/TJ_logo-TJ-footer.svg","width":"1920","height":"9999","caption":"Let\u2019s Get on the Yellow Train"},"image":{"@id":"https:\/\/letrainjaune.fr\/en\/#\/schema\/logo\/image\/"}}]}},"_links":{"self":[{"href":"https:\/\/letrainjaune.fr\/en\/wp-json\/wp\/v2\/agenda\/18473","targetHints":{"allow":["GET"]}}],"collection":[{"href":"https:\/\/letrainjaune.fr\/en\/wp-json\/wp\/v2\/agenda"}],"about":[{"href":"https:\/\/letrainjaune.fr\/en\/wp-json\/wp\/v2\/types\/agenda"}],"wp:attachment":[{"href":"https:\/\/letrainjaune.fr\/en\/wp-json\/wp\/v2\/media?parent=18473"}],"wp:term":[{"taxonomy":"agenda_category","embeddable":true,"href":"https:\/\/letrainjaune.fr\/en\/wp-json\/wp\/v2\/agenda_category?post=18473"}],"curies":[{"name":"wp","href":"https:\/\/api.w.org\/{rel}","templated":true}]}}