{"id":10441,"date":"2021-08-05T11:28:24","date_gmt":"2021-08-05T09:28:24","guid":{"rendered":"https:\/\/letrainjaune.fr\/plan-your-trip\/options-to-get-around\/a-pied-ou-a-velo-depuis-les-gares\/"},"modified":"2023-07-13T18:22:40","modified_gmt":"2023-07-13T16:22:40","slug":"a-pied-ou-a-velo-depuis-les-gares","status":"publish","type":"page","link":"https:\/\/letrainjaune.fr\/en\/plan-your-trip\/options-to-get-around\/a-pied-ou-a-velo-depuis-les-gares\/","title":{"rendered":"Hiking or biking, from the yellow train stations !"},"content":{"rendered":"\n<h2 class=\"wp-block-heading\">Villefranche-de-Conflent \/ Vernet-les-Bains <\/h2>\n\n\n\n<h3 class=\"wp-block-heading\">The Chapel of Bell Lloc by the hiking trail PR74<\/h3>\n\n\n\n<p>With a splendid panorama on the Canig\u00f3, this hiking trail will take you to the discovery of major sites classified as World Heritage by Unesco, the abandoned village of Bell Lloc and its Saint-Andr\u00e9 chapel, while offering wonderful views of the massifs and the surrounding valleys.&nbsp;<\/p>\n\n\n\n<p>Please note that the path is stony and exposed to the heat.&nbsp;&nbsp;&nbsp;&nbsp;&nbsp;&nbsp;&nbsp;&nbsp;&nbsp;&nbsp;&nbsp;&nbsp;&nbsp;&nbsp;&nbsp;<\/p>\n\n\n\n<p>8.3&nbsp;km; 3 hour walk <\/p>\n\n\n<figure class=\"wp-block-gallery columns-2 is-cropped\"><ul class=\"blocks-gallery-grid\"><li class=\"blocks-gallery-item\"><figure><a href=https:\/\/letrainjaune.fr\/wp-content\/uploads\/2021\/08\/Chapelle-Belloc-@OTICC-1.jpg title=\"Canigou from the Belloc Chapel\" rel=\"prettyPhoto[pp_gal]\"><img src=https:\/\/letrainjaune.fr\/wp-content\/uploads\/2021\/08\/Chapelle-Belloc-@OTICC-1-640x452.jpg alt=\"\" title=\"Chapelle-Belloc-@OTICC-1\" class=\"wp-image-4155\"\/><\/a><figcaption>Canigou from the Belloc Chapel<span>&copy; OTICC<\/span><\/figcaption><\/figure><\/li><li class=\"blocks-gallery-item\"><figure><a href=https:\/\/letrainjaune.fr\/wp-content\/uploads\/2021\/08\/Chapelle-Belloc-@OTICC-2-1.jpg title=\"Canigou from the Belloc Chapel\" rel=\"prettyPhoto[pp_gal]\"><img src=https:\/\/letrainjaune.fr\/wp-content\/uploads\/2021\/08\/Chapelle-Belloc-@OTICC-2-1-640x452.jpg alt=\"\" title=\"Chapelle-Belloc-@OTICC-2-1\" class=\"wp-image-4159\"\/><\/a><figcaption>Canigou from the Belloc Chapel<span>&copy; OTICC<\/span><\/figcaption><\/figure><\/li><li class=\"blocks-gallery-item\"><figure><a href=https:\/\/letrainjaune.fr\/wp-content\/uploads\/2021\/08\/Chapelle-Belloc-@OTICC-3.jpg title=\"The Conflent from the Belloc Chapel\" rel=\"prettyPhoto[pp_gal]\"><img src=https:\/\/letrainjaune.fr\/wp-content\/uploads\/2021\/08\/Chapelle-Belloc-@OTICC-3-640x452.jpg alt=\"\" title=\"Chapelle-Belloc-@OTICC-3\" class=\"wp-image-4163\"\/><\/a><figcaption>The Conflent from the Belloc Chapel<span>&copy; OTICC <\/span><\/figcaption><\/figure><\/li><li class=\"blocks-gallery-item\"><figure><a href=https:\/\/letrainjaune.fr\/wp-content\/uploads\/2021\/08\/Chapelle-Belloc-@OTICC-4.jpg title=\"Belloc Chapel and Mount Canigou\" rel=\"prettyPhoto[pp_gal]\"><img src=https:\/\/letrainjaune.fr\/wp-content\/uploads\/2021\/08\/Chapelle-Belloc-@OTICC-4-640x452.jpg alt=\"\" title=\"Chapelle-Belloc-@OTICC-4\" class=\"wp-image-4167\"\/><\/a><figcaption>Belloc Chapel and Mount Canigou<span>&copy; OTICC <\/span><\/figcaption><\/figure><\/li><\/ul><\/figure>\n\n\n<p><a href=\"https:\/\/www.tourisme-canigou.com\/organisez\/voir-faire\/randonnees\/les-itineraires-en-conflent\/pr74-villefranche-de-conflent-bell-lloc-2506069\" target=\"_blank\" rel=\"noreferrer noopener\"><\/a><a href=\"https:\/\/www.tourisme-canigou.com\/organisez\/voir-faire\/randonnees\/les-itineraires-en-conflent\/pr74-villefranche-de-conflent-bell-lloc-2506069\" target=\"_blank\" rel=\"noreferrer noopener\">More information here<\/a> <a href=\"https:\/\/www.tourisme-canigou.com\/organisez\/voir-faire\/randonnees\/les-itineraires-en-conflent\/pr74-villefranche-de-conflent-bell-lloc-2506069\" target=\"_blank\" rel=\"noreferrer noopener\"><\/a><a href=\"https:\/\/www.tourisme-canigou.com\/organisez\/voir-faire\/randonnees\/les-itineraires-en-conflent\/pr74-villefranche-de-conflent-bell-lloc-2506069\" target=\"_blank\" rel=\"noreferrer noopener\"><\/a>! <\/p>\n\n\n\n<h3 class=\"wp-block-heading\">The Northern Balconies of Canig\u00f3 \u2013 Loop Trail of Sant Esteve de Campilles <\/h3>\n\n\n\n<p>The trail starts from the medieval city of Villefranche-de-Conflent, fortified in the 17<sup>th<\/sup>&nbsp;century by Vauban, and takes you on an aerial path overlooking the glacial lock of the T\u00eat Valley. This panoramic balcony facing the Canig\u00f3 will allow you to go through Fort&nbsp;Liberia and reach the two Romanesque chapels of Sant Andreu de Bell Lloc and then Sant Esteve de Campilles, which offer a magnificent belvedere.&nbsp;&nbsp;<\/p>\n\n\n\n<p>10.2&nbsp;km; 4 hours and 25 minutes walk <\/p>\n\n\n\n<div class=\"wp-block-columns is-layout-flex wp-container-core-columns-is-layout-9d6595d7 wp-block-columns-is-layout-flex\">\n<div class=\"wp-block-column is-layout-flow wp-block-column-is-layout-flow\"><figure class=\"wp-block-image size-full\"><a href=https:\/\/letrainjaune.fr\/wp-content\/uploads\/2021\/07\/FORT_LIBERIA_\u00a9CONFLENTCANIGO_17-1.jpg title=\"The Ramparts of the Liberia\u00a0Fortress\" rel=\"prettyPhoto\"><img src=https:\/\/letrainjaune.fr\/wp-content\/uploads\/2021\/07\/FORT_LIBERIA_\u00a9CONFLENTCANIGO_17-1.jpg alt=\"\" title=\"The Ramparts of the Liberia Fortress\" width=\"\" class=\"wp-image-2885\"\/><\/a><figcaption>The Ramparts of the Liberia\u00a0Fortress<span>&copy; CONFLENTCANIGO<\/span><\/figcaption><\/figure><\/div>\n\n\n\n<div class=\"wp-block-column is-layout-flow wp-block-column-is-layout-flow\"><figure class=\"wp-block-image size-full\"><a href=https:\/\/letrainjaune.fr\/wp-content\/uploads\/2021\/07\/VDC_par_cOTCONFLENTCANIGO20.jpg title=\"Villefranche-de-Conflent, the start of this hiking trail!\" rel=\"prettyPhoto\"><img src=https:\/\/letrainjaune.fr\/wp-content\/uploads\/2021\/07\/VDC_par_cOTCONFLENTCANIGO20.jpg alt=\"\" title=\"VDC_par_(c)OTCONFLENTCANIGO(20)\" width=\"\" class=\"wp-image-2269\"\/><\/a><figcaption>Villefranche-de-Conflent, the start of this hiking trail!<span>&copy; CONFLENTCANIGO<\/span><\/figcaption><\/figure><\/div>\n<\/div>\n\n\n\n<p><a href=\"https:\/\/www.tourisme-canigou.com\/organisez\/voir-faire\/randonnees\/les-itineraires-en-conflent\/pr75-villefranche-de-conflent-les-balcons-nord-du-canigo-boucle-de-sant-esteve-de-campilles-2824979\" target=\"_blank\" rel=\"noreferrer noopener\"> <\/a><a href=\"https:\/\/www.tourisme-canigou.com\/organisez\/voir-faire\/randonnees\/les-itineraires-en-conflent\/pr74-villefranche-de-conflent-bell-lloc-2506069\" target=\"_blank\" rel=\"noreferrer noopener\">More information here<\/a> ! &nbsp;&nbsp;<\/p>\n\n\n\n<p><\/p>\n\n\n\n<h2 class=\"wp-block-heading\">Olette \/ Canaveilles-les-Bains <\/h2>\n\n\n\n<h3 class=\"wp-block-heading\">On the Rooftops of Evol<\/h3>\n\n\n\n<p>A beautiful route around one of the most beautiful villages of France to discover its heritage. <\/p>\n\n\n\n<p>1.6&nbsp;km; 30 minute walk <\/p>\n\n\n<figure class=\"wp-block-image size-large\"><a href=https:\/\/letrainjaune.fr\/wp-content\/uploads\/2021\/08\/Evol-@OTICC.jpg title=\"Evol \" rel=\"prettyPhoto\"><img src=https:\/\/letrainjaune.fr\/wp-content\/uploads\/2021\/08\/Evol-@OTICC.jpg alt=\"\" title=\"Evol-@OTICC\" width=\"\" class=\"wp-image-4175\"\/><\/a><figcaption>Evol <span>&copy; OTICC<\/span><\/figcaption><\/figure>\n\n\n<p><a href=\"https:\/\/www.tourisme-canigou.com\/organisez\/voir-faire\/randonnees\/les-itineraires-en-conflent\/sur-les-toits-d-evol-2016831\" target=\"_blank\" rel=\"noreferrer noopener\"> <a href=\"https:\/\/www.tourisme-canigou.com\/organisez\/voir-faire\/randonnees\/les-itineraires-en-conflent\/pr74-villefranche-de-conflent-bell-lloc-2506069\" target=\"_blank\" rel=\"noreferrer noopener\">More information here<\/a> ! <\/a><\/p>\n\n\n\n<h3 class=\"wp-block-heading\">The entrance to the Garrotxes (Mountain Bike)<\/h3>\n\n\n\n<p>A sporty route to discover the lower valley of the Garrotxes. Route suitable for electric bikes. This route is part of the Madres \u2013 Coronat Mountain Bike Area.<\/p>\n\n\n\n<p>11&nbsp;km; 2h30 by bike<\/p>\n\n\n<figure class=\"wp-block-gallery columns-2 is-cropped\"><ul class=\"blocks-gallery-grid\"><li class=\"blocks-gallery-item\"><figure><a href=https:\/\/letrainjaune.fr\/wp-content\/uploads\/2021\/08\/DSC4791.jpg title=\"\" rel=\"prettyPhoto[pp_gal]\"><img src=https:\/\/letrainjaune.fr\/wp-content\/uploads\/2021\/08\/DSC4791-640x452.jpg alt=\"\" title=\"Evol &#8211; La porte des Garrotxes\" class=\"wp-image-4560\"\/><\/a><figcaption><span>&copy; Office de Tourisme Conflent Canig\u00f3<\/span><\/figcaption><\/figure><\/li><li class=\"blocks-gallery-item\"><figure><a href=https:\/\/letrainjaune.fr\/wp-content\/uploads\/2021\/08\/DSC4792.jpg title=\"\" rel=\"prettyPhoto[pp_gal]\"><img src=https:\/\/letrainjaune.fr\/wp-content\/uploads\/2021\/08\/DSC4792-640x452.jpg alt=\"\" title=\"DSC4792\" class=\"wp-image-4564\"\/><\/a><figcaption><span>&copy; Office de Tourisme Conflent Canig\u00f3<\/span><\/figcaption><\/figure><\/li><li class=\"blocks-gallery-item\"><figure><a href=https:\/\/letrainjaune.fr\/wp-content\/uploads\/2021\/08\/DSC4902.jpg title=\"\" rel=\"prettyPhoto[pp_gal]\"><img src=https:\/\/letrainjaune.fr\/wp-content\/uploads\/2021\/08\/DSC4902-640x452.jpg alt=\"\" title=\"DSC4902\" class=\"wp-image-4568\"\/><\/a><figcaption><span>&copy; Office de Tourisme Conflent Canig\u00f3<\/span><\/figcaption><\/figure><\/li><li class=\"blocks-gallery-item\"><figure><a href=https:\/\/letrainjaune.fr\/wp-content\/uploads\/2021\/08\/DSC4906.jpg title=\"\" rel=\"prettyPhoto[pp_gal]\"><img src=https:\/\/letrainjaune.fr\/wp-content\/uploads\/2021\/08\/DSC4906-640x452.jpg alt=\"\" title=\"DSC4906\" class=\"wp-image-4572\"\/><\/a><figcaption><span>&copy; Office de Tourisme Conflent Canig\u00f3<\/span><\/figcaption><\/figure><\/li><li class=\"blocks-gallery-item\"><figure><a href=https:\/\/letrainjaune.fr\/wp-content\/uploads\/2021\/08\/DSC4909.jpg title=\"\" rel=\"prettyPhoto[pp_gal]\"><img src=https:\/\/letrainjaune.fr\/wp-content\/uploads\/2021\/08\/DSC4909-640x452.jpg alt=\"\" title=\"DSC4909\" class=\"wp-image-4576\"\/><\/a><figcaption><span>&copy; Office de Tourisme Conflent Canig\u00f3<\/span><\/figcaption><\/figure><\/li><\/ul><\/figure>\n\n\n<p><a href=\"https:\/\/www.tourisme-canigou.com\/les-itineraires-vtt-espace-madres-coronat\/circuit-vtt-madres-coronat-la-porte-des-garrotxes-n-3-2560582\" target=\"_blank\" rel=\"noreferrer noopener\"><\/a><a href=\"https:\/\/www.tourisme-canigou.com\/organisez\/voir-faire\/randonnees\/les-itineraires-en-conflent\/pr74-villefranche-de-conflent-bell-lloc-2506069\" target=\"_blank\" rel=\"noreferrer noopener\">More information he<\/a>re ! <\/p>\n\n\n\n<p><\/p>\n\n\n\n<h2 class=\"wp-block-heading\">Nyer <\/h2>\n\n\n\n<h3 class=\"wp-block-heading\">En, the Abandoned Village <\/h3>\n\n\n\n<p>A bit apart from the T\u00eat Valley, discover the Castle of Nyer, guardian of an imposing valley. And, up there, hidden behind a hill, the hamlet of En also reveals its splendid chapel.<\/p>\n\n\n\n<p>4&nbsp;km; 2 hour walk.<\/p>\n\n\n<figure class=\"wp-block-image size-full\"><a href=https:\/\/letrainjaune.fr\/wp-content\/uploads\/2022\/04\/Chapelle-Saint-Just-et-Saint-Sauveur-OTC-Conflent-Canigo.jpg title=\"En, Chapel of Saint-Just and Saint-Sauveur\" rel=\"prettyPhoto\"><img src=https:\/\/letrainjaune.fr\/wp-content\/uploads\/2022\/04\/Chapelle-Saint-Just-et-Saint-Sauveur-OTC-Conflent-Canigo.jpg alt=\"\" title=\"Chapelle-Saint-Just-et-Saint-Sauveur-OTC-Conflent-Canigo\" width=\"\" class=\"wp-image-7596\"\/><\/a><figcaption>En, Chapel of Saint-Just and Saint-Sauveur<span>&copy; OTC Conflent-Canig\u00f3 <\/span><\/figcaption><\/figure>\n\n\n<p><a href=\"https:\/\/www.tourisme-canigou.com\/organisez\/voir-faire\/randonnees\/les-itineraires-en-conflent\/pr43-nyer-en-le-village-abandonne-690234\" target=\"_blank\" rel=\"noreferrer noopener\">More information here ! <\/a><\/p>\n\n\n\n<p><\/p>\n\n\n\n<h2 class=\"wp-block-heading\">Thu\u00e8s-caran\u00e7a <\/h2>\n\n\n\n<h3 class=\"wp-block-heading\">Thu\u00e8s-entre-Valls &#8211; Mas Barret <\/h3>\n\n\n\n<p>A beautiful route starting from the car park of the Caran\u00e7a Gorges, following the old mule track that leads to Mas&nbsp;Baret, and offers a magnificent view of the High Conflent.<\/p>\n\n\n\n<p>Be careful, rocky path and steep climb ! <\/p>\n\n\n\n<p>6&nbsp;km; 3 hours 30 walk<\/p>\n\n\n<figure class=\"wp-block-gallery columns-2 is-cropped\"><ul class=\"blocks-gallery-grid\"><li class=\"blocks-gallery-item\"><figure><a href=https:\/\/letrainjaune.fr\/wp-content\/uploads\/2021\/08\/Thues-Mas-Barret-@OTICC-2.jpg title=\"Views of Thues-entre-Valls\" rel=\"prettyPhoto[pp_gal]\"><img src=https:\/\/letrainjaune.fr\/wp-content\/uploads\/2021\/08\/Thues-Mas-Barret-@OTICC-2-640x452.jpg alt=\"\" title=\"Thues-Mas-Barret-@OTICC-2\" class=\"wp-image-4179\"\/><\/a><figcaption>Views of Thues-entre-Valls<span>&copy; OTICC <\/span><\/figcaption><\/figure><\/li><li class=\"blocks-gallery-item\"><figure><a href=https:\/\/letrainjaune.fr\/wp-content\/uploads\/2021\/08\/Thues-Mas-Barret-@OTICC.jpg title=\"Provencal Farmhouse \u201cBarret\u201d\" rel=\"prettyPhoto[pp_gal]\"><img src=https:\/\/letrainjaune.fr\/wp-content\/uploads\/2021\/08\/Thues-Mas-Barret-@OTICC-640x452.jpg alt=\"\" title=\"Thues-Mas-Barret-@OTICC\" class=\"wp-image-4183\"\/><\/a><figcaption>Provencal Farmhouse \u201cBarret\u201d<span>&copy; OTICC <\/span><\/figcaption><\/figure><\/li><\/ul><\/figure>\n\n\n<p><a href=\"https:\/\/www.tourisme-canigou.com\/organisez\/voir-faire\/randonnees\/les-itineraires-en-conflent\/thues-entre-valls-le-mas-baret-2603261\" target=\"_blank\" rel=\"noreferrer noopener\">More information here ! <\/a><\/p>\n\n\n\n<p><\/p>\n\n\n\n<h2 class=\"wp-block-heading\">Fontp\u00e9drouse <\/h2>\n\n\n\n<h3 class=\"wp-block-heading\">Around the Cucurucull<\/h3>\n\n\n\n<p>This loop trail starting from the hamlet of Prats-Balaguer will take you to the <em>Cami Ramader<\/em>, which once served as a path to move to summer pastures, to reach the hermitage of Nuria. Along the walk, you will also enjoy magnificent views of emblematic peaks of the territory such as the <em>Nou Fonts<\/em> (2,851&nbsp;m).<\/p>\n\n\n\n<p>Feeling like getting a little higher? The highest point of the trail will take you up to 1,996&nbsp;metres above sea level, at the <em>Collets d&#8217;Avall<\/em>. <\/p>\n\n\n\n<p>9&nbsp;km; 5 hour walk<\/p>\n\n\n\n<div class=\"wp-block-columns is-layout-flex wp-container-core-columns-is-layout-9d6595d7 wp-block-columns-is-layout-flex\">\n<div class=\"wp-block-column is-layout-flow wp-block-column-is-layout-flow\"><figure class=\"wp-block-image size-full\"><a href=https:\/\/letrainjaune.fr\/wp-content\/uploads\/2022\/02\/Prats-Balaguer-@OTCONFLENTCANIGO.jpg title=\"Above Prats-Balaguer\" rel=\"prettyPhoto\"><img src=https:\/\/letrainjaune.fr\/wp-content\/uploads\/2022\/02\/Prats-Balaguer-@OTCONFLENTCANIGO.jpg alt=\"\" title=\"Prats-Balaguer-@OTCONFLENTCANIGO\" width=\"\" class=\"wp-image-6478\"\/><\/a><figcaption>Above Prats-Balaguer<span>&copy; OTCONFLENTCANIGO<\/span><\/figcaption><\/figure><\/div>\n\n\n\n<div class=\"wp-block-column is-layout-flow wp-block-column-is-layout-flow\"><figure class=\"wp-block-image size-full\"><a href=https:\/\/letrainjaune.fr\/wp-content\/uploads\/2022\/02\/@OTCONFLENTCANIGO.jpg title=\"Altitude Landscapes\" rel=\"prettyPhoto\"><img src=https:\/\/letrainjaune.fr\/wp-content\/uploads\/2022\/02\/@OTCONFLENTCANIGO.jpg alt=\"\" title=\"@OTCONFLENTCANIGO\" width=\"\" class=\"wp-image-6482\"\/><\/a><figcaption>Altitude Landscapes<span>&copy; OTCONFLENTCANIGO <\/span><\/figcaption><\/figure><\/div>\n<\/div>\n\n\n\n<p><a href=\"https:\/\/www.tourisme-canigou.com\/organisez\/voir-faire\/randonnees\/les-itineraires-en-conflent\/pr31-fontpedrouse-autour-du-cucurucull-1869405\" target=\"_blank\" rel=\"noreferrer noopener\">More informations here ! <\/a><\/p>\n\n\n\n<p><\/p>\n\n\n\n<h2 class=\"wp-block-heading\">Sauto <\/h2>\n\n\n\n<h3 class=\"wp-block-heading\">The Yellow&nbsp;Train<\/h3>\n\n\n\n<p>This walk from one side of the T\u00eat Valley to the other side will make you discover the works of art of the steepest part of the route of the Yellow&nbsp;Train. Thematic trail with historical information on the train line and its monuments.<\/p>\n\n\n\n<p>To see along the way: Breathtaking passage under the Gisclard bridge!<\/p>\n\n\n\n<p>8 km; 4 hours 30 walk<\/p>\n\n\n<figure class=\"wp-block-image size-large\"><a href=https:\/\/letrainjaune.fr\/wp-content\/uploads\/2021\/09\/4096-2731-max-3.jpg title=\"The Yellow\u00a0Train in Autumn\" rel=\"prettyPhoto\"><img src=https:\/\/letrainjaune.fr\/wp-content\/uploads\/2021\/09\/4096-2731-max-3-1920x1280.jpg alt=\"\" title=\"4096-2731-max-3\" width=\"\" class=\"wp-image-4752\"\/><\/a><figcaption>The Yellow\u00a0Train in Autumn<span>&copy; JC MILHET <\/span><\/figcaption><\/figure>\n\n\n<p><a href=\"https:\/\/www.pyrenees-catalanes.net\/sites\/default\/files\/fiches_randos_2_partie8.pdf\" target=\"_blank\" rel=\"noreferrer noopener\">More informations here ! <\/a><\/p>\n\n\n\n<p><\/p>\n\n\n\n<h2 class=\"wp-block-heading\">Plan\u00e8s <\/h2>\n\n\n\n<h3 class=\"wp-block-heading\">The Trees of the High Conflent<\/h3>\n\n\n\n<p>Hiking trail of exceptional biological interest, with thematic information that will make your walk even more interesting as you discover the trees and bushes of the High Conflent. <\/p>\n\n\n\n<p>To see along the way: The Hot Sulphur Baths of Saint-Thomas! The hot waters offer an analgesic and relaxing effect. You will experience a feeling of well-being and relaxation! The sulphur in the water has an anti-infectious and antiseptic action.<\/p>\n\n\n\n<p>7&nbsp;km; 3 hour walk.<\/p>\n\n\n<figure class=\"wp-block-image size-full\"><a href=https:\/\/letrainjaune.fr\/wp-content\/uploads\/2021\/07\/Bains_de_saint-thomas@stephane_fortas18.jpg title=\"Fun Thermal Spa Resort of Saint-Thomas\" rel=\"prettyPhoto\"><img src=https:\/\/letrainjaune.fr\/wp-content\/uploads\/2021\/07\/Bains_de_saint-thomas@stephane_fortas18.jpg alt=\"\" title=\"Fun Thermal Spa Resort of Saint-Thomas\" width=\"\" class=\"wp-image-2990\"\/><\/a><figcaption>Fun Thermal Spa Resort of Saint-Thomas<span>&copy; stephane_fortas<\/span><\/figcaption><\/figure>\n\n\n<p><a href=\"https:\/\/www.pyrenees-catalanes.net\/sites\/default\/files\/fiches_randos_2_partie4.pdf\" target=\"_blank\" rel=\"noreferrer noopener\">More informations here ! <\/a><\/p>\n\n\n\n<p><\/p>\n\n\n\n<h2 class=\"wp-block-heading\">Mont-Louis \/ La Cabanasse <\/h2>\n\n\n\n<h3 class=\"wp-block-heading\">Well-Being with the Yellow Train<\/h3>\n\n\n\n<p>From the Yellow&nbsp;Train station, you will discover the High Conflent by taking old roads. Between La&nbsp;Cabanasse and La&nbsp;Cassagne, there is what is called the Roman road, the Strata Confluentana, which linked the Roussillon Region to Llivia. <\/p>\n\n\n\n<p>To see along the way: The Hot Sulphur Baths of Saint-Thomas! <\/p>\n\n\n\n<p>11&nbsp;km; 4 hour walk <\/p>\n\n\n\n<div class=\"wp-block-columns is-layout-flex wp-container-core-columns-is-layout-9d6595d7 wp-block-columns-is-layout-flex\">\n<div class=\"wp-block-column is-layout-flow wp-block-column-is-layout-flow\"><figure class=\"wp-block-image size-full\"><a href=https:\/\/letrainjaune.fr\/wp-content\/uploads\/2021\/07\/Bains_de_saint-thomas@stephane_fortas4.jpg title=\"Fun Thermal Spa Resort of Saint-Thomas at winter \" rel=\"prettyPhoto\"><img src=https:\/\/letrainjaune.fr\/wp-content\/uploads\/2021\/07\/Bains_de_saint-thomas@stephane_fortas4.jpg alt=\"\" title=\"Fun Thermal Spa Resort of Saint-Thomas at winter\" width=\"\" class=\"wp-image-2982\"\/><\/a><figcaption>Fun Thermal Spa Resort of Saint-Thomas at winter <span>&copy; stephane_fortas<\/span><\/figcaption><\/figure><\/div>\n\n\n\n<div class=\"wp-block-column is-layout-flow wp-block-column-is-layout-flow\"><figure class=\"wp-block-image size-large\"><a href=https:\/\/letrainjaune.fr\/wp-content\/uploads\/2022\/02\/TrainJaune-ete-@JCMILHET_PNRPC-4-scaled.jpg title=\"The path will take you below the famous \u201cGisclard Bridge\u201d\" rel=\"prettyPhoto\"><img src=https:\/\/letrainjaune.fr\/wp-content\/uploads\/2022\/02\/TrainJaune-ete-@JCMILHET_PNRPC-4-1920x1280.jpg alt=\"\" title=\"TrainJaune-ete-@JCMILHET_PNRPC-4\" width=\"404\" class=\"wp-image-6522\"\/><\/a><figcaption>The path will take you below the famous \u201cGisclard Bridge\u201d<span>&copy; @JCMILHET_PNRPC<\/span><\/figcaption><\/figure><\/div>\n<\/div>\n\n\n\n<p><a href=\"https:\/\/www.pyrenees-catalanes.net\/sites\/default\/files\/fiches_randos_2_partie9.pdf\" target=\"_blank\" rel=\"noreferrer noopener\">More informations here ! <\/a><\/p>\n\n\n\n<h3 class=\"wp-block-heading\">Following the \u201cCanary\u201d (Mountain Bike Trail) <\/h3>\n\n\n\n<p>Enduro route following the legendary Yellow&nbsp;Train line and offering magnificent views of the upper T\u00eat Valley.<\/p>\n\n\n\n<p>24 km; 4 hour by bike<\/p>\n\n\n\n<p><a href=\"https:\/\/www.tourisme-canigou.com\/les-itineraires-vtt-espace-madres-coronat\/circuit-vtt-madres-coronat-en-suivant-le-canari-n-1-2596668\" target=\"_blank\" rel=\"noreferrer noopener\">More informations here !  <\/a><\/p>\n\n\n\n<p><\/p>\n\n\n\n<h2 class=\"wp-block-heading\">Bolqu\u00e8re <\/h2>\n\n\n\n<h3 class=\"wp-block-heading\">The Cariolettes Path<\/h3>\n\n\n\n<p>The \u201cCariolette\u201d is a small mushroom typical of the regional cuisine. This easy hike through the pastures closely follows the route of the Yellow&nbsp;Train line!<\/p>\n\n\n\n<p>10 km; 3 hour walk. <\/p>\n\n\n\n<p><a href=\"https:\/\/www.pyrenees-catalanes.net\/sites\/default\/files\/fiches_randos_diverses\/fiches_rando_pedestres\/39.pdf\" target=\"_blank\" rel=\"noreferrer noopener\">More informations here ! <\/a><\/p>\n\n\n\n<p><\/p>\n\n\n\n<h2 class=\"wp-block-heading\">Font-Romeu \/ Odeillo \/ Via <\/h2>\n\n\n\n<h3 class=\"wp-block-heading\">The Odeillo Solar Oven<\/h3>\n\n\n\n<p>An internationally renowned CNRS research laboratory, it was brought into operation in&nbsp;1968 for scientific research thanks to Professor <em>F\u00e9lix Trombe<\/em>. It is located in Cerdanya due to the quality and duration of sunshine as well as the purity of the atmosphere in this high territory. <\/p>\n\n\n\n<p>4 km; 1 hour and a half walk<\/p>\n\n\n\n<div class=\"wp-block-columns is-layout-flex wp-container-core-columns-is-layout-9d6595d7 wp-block-columns-is-layout-flex\">\n<div class=\"wp-block-column is-layout-flow wp-block-column-is-layout-flow\"><figure class=\"wp-block-image size-full\"><a href=https:\/\/letrainjaune.fr\/wp-content\/uploads\/2021\/07\/four-solaire.jpg title=\"The Odeillo Solar Oven\" rel=\"prettyPhoto\"><img src=https:\/\/letrainjaune.fr\/wp-content\/uploads\/2021\/07\/four-solaire.jpg alt=\"\" title=\"Solar Ovens\" width=\"\" class=\"wp-image-6639\"\/><\/a><figcaption>The Odeillo Solar Oven<span>&copy; Mairie de Font-Romeu <\/span><\/figcaption><\/figure><\/div>\n<\/div>\n\n\n\n<p><a href=\"https:\/\/www.pyrenees-catalanes.net\/sites\/default\/files\/fiches_randos_2_partie27.pdf\">More informations here ! <\/a><\/p>\n\n\n\n<h3 class=\"wp-block-heading\">The Egat Forest (Mountain Bike Trail)<\/h3>\n\n\n\n<p>To see along the way: the unmissable chapel of the Hermitage!<\/p>\n\n\n\n<p>8km; 1 hour and a half by bike<\/p>\n\n\n\n<p><a href=\"https:\/\/www.pyrenees-catalanes.net\/sites\/default\/files\/fiches_randos_diverses\/fiches_vtt\/42_vtt.pdf\" target=\"_blank\" rel=\"noreferrer noopener\">More informations here ! <\/a><\/p>\n\n\n\n<p><\/p>\n\n\n\n<h2 class=\"wp-block-heading\">Estavar <\/h2>\n\n\n\n<h3 class=\"wp-block-heading\">The Discovery of an Enclave<\/h3>\n\n\n\n<p>A particularity of the French territory since the Treaty of the Pyrenees of 1659, Ll\u00edvia is a Spanish enclave located in the heart of French Cerdanya. Departure from Sant Julia d&#8217;Estavar Church.<\/p>\n\n\n\n<p>To see along the way: The Chaos of Targasonne, a natural site made up of hundreds of giant granite blocks.<\/p>\n\n\n\n<p>14km; 5 hour walk<\/p>\n\n\n<figure class=\"wp-block-image size-full\"><a href=https:\/\/letrainjaune.fr\/wp-content\/uploads\/2021\/08\/Llivia-@Office-de-tourisme-de-Llivia-5.jpg title=\"Above Llivia\" rel=\"prettyPhoto\"><img src=https:\/\/letrainjaune.fr\/wp-content\/uploads\/2021\/08\/Llivia-@Office-de-tourisme-de-Llivia-5.jpg alt=\"\" title=\"Above Llivia\" width=\"\" class=\"wp-image-4524\"\/><\/a><figcaption>Above Llivia<span>&copy; Office de tourisme de Llivia <\/span><\/figcaption><\/figure>\n\n\n<p><a href=\"https:\/\/www.pyrenees-cerdagne.com\/planifier\/activites\/itineraires-activites-de-pleine-nature\/pr-8-la-decouverte-d-une-enclave-2202988\" target=\"_blank\" rel=\"noreferrer noopener\">More information here ! <\/a><\/p>\n\n\n\n<p><\/p>\n\n\n\n<h3 class=\"wp-block-heading\">From one train station to another<\/h3>\n\n\n\n<p>From the car park of the Estavar train station, cross the hamlets of Bajande and R\u00f4 before continuing to Font-Romeu station.<\/p>\n\n\n\n<p>The way back can be done by train.<\/p>\n\n\n\n<p>To see along the way: The St Julien d&#8217;Estavar Church, where you can admire altarpieces dating from the 18<sup>th<\/sup> and 19<sup>th<\/sup> centuries and a Christ representation from the 17<sup>th<\/sup> century!<\/p>\n\n\n\n<p>9 km; 4 hour walk<\/p>\n\n\n\n<div class=\"wp-block-columns is-layout-flex wp-container-core-columns-is-layout-9d6595d7 wp-block-columns-is-layout-flex\">\n<div class=\"wp-block-column is-layout-flow wp-block-column-is-layout-flow\"><figure class=\"wp-block-image size-full\"><a href=https:\/\/letrainjaune.fr\/wp-content\/uploads\/2022\/02\/Estavar-@OTC-Pyrenees-Cerdagne-1.jpg title=\"Estavar Village\" rel=\"prettyPhoto\"><img src=https:\/\/letrainjaune.fr\/wp-content\/uploads\/2022\/02\/Estavar-@OTC-Pyrenees-Cerdagne-1.jpg alt=\"\" title=\"Estavar-@OTC-Pyrenees-Cerdagne-1\" width=\"\" class=\"wp-image-6553\"\/><\/a><figcaption>Estavar Village<span>&copy; @OTC Pyr\u00e9n\u00e9es-Cerdagne <\/span><\/figcaption><\/figure><\/div>\n\n\n\n<div class=\"wp-block-column is-layout-flow wp-block-column-is-layout-flow\"><figure class=\"wp-block-image size-full\"><a href=https:\/\/letrainjaune.fr\/wp-content\/uploads\/2022\/02\/Estavar-2-@OTC-Pyrenees-Cerdagne.jpg title=\"On the Road\" rel=\"prettyPhoto\"><img src=https:\/\/letrainjaune.fr\/wp-content\/uploads\/2022\/02\/Estavar-2-@OTC-Pyrenees-Cerdagne.jpg alt=\"\" title=\"Estavar-2-@OTC-Pyrenees-Cerdagne\" width=\"\" class=\"wp-image-6557\"\/><\/a><figcaption>On the Road<span>&copy; OTC Pyr\u00e9n\u00e9es-Cerdagne <\/span><\/figcaption><\/figure><\/div>\n<\/div>\n\n\n\n<p><a href=\"https:\/\/www.pyrenees-cerdagne.com\/planifier\/activites\/itineraires-activites-de-pleine-nature\/pr-10-d-une-gare-a-une-autre-2202995\" target=\"_blank\" rel=\"noreferrer noopener\">More information here ! <\/a><\/p>\n\n\n\n<p><\/p>\n\n\n\n<h2 class=\"wp-block-heading\">Saillagouse <\/h2>\n\n\n\n<h3 class=\"wp-block-heading\">Discover a Territory<\/h3>\n\n\n\n<p>The start of this hike is in Saillagouse, the \u201ccapital\u201d of French Cerdanya. It is a village full of history and with a strong historical and gourmet heritage! Do not hesitate to visit the ham dryer during your visit!<\/p>\n\n\n\n<p>To see along the way: The Chapel of the &#8220;Black Virgin&#8221; of Err. It is said that she has the power to solve all sorts of misfortunes, and that she ended a bovine epidemic in 1726! <\/p>\n\n\n\n<p>11.5 km; 4 hour walk<\/p>\n\n\n\n<div class=\"wp-block-columns is-layout-flex wp-container-core-columns-is-layout-9d6595d7 wp-block-columns-is-layout-flex\">\n<div class=\"wp-block-column is-layout-flow wp-block-column-is-layout-flow\"><figure class=\"wp-block-image size-full\"><a href=https:\/\/letrainjaune.fr\/wp-content\/uploads\/2022\/02\/Saillagouse-@OTC-Pyrenees-Cerdagne-1.jpg title=\"Saillagouse \" rel=\"prettyPhoto\"><img src=https:\/\/letrainjaune.fr\/wp-content\/uploads\/2022\/02\/Saillagouse-@OTC-Pyrenees-Cerdagne-1.jpg alt=\"\" title=\"Saillagouse-@OTC-Pyrenees-Cerdagne-1\" width=\"\" class=\"wp-image-6530\"\/><\/a><figcaption>Saillagouse <span>&copy; OTC Pyr\u00e9n\u00e9es Cerdagne <\/span><\/figcaption><\/figure><\/div>\n\n\n\n<div class=\"wp-block-column is-layout-flow wp-block-column-is-layout-flow\"><figure class=\"wp-block-image size-full\"><a href=https:\/\/letrainjaune.fr\/wp-content\/uploads\/2022\/02\/Vierge-noire-dErr-@OTC-Pyrenees-Cerdagne.jpg title=\"The Black Virgin of Err\" rel=\"prettyPhoto\"><img src=https:\/\/letrainjaune.fr\/wp-content\/uploads\/2022\/02\/Vierge-noire-dErr-@OTC-Pyrenees-Cerdagne.jpg alt=\"\" title=\"Vierge-noire-dErr-@OTC-Pyrenees-Cerdagne\" width=\"\" class=\"wp-image-6534\"\/><\/a><figcaption>The Black Virgin of Err<span>&copy; OTC Pyr\u00e9n\u00e9es Cerdagne <\/span><\/figcaption><\/figure><\/div>\n<\/div>\n\n\n\n<p><a href=\"https:\/\/www.pyrenees-cerdagne.com\/planifier\/activites\/itineraires-activites-de-pleine-nature\/pr-19-a-la-decouverte-d-un-territoire-2201989\" target=\"_blank\" rel=\"noreferrer noopener\">More informations here ! <\/a><\/p>\n\n\n\n<p><\/p>\n\n\n\n<h2 class=\"wp-block-heading\">Err <\/h2>\n\n\n\n<h3 class=\"wp-block-heading\">The Puigmal Crests <\/h3>\n\n\n\n<p>A hiking trail that will take you to the Puigmal D&#8217;Err, the second highest peak of the Pyr\u00e9n\u00e9es-Orientales, culminating at 2,921&nbsp;m. This true Pyrenean peak offers a vast panorama of Cerdanya and the Nuria Valley in Spain.<\/p>\n\n\n\n<p>10km; 5 hour walk<\/p>\n\n\n<figure class=\"wp-block-image size-full\"><a href=https:\/\/letrainjaune.fr\/wp-content\/uploads\/2022\/03\/Les-cretes-du-Puigmal-1.jpg title=\"From the Puigmal Crests\" rel=\"prettyPhoto\"><img src=https:\/\/letrainjaune.fr\/wp-content\/uploads\/2022\/03\/Les-cretes-du-Puigmal-1.jpg alt=\"\" title=\"Les-cretes-du-Puigmal-1\" width=\"\" class=\"wp-image-7587\"\/><\/a><figcaption>From the Puigmal Crests<span>&copy; OTC Pyr\u00e9n\u00e9es-Cerdagne <\/span><\/figcaption><\/figure>\n\n\n<p><a href=\"https:\/\/www.pyrenees-cerdagne.com\/planifier\/activites\/itineraires-activites-de-pleine-nature\/pr-20-les-cretes-du-puigmal-2202997\">More information here ! <\/a><\/p>\n\n\n\n<p><\/p>\n\n\n\n<h2 class=\"wp-block-heading\">Sainte Leocadie <\/h2>\n\n\n\n<h3 class=\"wp-block-heading\">A story of Cerdanya<\/h3>\n\n\n\n<p>Atmosphere of Lower Cerdanya, typical old farms, green fields, agricultural landscapes&#8230;<\/p>\n\n\n\n<p>The start of this walk is next to the museum of Cerdanya in Sainte&nbsp;L\u00e9ocadie, a village made up of 4&nbsp;hamlets. On the heights of the village, you will discover Nahuja and its old buildings.&nbsp;<\/p>\n\n\n\n<p>To see along the way: The Farm of Cal Mateu, a typical farm of Cerdanya. The building has now become the Museum of Cerdanya.<\/p>\n\n\n\n<p>4km; 1 hour and a half walk<\/p>\n\n\n\n<div class=\"wp-block-columns is-layout-flex wp-container-core-columns-is-layout-9d6595d7 wp-block-columns-is-layout-flex\">\n<div class=\"wp-block-column is-layout-flow wp-block-column-is-layout-flow\"><figure class=\"wp-block-image size-full\"><a href=https:\/\/letrainjaune.fr\/wp-content\/uploads\/2021\/08\/Patrimoine-Musee-de-Cerdagne-salle-expo-Bergers-et-troupeaux-\u00a9CDC-Pyrenees-Cerdagne.jpg title=\"Museum of Cerdanya\" rel=\"prettyPhoto\"><img src=https:\/\/letrainjaune.fr\/wp-content\/uploads\/2021\/08\/Patrimoine-Musee-de-Cerdagne-salle-expo-Bergers-et-troupeaux-\u00a9CDC-Pyrenees-Cerdagne.jpg alt=\"\" title=\"Heritage &#8211; Cerdanya Museum\" width=\"\" class=\"wp-image-4211\"\/><\/a><figcaption>Museum of Cerdanya<span>&copy; CDC Pyr\u00e9n\u00e9es-Cerdagne<\/span><\/figcaption><\/figure><\/div>\n\n\n\n<div class=\"wp-block-column is-layout-flow wp-block-column-is-layout-flow\"><figure class=\"wp-block-image size-full\"><a href=https:\/\/letrainjaune.fr\/wp-content\/uploads\/2021\/08\/Patrimoine-Musee-de-Cerdagne-le-jardin-du-Musee.jpg title=\"High Altitude Vegetable Garden \" rel=\"prettyPhoto\"><img src=https:\/\/letrainjaune.fr\/wp-content\/uploads\/2021\/08\/Patrimoine-Musee-de-Cerdagne-le-jardin-du-Musee.jpg alt=\"\" title=\"High Altitude Vegetable Garden\" width=\"404\" class=\"wp-image-4203\"\/><\/a><figcaption>High Altitude Vegetable Garden <span>&copy; CDC Pyr\u00e9n\u00e9es-Cerdagne <\/span><\/figcaption><\/figure><\/div>\n<\/div>\n\n\n\n<p><a href=\"https:\/\/www.pyrenees-cerdagne.com\/planifier\/activites\/itineraires-activites-de-pleine-nature\/pr-23-la-cerdagne-se-raconte-2201965\" target=\"_blank\" rel=\"noreferrer noopener\">More informations here ! <\/a><\/p>\n\n\n\n<p><\/p>\n\n\n\n<h2 class=\"wp-block-heading\">Oss\u00e9ja <\/h2>\n\n\n\n<h3 class=\"wp-block-heading\">Loop Trail of the Couronnes<\/h3>\n\n\n\n<p>Discover the Refuge of the Couronnes, located at an altitude of 1,850&nbsp;m. You will enjoy a breathtaking view of the peaks of the Puigmal massif! <\/p>\n\n\n\n<p>12 km; 5 hour walk<\/p>\n\n\n<figure class=\"wp-block-image size-full\"><a href=https:\/\/letrainjaune.fr\/wp-content\/uploads\/2022\/02\/Couronnes-@OTC-Pyrenees-Cerdagne.jpg title=\"From the Refuge of the Couronnes\" rel=\"prettyPhoto\"><img src=https:\/\/letrainjaune.fr\/wp-content\/uploads\/2022\/02\/Couronnes-@OTC-Pyrenees-Cerdagne.jpg alt=\"\" title=\"Couronnes-@OTC-Pyrenees-Cerdagne\" width=\"\" class=\"wp-image-6549\"\/><\/a><figcaption>From the Refuge of the Couronnes<span>&copy; OTC Pyr\u00e9n\u00e9es-Cerdagne <\/span><\/figcaption><\/figure>\n\n\n<p><a href=\"https:\/\/www.pyrenees-cerdagne.com\/planifier\/activites\/itineraires-activites-de-pleine-nature\/ch-95-boucle-des-couronnes-2919323\" target=\"_blank\" rel=\"noreferrer noopener\">More informations here ! <\/a><\/p>\n\n\n\n<p><\/p>\n\n\n\n<h2 class=\"wp-block-heading\">Bourg-Madame <\/h2>\n\n\n\n<h3 class=\"wp-block-heading\">The Cami de la Fount d\u2019Hix<\/h3>\n\n\n\n<p>This path will take you to the heart of the cradle of the Counts of Cerdanya. You will see a lintel on their residence engraved with a lion, proof of the seigniorial origin of the house. From the Tourist Information Point of Bourg-Madame, follow the yellow markings (PR 25).<\/p>\n\n\n\n<p>4 km; 1 hour and a half walk<\/p>\n\n\n<figure class=\"wp-block-image size-full\"><a href=https:\/\/letrainjaune.fr\/wp-content\/uploads\/2022\/02\/Eglise-de-Hix-@OTC-Pyrenees-Cerdagne.jpg title=\"The Hix Church\" rel=\"prettyPhoto\"><img src=https:\/\/letrainjaune.fr\/wp-content\/uploads\/2022\/02\/Eglise-de-Hix-@OTC-Pyrenees-Cerdagne.jpg alt=\"\" title=\"Eglise-de-Hix-@OTC-Pyrenees-Cerdagne\" width=\"\" class=\"wp-image-6512\"\/><\/a><figcaption>The Hix Church<span>&copy; OTC Pyr\u00e9n\u00e9es-Cerdagne <\/span><\/figcaption><\/figure>\n\n\n<p><a href=\"https:\/\/www.pyrenees-cerdagne.com\/planifier\/activites\/itineraires-activites-de-pleine-nature\/pr-25-le-cami-de-la-fount-d-hix-2201969\" target=\"_blank\" rel=\"noreferrer noopener\">More informations here ! <\/a><\/p>\n\n\n\n<p><\/p>\n\n\n\n<h3 class=\"wp-block-heading\">The Cami de Caldegues<\/h3>\n\n\n\n<p>At the Pla&nbsp;de&nbsp;Dalt, the road linking the village of Cald\u00e9gas to the RN 116 offers a 360\u00b0 panorama over all Cerdanya. Departure from the small town square of Hix!<\/p>\n\n\n\n<p>To see along the way: The Saint-Romain de Cald\u00e9gas Church, a Romanesque building dating from the 11<sup>th<\/sup>&nbsp;century. You can admire magnificent and rare wall paintings inside.<\/p>\n\n\n\n<p>4.5 km; 2 hour walk <\/p>\n\n\n\n<div class=\"wp-block-columns is-layout-flex wp-container-core-columns-is-layout-9d6595d7 wp-block-columns-is-layout-flex\">\n<div class=\"wp-block-column is-layout-flow wp-block-column-is-layout-flow\"><figure class=\"wp-block-image size-full\"><a href=https:\/\/letrainjaune.fr\/wp-content\/uploads\/2022\/03\/La-Cami-de-Caldegues-1-1.jpg title=\" Saint-Romain of Caldeguas church  \" rel=\"prettyPhoto\"><img src=https:\/\/letrainjaune.fr\/wp-content\/uploads\/2022\/03\/La-Cami-de-Caldegues-1-1.jpg alt=\"\" title=\"La-Cami-de-Caldegues-1-1\" width=\"\" class=\"wp-image-7556\"\/><\/a><figcaption> Saint-Romain of Caldeguas church  <span>&copy; OTC Pyr\u00e9n\u00e9es-Cerdagne <\/span><\/figcaption><\/figure><\/div>\n\n\n\n<div class=\"wp-block-column is-layout-flow wp-block-column-is-layout-flow\"><figure class=\"wp-block-image size-full\"><a href=https:\/\/letrainjaune.fr\/wp-content\/uploads\/2022\/03\/Le-Cami-de-Caldegues-2.jpg title=\"Saint-Romain of Caldeguas church \" rel=\"prettyPhoto\"><img src=https:\/\/letrainjaune.fr\/wp-content\/uploads\/2022\/03\/Le-Cami-de-Caldegues-2.jpg alt=\"\" title=\"Le-Cami-de-Caldegues-2\" width=\"\" class=\"wp-image-7549\"\/><\/a><figcaption>Saint-Romain of Caldeguas church <span>&copy; OTC Pyr\u00e9n\u00e9es-Cerdagne <\/span><\/figcaption><\/figure><\/div>\n<\/div>\n\n\n\n<p><a href=\"https:\/\/www.pyrenees-cerdagne.com\/planifier\/activites\/itineraires-activites-de-pleine-nature\/pr-26-le-cami-de-caldegues-2201971\" target=\"_blank\" rel=\"noreferrer noopener\">More informations here ! <\/a><\/p>\n\n\n\n<p><\/p>\n\n\n\n<h2 class=\"wp-block-heading\">Ur \/ Les-Escaldes <\/h2>\n\n\n\n<h3 class=\"wp-block-heading\">Beyond the Border<\/h3>\n\n\n\n<p>Departing from the church of Ur, discover Llivia, a Spanish enclave in the heart of the French territory. Along the way, you can see some of the 602&nbsp;border markers, numbered from the Atlantic to the Mediterranean.<\/p>\n\n\n\n<p>To see along the way: The Saint-Martin d&#8217;Ur Church, witness to the presence of works of Romanesque art in the territory.&nbsp;&nbsp;<\/p>\n\n\n\n<p>9km; 2 hour walk<\/p>\n\n\n\n<div class=\"wp-block-columns is-layout-flex wp-container-core-columns-is-layout-9d6595d7 wp-block-columns-is-layout-flex\">\n<div class=\"wp-block-column is-layout-flow wp-block-column-is-layout-flow\"><figure class=\"wp-block-image size-full\"><a href=https:\/\/letrainjaune.fr\/wp-content\/uploads\/2022\/02\/Estavar-@OTC-Pyrenees-Cerdagne.jpg title=\"Llivia \" rel=\"prettyPhoto\"><img src=https:\/\/letrainjaune.fr\/wp-content\/uploads\/2022\/02\/Estavar-@OTC-Pyrenees-Cerdagne.jpg alt=\"\" title=\"Estavar-@OTC-Pyrenees-Cerdagne\" width=\"\" class=\"wp-image-6486\"\/><\/a><figcaption>Llivia <span>&copy; OTC Pyr\u00e9n\u00e9es-Cerdagne <\/span><\/figcaption><\/figure><\/div>\n\n\n\n<div class=\"wp-block-column is-layout-flow wp-block-column-is-layout-flow\"><figure class=\"wp-block-image size-full\"><a href=https:\/\/letrainjaune.fr\/wp-content\/uploads\/2022\/02\/Plateau-de-Cerdagne-@OTC-Pyrenees-Cerdagne.jpg title=\"The Cerdanya Plateau\" rel=\"prettyPhoto\"><img src=https:\/\/letrainjaune.fr\/wp-content\/uploads\/2022\/02\/Plateau-de-Cerdagne-@OTC-Pyrenees-Cerdagne.jpg alt=\"\" title=\"Plateau-de-Cerdagne-@OTC-Pyrenees-Cerdagne\" width=\"\" class=\"wp-image-6490\"\/><\/a><figcaption>The Cerdanya Plateau<span>&copy; OTC Pyr\u00e9n\u00e9es-Cerdagne <\/span><\/figcaption><\/figure><\/div>\n<\/div>\n\n\n\n<p><a href=\"https:\/\/www.pyrenees-cerdagne.com\/planifier\/activites\/itineraires-activites-de-pleine-nature\/pr-11-par-dela-la-frontiere-2201944\" target=\"_blank\" rel=\"noreferrer noopener\">More informations here ! <\/a><\/p>\n\n\n\n<p><\/p>\n\n\n\n<h2 class=\"wp-block-heading\">Latour-de-Carol \/ Enveitg <\/h2>\n\n\n\n<h2 class=\"wp-block-heading\">By the Farm of Salit<\/h2>\n\n\n\n<p>This walk starts behind the church of Latour-de-Carol, a few kilometres from the train station. Take a break during your walk to visit the parish church dedicated to Saint-Etienne, dating from the 18<sup>th<\/sup> century.<\/p>\n\n\n\n<p>6km; 2 hour walk<\/p>\n\n\n\n<div class=\"wp-block-columns is-layout-flex wp-container-core-columns-is-layout-9d6595d7 wp-block-columns-is-layout-flex\">\n<div class=\"wp-block-column is-layout-flow wp-block-column-is-layout-flow\"><figure class=\"wp-block-image size-full\"><a href=https:\/\/letrainjaune.fr\/wp-content\/uploads\/2022\/02\/La-ferme-de-Salit-@OTC-Pyrenees-Cerdagne-1.jpg title=\"In direction of the Farm of Salit!\" rel=\"prettyPhoto\"><img src=https:\/\/letrainjaune.fr\/wp-content\/uploads\/2022\/02\/La-ferme-de-Salit-@OTC-Pyrenees-Cerdagne-1.jpg alt=\"\" title=\"La-ferme-de-Salit-@OTC-Pyrenees-Cerdagne-1\" width=\"\" class=\"wp-image-6498\"\/><\/a><figcaption>In direction of the Farm of Salit!<span>&copy; OTC Pyr\u00e9n\u00e9es-Cerdagne <\/span><\/figcaption><\/figure><\/div>\n\n\n\n<div class=\"wp-block-column is-layout-flow wp-block-column-is-layout-flow\"><figure class=\"wp-block-image size-full\"><a href=https:\/\/letrainjaune.fr\/wp-content\/uploads\/2022\/02\/Eglise-Saint-Etienne-@OTC-Pyrenees-Cerdagne.jpg title=\"Saint-\u00c9tienne Church\" rel=\"prettyPhoto\"><img src=https:\/\/letrainjaune.fr\/wp-content\/uploads\/2022\/02\/Eglise-Saint-Etienne-@OTC-Pyrenees-Cerdagne.jpg alt=\"\" title=\"Eglise-Saint-Etienne-@OTC-Pyrenees-Cerdagne\" width=\"\" class=\"wp-image-6502\"\/><\/a><figcaption>Saint-\u00c9tienne Church<span>&copy; OTC Pyr\u00e9n\u00e9es-Cerdagne <\/span><\/figcaption><\/figure><\/div>\n<\/div>\n\n\n\n<p><a href=\"https:\/\/www.pyrenees-cerdagne.com\/planifier\/activites\/itineraires-activites-de-pleine-nature\/pr-6-par-la-ferme-de-salit-2201874\" target=\"_blank\" rel=\"noreferrer noopener\">More informations here ! <\/a><\/p>\n\n\n\n<p><\/p>\n","protected":false},"excerpt":{"rendered":"<p>Villefranche-de-Conflent \/ Vernet-les-Bains The Chapel of Bell Lloc by the hiking trail PR74 With a splendid panorama on the Canig\u00f3, this hiking trail will take you to the discovery of major sites classified as World Heritage by Unesco, the abandoned village of Bell Lloc and its Saint-Andr\u00e9 chapel, while offering wonderful views of the massifs [&hellip;]<\/p>\n","protected":false},"author":5,"featured_media":2919,"parent":1888,"menu_order":0,"comment_status":"closed","ping_status":"closed","template":"","meta":{"_acf_changed":false,"inline_featured_image":false,"footnotes":""},"class_list":["post-10441","page","type-page","status-publish","has-post-thumbnail","hentry"],"acf":[],"yoast_head":"<!-- This site is optimized with the Yoast SEO plugin v25.4 - https:\/\/yoast.com\/wordpress\/plugins\/seo\/ -->\n<title>Hiking or biking, from the yellow train stations ! - Let\u2019s Get on the Yellow Train<\/title>\n<meta name=\"robots\" content=\"index, follow, max-snippet:-1, max-image-preview:large, max-video-preview:-1\" \/>\n<link rel=\"canonical\" href=\"https:\/\/letrainjaune.fr\/en\/plan-your-trip\/options-to-get-around\/a-pied-ou-a-velo-depuis-les-gares\/\" \/>\n<meta property=\"og:locale\" content=\"en_US\" \/>\n<meta property=\"og:type\" content=\"article\" \/>\n<meta property=\"og:title\" content=\"Hiking or biking, from the yellow train stations ! - Let\u2019s Get on the Yellow Train\" \/>\n<meta property=\"og:description\" content=\"Villefranche-de-Conflent \/ Vernet-les-Bains The Chapel of Bell Lloc by the hiking trail PR74 With a splendid panorama on the Canig\u00f3, this hiking trail will take you to the discovery of major sites classified as World Heritage by Unesco, the abandoned village of Bell Lloc and its Saint-Andr\u00e9 chapel, while offering wonderful views of the massifs [&hellip;]\" \/>\n<meta property=\"og:url\" content=\"https:\/\/letrainjaune.fr\/en\/plan-your-trip\/options-to-get-around\/a-pied-ou-a-velo-depuis-les-gares\/\" \/>\n<meta property=\"og:site_name\" content=\"Let\u2019s Get on the Yellow Train\" \/>\n<meta property=\"article:modified_time\" content=\"2023-07-13T16:22:40+00:00\" \/>\n<meta property=\"og:image\" content=\"https:\/\/letrainjaune.fr\/wp-content\/uploads\/2021\/07\/Gorges_de_la_Caranca_\u00a9CONFLENTCANIGO102.jpg\" \/>\n\t<meta property=\"og:image:width\" content=\"1080\" \/>\n\t<meta property=\"og:image:height\" content=\"715\" \/>\n\t<meta property=\"og:image:type\" content=\"image\/jpeg\" \/>\n<meta name=\"twitter:card\" content=\"summary_large_image\" \/>\n<meta name=\"twitter:label1\" content=\"Est. reading time\" \/>\n\t<meta name=\"twitter:data1\" content=\"16 minutes\" \/>\n<script type=\"application\/ld+json\" class=\"yoast-schema-graph\">{\"@context\":\"https:\/\/schema.org\",\"@graph\":[{\"@type\":\"WebPage\",\"@id\":\"https:\/\/letrainjaune.fr\/en\/plan-your-trip\/options-to-get-around\/a-pied-ou-a-velo-depuis-les-gares\/\",\"url\":\"https:\/\/letrainjaune.fr\/en\/plan-your-trip\/options-to-get-around\/a-pied-ou-a-velo-depuis-les-gares\/\",\"name\":\"Hiking or biking, from the yellow train stations ! - Let\u2019s Get on the Yellow Train\",\"isPartOf\":{\"@id\":\"https:\/\/letrainjaune.fr\/en\/#website\"},\"primaryImageOfPage\":{\"@id\":\"https:\/\/letrainjaune.fr\/en\/plan-your-trip\/options-to-get-around\/a-pied-ou-a-velo-depuis-les-gares\/#primaryimage\"},\"image\":{\"@id\":\"https:\/\/letrainjaune.fr\/en\/plan-your-trip\/options-to-get-around\/a-pied-ou-a-velo-depuis-les-gares\/#primaryimage\"},\"thumbnailUrl\":\"https:\/\/letrainjaune.fr\/wp-content\/uploads\/2021\/07\/Gorges_de_la_Caranca_\u00a9CONFLENTCANIGO102.jpg\",\"datePublished\":\"2021-08-05T09:28:24+00:00\",\"dateModified\":\"2023-07-13T16:22:40+00:00\",\"breadcrumb\":{\"@id\":\"https:\/\/letrainjaune.fr\/en\/plan-your-trip\/options-to-get-around\/a-pied-ou-a-velo-depuis-les-gares\/#breadcrumb\"},\"inLanguage\":\"en-US\",\"potentialAction\":[{\"@type\":\"ReadAction\",\"target\":[\"https:\/\/letrainjaune.fr\/en\/plan-your-trip\/options-to-get-around\/a-pied-ou-a-velo-depuis-les-gares\/\"]}]},{\"@type\":\"ImageObject\",\"inLanguage\":\"en-US\",\"@id\":\"https:\/\/letrainjaune.fr\/en\/plan-your-trip\/options-to-get-around\/a-pied-ou-a-velo-depuis-les-gares\/#primaryimage\",\"url\":\"https:\/\/letrainjaune.fr\/wp-content\/uploads\/2021\/07\/Gorges_de_la_Caranca_\u00a9CONFLENTCANIGO102.jpg\",\"contentUrl\":\"https:\/\/letrainjaune.fr\/wp-content\/uploads\/2021\/07\/Gorges_de_la_Caranca_\u00a9CONFLENTCANIGO102.jpg\",\"width\":1080,\"height\":715,\"caption\":\"The Caran\u00e7a Valley\"},{\"@type\":\"BreadcrumbList\",\"@id\":\"https:\/\/letrainjaune.fr\/en\/plan-your-trip\/options-to-get-around\/a-pied-ou-a-velo-depuis-les-gares\/#breadcrumb\",\"itemListElement\":[{\"@type\":\"ListItem\",\"position\":1,\"name\":\"Home page\",\"item\":\"https:\/\/letrainjaune.fr\/en\/\"},{\"@type\":\"ListItem\",\"position\":2,\"name\":\"Plan your trip\",\"item\":\"https:\/\/letrainjaune.fr\/en\/plan-your-trip\/\"},{\"@type\":\"ListItem\",\"position\":3,\"name\":\"Roaming\",\"item\":\"https:\/\/letrainjaune.fr\/en\/plan-your-trip\/options-to-get-around\/\"},{\"@type\":\"ListItem\",\"position\":4,\"name\":\"Hiking or biking, from the yellow train stations !\"}]},{\"@type\":\"WebSite\",\"@id\":\"https:\/\/letrainjaune.fr\/en\/#website\",\"url\":\"https:\/\/letrainjaune.fr\/en\/\",\"name\":\"Let\u2019s Get on the Yellow Train\",\"description\":\"Dans les Pyr\u00e9n\u00e9es Catalanes, d\u00e9couvrez ce train sur le plus haut chemin de fer d\u2019Europe.\",\"publisher\":{\"@id\":\"https:\/\/letrainjaune.fr\/en\/#organization\"},\"potentialAction\":[{\"@type\":\"SearchAction\",\"target\":{\"@type\":\"EntryPoint\",\"urlTemplate\":\"https:\/\/letrainjaune.fr\/en\/?s={search_term_string}\"},\"query-input\":{\"@type\":\"PropertyValueSpecification\",\"valueRequired\":true,\"valueName\":\"search_term_string\"}}],\"inLanguage\":\"en-US\"},{\"@type\":\"Organization\",\"@id\":\"https:\/\/letrainjaune.fr\/en\/#organization\",\"name\":\"Let\u2019s Get on the Yellow Train\",\"url\":\"https:\/\/letrainjaune.fr\/en\/\",\"logo\":{\"@type\":\"ImageObject\",\"inLanguage\":\"en-US\",\"@id\":\"https:\/\/letrainjaune.fr\/en\/#\/schema\/logo\/image\/\",\"url\":\"https:\/\/letrainjaune.fr\/wp-content\/uploads\/2021\/04\/TJ_logo-TJ-footer.svg\",\"contentUrl\":\"https:\/\/letrainjaune.fr\/wp-content\/uploads\/2021\/04\/TJ_logo-TJ-footer.svg\",\"width\":\"1920\",\"height\":\"9999\",\"caption\":\"Let\u2019s Get on the Yellow Train\"},\"image\":{\"@id\":\"https:\/\/letrainjaune.fr\/en\/#\/schema\/logo\/image\/\"}}]}<\/script>\n<!-- \/ Yoast SEO plugin. -->","yoast_head_json":{"title":"Hiking or biking, from the yellow train stations ! - Let\u2019s Get on the Yellow Train","robots":{"index":"index","follow":"follow","max-snippet":"max-snippet:-1","max-image-preview":"max-image-preview:large","max-video-preview":"max-video-preview:-1"},"canonical":"https:\/\/letrainjaune.fr\/en\/plan-your-trip\/options-to-get-around\/a-pied-ou-a-velo-depuis-les-gares\/","og_locale":"en_US","og_type":"article","og_title":"Hiking or biking, from the yellow train stations ! - Let\u2019s Get on the Yellow Train","og_description":"Villefranche-de-Conflent \/ Vernet-les-Bains The Chapel of Bell Lloc by the hiking trail PR74 With a splendid panorama on the Canig\u00f3, this hiking trail will take you to the discovery of major sites classified as World Heritage by Unesco, the abandoned village of Bell Lloc and its Saint-Andr\u00e9 chapel, while offering wonderful views of the massifs [&hellip;]","og_url":"https:\/\/letrainjaune.fr\/en\/plan-your-trip\/options-to-get-around\/a-pied-ou-a-velo-depuis-les-gares\/","og_site_name":"Let\u2019s Get on the Yellow Train","article_modified_time":"2023-07-13T16:22:40+00:00","og_image":[{"width":1080,"height":715,"url":"https:\/\/letrainjaune.fr\/wp-content\/uploads\/2021\/07\/Gorges_de_la_Caranca_\u00a9CONFLENTCANIGO102.jpg","type":"image\/jpeg"}],"twitter_card":"summary_large_image","twitter_misc":{"Est. reading time":"16 minutes"},"schema":{"@context":"https:\/\/schema.org","@graph":[{"@type":"WebPage","@id":"https:\/\/letrainjaune.fr\/en\/plan-your-trip\/options-to-get-around\/a-pied-ou-a-velo-depuis-les-gares\/","url":"https:\/\/letrainjaune.fr\/en\/plan-your-trip\/options-to-get-around\/a-pied-ou-a-velo-depuis-les-gares\/","name":"Hiking or biking, from the yellow train stations ! - Let\u2019s Get on the Yellow Train","isPartOf":{"@id":"https:\/\/letrainjaune.fr\/en\/#website"},"primaryImageOfPage":{"@id":"https:\/\/letrainjaune.fr\/en\/plan-your-trip\/options-to-get-around\/a-pied-ou-a-velo-depuis-les-gares\/#primaryimage"},"image":{"@id":"https:\/\/letrainjaune.fr\/en\/plan-your-trip\/options-to-get-around\/a-pied-ou-a-velo-depuis-les-gares\/#primaryimage"},"thumbnailUrl":"https:\/\/letrainjaune.fr\/wp-content\/uploads\/2021\/07\/Gorges_de_la_Caranca_\u00a9CONFLENTCANIGO102.jpg","datePublished":"2021-08-05T09:28:24+00:00","dateModified":"2023-07-13T16:22:40+00:00","breadcrumb":{"@id":"https:\/\/letrainjaune.fr\/en\/plan-your-trip\/options-to-get-around\/a-pied-ou-a-velo-depuis-les-gares\/#breadcrumb"},"inLanguage":"en-US","potentialAction":[{"@type":"ReadAction","target":["https:\/\/letrainjaune.fr\/en\/plan-your-trip\/options-to-get-around\/a-pied-ou-a-velo-depuis-les-gares\/"]}]},{"@type":"ImageObject","inLanguage":"en-US","@id":"https:\/\/letrainjaune.fr\/en\/plan-your-trip\/options-to-get-around\/a-pied-ou-a-velo-depuis-les-gares\/#primaryimage","url":"https:\/\/letrainjaune.fr\/wp-content\/uploads\/2021\/07\/Gorges_de_la_Caranca_\u00a9CONFLENTCANIGO102.jpg","contentUrl":"https:\/\/letrainjaune.fr\/wp-content\/uploads\/2021\/07\/Gorges_de_la_Caranca_\u00a9CONFLENTCANIGO102.jpg","width":1080,"height":715,"caption":"The Caran\u00e7a Valley"},{"@type":"BreadcrumbList","@id":"https:\/\/letrainjaune.fr\/en\/plan-your-trip\/options-to-get-around\/a-pied-ou-a-velo-depuis-les-gares\/#breadcrumb","itemListElement":[{"@type":"ListItem","position":1,"name":"Home page","item":"https:\/\/letrainjaune.fr\/en\/"},{"@type":"ListItem","position":2,"name":"Plan your trip","item":"https:\/\/letrainjaune.fr\/en\/plan-your-trip\/"},{"@type":"ListItem","position":3,"name":"Roaming","item":"https:\/\/letrainjaune.fr\/en\/plan-your-trip\/options-to-get-around\/"},{"@type":"ListItem","position":4,"name":"Hiking or biking, from the yellow train stations !"}]},{"@type":"WebSite","@id":"https:\/\/letrainjaune.fr\/en\/#website","url":"https:\/\/letrainjaune.fr\/en\/","name":"Let\u2019s Get on the Yellow Train","description":"Dans les Pyr\u00e9n\u00e9es Catalanes, d\u00e9couvrez ce train sur le plus haut chemin de fer d\u2019Europe.","publisher":{"@id":"https:\/\/letrainjaune.fr\/en\/#organization"},"potentialAction":[{"@type":"SearchAction","target":{"@type":"EntryPoint","urlTemplate":"https:\/\/letrainjaune.fr\/en\/?s={search_term_string}"},"query-input":{"@type":"PropertyValueSpecification","valueRequired":true,"valueName":"search_term_string"}}],"inLanguage":"en-US"},{"@type":"Organization","@id":"https:\/\/letrainjaune.fr\/en\/#organization","name":"Let\u2019s Get on the Yellow Train","url":"https:\/\/letrainjaune.fr\/en\/","logo":{"@type":"ImageObject","inLanguage":"en-US","@id":"https:\/\/letrainjaune.fr\/en\/#\/schema\/logo\/image\/","url":"https:\/\/letrainjaune.fr\/wp-content\/uploads\/2021\/04\/TJ_logo-TJ-footer.svg","contentUrl":"https:\/\/letrainjaune.fr\/wp-content\/uploads\/2021\/04\/TJ_logo-TJ-footer.svg","width":"1920","height":"9999","caption":"Let\u2019s Get on the Yellow Train"},"image":{"@id":"https:\/\/letrainjaune.fr\/en\/#\/schema\/logo\/image\/"}}]}},"_links":{"self":[{"href":"https:\/\/letrainjaune.fr\/en\/wp-json\/wp\/v2\/pages\/10441","targetHints":{"allow":["GET"]}}],"collection":[{"href":"https:\/\/letrainjaune.fr\/en\/wp-json\/wp\/v2\/pages"}],"about":[{"href":"https:\/\/letrainjaune.fr\/en\/wp-json\/wp\/v2\/types\/page"}],"author":[{"embeddable":true,"href":"https:\/\/letrainjaune.fr\/en\/wp-json\/wp\/v2\/users\/5"}],"replies":[{"embeddable":true,"href":"https:\/\/letrainjaune.fr\/en\/wp-json\/wp\/v2\/comments?post=10441"}],"version-history":[{"count":3,"href":"https:\/\/letrainjaune.fr\/en\/wp-json\/wp\/v2\/pages\/10441\/revisions"}],"predecessor-version":[{"id":10748,"href":"https:\/\/letrainjaune.fr\/en\/wp-json\/wp\/v2\/pages\/10441\/revisions\/10748"}],"up":[{"embeddable":true,"href":"https:\/\/letrainjaune.fr\/en\/wp-json\/wp\/v2\/pages\/1888"}],"wp:featuredmedia":[{"embeddable":true,"href":"https:\/\/letrainjaune.fr\/en\/wp-json\/wp\/v2\/media\/2919"}],"wp:attachment":[{"href":"https:\/\/letrainjaune.fr\/en\/wp-json\/wp\/v2\/media?parent=10441"}],"curies":[{"name":"wp","href":"https:\/\/api.w.org\/{rel}","templated":true}]}}