{"id":17505,"date":"2026-04-24T06:45:10","date_gmt":"2026-04-24T04:45:10","guid":{"rendered":"https:\/\/letrainjaune.fr\/a-voir-et-a-faire\/agenda\/cinema-osseja-cycle-vo-rue-malaga\/"},"modified":"2026-04-26T06:45:33","modified_gmt":"2026-04-26T04:45:33","slug":"cinema-osseja-cycle-vo-rue-malaga","status":"publish","type":"agenda","link":"https:\/\/letrainjaune.fr\/es\/a-voir-et-a-faire\/agenda\/cinema-osseja-cycle-vo-rue-malaga\/","title":{"rendered":"CIN\u00c9MA OSS\u00c9JA &#8211; CYCLE VO: RUE M\u00c1LAGA"},"content":{"rendered":"<p>Jeudi 30 avril \u00e0 21h00<br \/>\n1h56 \u2013 Rue M\u00e1laga\u00a0: (France, Espagne, Maroc, Allemagne, Belgique) Com\u00e9die Dramatique r\u00e9alis\u00e9 par \u00a0Maryam Touzani,\u00a0Nabil Ayouch  avec  Carmen Maura,\u00a0Marta Etura,\u00a0Ahmed Boulane\u2026                                     T<br \/>\nTout public                                                                                                                                                             Maria Angeles, une Espagnole de 79 ans, vit seule \u00e0 Tanger, dans le nord du Maroc, o\u00f9 elle profite de sa ville et de son quotidien. Sa vie bascule lorsque sa fille Clara arrive de Madrid pour vendre l\u2019appartement dans lequel elle a toujours v\u00e9cu. D\u00e9termin\u00e9e \u00e0 rester dans cette ville qui l&#8217;a vue grandir, elle met tout en \u0153uvre pour garder sa maison et r\u00e9cup\u00e9rer les objets d&#8217;une vie. Contre toute attente, elle red\u00e9couvre en chemin l\u2019amour et le d\u00e9sir.<\/p>\n","protected":false},"excerpt":{"rendered":"<p>Jeudi 30 avril \u00e0 21h00<br \/>\n1h56 \u2013 Rue M\u00e1laga\u00a0: (France, Espagne, Maroc, Allemagne, Belgique) Com\u00e9die Dramatique r\u00e9alis\u00e9 par \u00a0Maryam Touzani,\u00a0Nabil Ayouch  avec  Carmen Maura,\u00a0Marta Etura,\u00a0Ahmed Boulane\u2026                                     T<br \/>\nTout public                                                                                                                                                             Maria Angeles, une Espagnole de 79 ans, vit seule \u00e0 Tanger, dans le nord du Maroc, o\u00f9 elle profite de sa ville et de son quotidien. Sa vie bascule lorsque sa fille Clara arrive de Madrid pour vendre l\u2019appartement dans lequel elle a toujours v\u00e9cu. D\u00e9termin\u00e9e \u00e0 rester dans cette ville qui l&#8217;a vue grandir, elle met tout en \u0153uvre pour garder sa maison et r\u00e9cup\u00e9rer les objets d&#8217;une vie. Contre toute attente, elle red\u00e9couvre en chemin l\u2019amour et le d\u00e9sir.<\/p>\n","protected":false},"featured_media":0,"template":"","agenda_category":[81],"class_list":["post-17505","agenda","type-agenda","status-publish","hentry","agenda_category-theatre-cinema"],"acf":[],"yoast_head":"<!-- This site is optimized with the Yoast SEO plugin v25.4 - https:\/\/yoast.com\/wordpress\/plugins\/seo\/ -->\n<title>CIN\u00c9MA OSS\u00c9JA - CYCLE VO: RUE M\u00c1LAGA - Destino Tren amarillo<\/title>\n<meta name=\"robots\" content=\"index, follow, max-snippet:-1, max-image-preview:large, max-video-preview:-1\" \/>\n<link rel=\"canonical\" href=\"https:\/\/letrainjaune.fr\/es\/a-voir-et-a-faire\/agenda\/cinema-osseja-cycle-vo-rue-malaga\/\" \/>\n<meta property=\"og:locale\" content=\"es_ES\" \/>\n<meta property=\"og:type\" content=\"article\" \/>\n<meta property=\"og:title\" content=\"CIN\u00c9MA OSS\u00c9JA - CYCLE VO: RUE M\u00c1LAGA - Destino Tren amarillo\" \/>\n<meta property=\"og:description\" content=\"Jeudi 30 avril \u00e0 21h00 1h56 \u2013 Rue M\u00e1laga\u00a0: (France, Espagne, Maroc, Allemagne, Belgique) Com\u00e9die Dramatique r\u00e9alis\u00e9 par \u00a0Maryam Touzani,\u00a0Nabil Ayouch avec Carmen Maura,\u00a0Marta Etura,\u00a0Ahmed Boulane\u2026                   T Tout public                                                                               Maria Angeles, une Espagnole de 79 ans, vit seule \u00e0 Tanger, dans le nord du Maroc, o\u00f9 elle profite de sa ville et de son quotidien. Sa vie bascule lorsque sa fille Clara arrive de Madrid pour vendre l\u2019appartement dans lequel elle a toujours v\u00e9cu. D\u00e9termin\u00e9e \u00e0 rester dans cette ville qui l&#039;a vue grandir, elle met tout en \u0153uvre pour garder sa maison et r\u00e9cup\u00e9rer les objets d&#039;une vie. Contre toute attente, elle red\u00e9couvre en chemin l\u2019amour et le d\u00e9sir.\" \/>\n<meta property=\"og:url\" content=\"https:\/\/letrainjaune.fr\/es\/a-voir-et-a-faire\/agenda\/cinema-osseja-cycle-vo-rue-malaga\/\" \/>\n<meta property=\"og:site_name\" content=\"Destino Tren amarillo\" \/>\n<meta property=\"article:modified_time\" content=\"2026-04-26T04:45:33+00:00\" \/>\n<meta name=\"twitter:card\" content=\"summary_large_image\" \/>\n<meta name=\"twitter:label1\" content=\"Tiempo de lectura\" \/>\n\t<meta name=\"twitter:data1\" content=\"1 minuto\" \/>\n<script type=\"application\/ld+json\" class=\"yoast-schema-graph\">{\"@context\":\"https:\/\/schema.org\",\"@graph\":[{\"@type\":\"WebPage\",\"@id\":\"https:\/\/letrainjaune.fr\/es\/a-voir-et-a-faire\/agenda\/cinema-osseja-cycle-vo-rue-malaga\/\",\"url\":\"https:\/\/letrainjaune.fr\/es\/a-voir-et-a-faire\/agenda\/cinema-osseja-cycle-vo-rue-malaga\/\",\"name\":\"CIN\u00c9MA OSS\u00c9JA - CYCLE VO: RUE M\u00c1LAGA - Destino Tren amarillo\",\"isPartOf\":{\"@id\":\"https:\/\/letrainjaune.fr\/es\/#website\"},\"datePublished\":\"2026-04-24T04:45:10+00:00\",\"dateModified\":\"2026-04-26T04:45:33+00:00\",\"breadcrumb\":{\"@id\":\"https:\/\/letrainjaune.fr\/es\/a-voir-et-a-faire\/agenda\/cinema-osseja-cycle-vo-rue-malaga\/#breadcrumb\"},\"inLanguage\":\"es\",\"potentialAction\":[{\"@type\":\"ReadAction\",\"target\":[\"https:\/\/letrainjaune.fr\/es\/a-voir-et-a-faire\/agenda\/cinema-osseja-cycle-vo-rue-malaga\/\"]}]},{\"@type\":\"BreadcrumbList\",\"@id\":\"https:\/\/letrainjaune.fr\/es\/a-voir-et-a-faire\/agenda\/cinema-osseja-cycle-vo-rue-malaga\/#breadcrumb\",\"itemListElement\":[{\"@type\":\"ListItem\",\"position\":1,\"name\":\"Inicio\",\"item\":\"https:\/\/letrainjaune.fr\/es\/\"},{\"@type\":\"ListItem\",\"position\":2,\"name\":\"Eventos\",\"item\":\"https:\/\/letrainjaune.fr\/es\/para-ver-y-hacer\/agenda\/\"},{\"@type\":\"ListItem\",\"position\":3,\"name\":\"CIN\u00c9MA OSS\u00c9JA &#8211; CYCLE VO: RUE M\u00c1LAGA\"}]},{\"@type\":\"WebSite\",\"@id\":\"https:\/\/letrainjaune.fr\/es\/#website\",\"url\":\"https:\/\/letrainjaune.fr\/es\/\",\"name\":\"Destino Tren amarillo\",\"description\":\"Dans les Pyr\u00e9n\u00e9es Catalanes, d\u00e9couvrez ce train sur le plus haut chemin de fer d\u2019Europe.\",\"publisher\":{\"@id\":\"https:\/\/letrainjaune.fr\/es\/#organization\"},\"potentialAction\":[{\"@type\":\"SearchAction\",\"target\":{\"@type\":\"EntryPoint\",\"urlTemplate\":\"https:\/\/letrainjaune.fr\/es\/?s={search_term_string}\"},\"query-input\":{\"@type\":\"PropertyValueSpecification\",\"valueRequired\":true,\"valueName\":\"search_term_string\"}}],\"inLanguage\":\"es\"},{\"@type\":\"Organization\",\"@id\":\"https:\/\/letrainjaune.fr\/es\/#organization\",\"name\":\"Destino Tren amarillo\",\"url\":\"https:\/\/letrainjaune.fr\/es\/\",\"logo\":{\"@type\":\"ImageObject\",\"inLanguage\":\"es\",\"@id\":\"https:\/\/letrainjaune.fr\/es\/#\/schema\/logo\/image\/\",\"url\":\"https:\/\/letrainjaune.fr\/wp-content\/uploads\/2021\/04\/TJ_logo-TJ-footer.svg\",\"contentUrl\":\"https:\/\/letrainjaune.fr\/wp-content\/uploads\/2021\/04\/TJ_logo-TJ-footer.svg\",\"width\":\"1920\",\"height\":\"9999\",\"caption\":\"Destino Tren amarillo\"},\"image\":{\"@id\":\"https:\/\/letrainjaune.fr\/es\/#\/schema\/logo\/image\/\"}}]}<\/script>\n<!-- \/ Yoast SEO plugin. -->","yoast_head_json":{"title":"CIN\u00c9MA OSS\u00c9JA - CYCLE VO: RUE M\u00c1LAGA - Destino Tren amarillo","robots":{"index":"index","follow":"follow","max-snippet":"max-snippet:-1","max-image-preview":"max-image-preview:large","max-video-preview":"max-video-preview:-1"},"canonical":"https:\/\/letrainjaune.fr\/es\/a-voir-et-a-faire\/agenda\/cinema-osseja-cycle-vo-rue-malaga\/","og_locale":"es_ES","og_type":"article","og_title":"CIN\u00c9MA OSS\u00c9JA - CYCLE VO: RUE M\u00c1LAGA - Destino Tren amarillo","og_description":"Jeudi 30 avril \u00e0 21h00 1h56 \u2013 Rue M\u00e1laga\u00a0: (France, Espagne, Maroc, Allemagne, Belgique) Com\u00e9die Dramatique r\u00e9alis\u00e9 par \u00a0Maryam Touzani,\u00a0Nabil Ayouch avec Carmen Maura,\u00a0Marta Etura,\u00a0Ahmed Boulane\u2026                   T Tout public                                                                               Maria Angeles, une Espagnole de 79 ans, vit seule \u00e0 Tanger, dans le nord du Maroc, o\u00f9 elle profite de sa ville et de son quotidien. Sa vie bascule lorsque sa fille Clara arrive de Madrid pour vendre l\u2019appartement dans lequel elle a toujours v\u00e9cu. D\u00e9termin\u00e9e \u00e0 rester dans cette ville qui l'a vue grandir, elle met tout en \u0153uvre pour garder sa maison et r\u00e9cup\u00e9rer les objets d'une vie. Contre toute attente, elle red\u00e9couvre en chemin l\u2019amour et le d\u00e9sir.","og_url":"https:\/\/letrainjaune.fr\/es\/a-voir-et-a-faire\/agenda\/cinema-osseja-cycle-vo-rue-malaga\/","og_site_name":"Destino Tren amarillo","article_modified_time":"2026-04-26T04:45:33+00:00","twitter_card":"summary_large_image","twitter_misc":{"Tiempo de lectura":"1 minuto"},"schema":{"@context":"https:\/\/schema.org","@graph":[{"@type":"WebPage","@id":"https:\/\/letrainjaune.fr\/es\/a-voir-et-a-faire\/agenda\/cinema-osseja-cycle-vo-rue-malaga\/","url":"https:\/\/letrainjaune.fr\/es\/a-voir-et-a-faire\/agenda\/cinema-osseja-cycle-vo-rue-malaga\/","name":"CIN\u00c9MA OSS\u00c9JA - CYCLE VO: RUE M\u00c1LAGA - Destino Tren amarillo","isPartOf":{"@id":"https:\/\/letrainjaune.fr\/es\/#website"},"datePublished":"2026-04-24T04:45:10+00:00","dateModified":"2026-04-26T04:45:33+00:00","breadcrumb":{"@id":"https:\/\/letrainjaune.fr\/es\/a-voir-et-a-faire\/agenda\/cinema-osseja-cycle-vo-rue-malaga\/#breadcrumb"},"inLanguage":"es","potentialAction":[{"@type":"ReadAction","target":["https:\/\/letrainjaune.fr\/es\/a-voir-et-a-faire\/agenda\/cinema-osseja-cycle-vo-rue-malaga\/"]}]},{"@type":"BreadcrumbList","@id":"https:\/\/letrainjaune.fr\/es\/a-voir-et-a-faire\/agenda\/cinema-osseja-cycle-vo-rue-malaga\/#breadcrumb","itemListElement":[{"@type":"ListItem","position":1,"name":"Inicio","item":"https:\/\/letrainjaune.fr\/es\/"},{"@type":"ListItem","position":2,"name":"Eventos","item":"https:\/\/letrainjaune.fr\/es\/para-ver-y-hacer\/agenda\/"},{"@type":"ListItem","position":3,"name":"CIN\u00c9MA OSS\u00c9JA &#8211; CYCLE VO: RUE M\u00c1LAGA"}]},{"@type":"WebSite","@id":"https:\/\/letrainjaune.fr\/es\/#website","url":"https:\/\/letrainjaune.fr\/es\/","name":"Destino Tren amarillo","description":"Dans les Pyr\u00e9n\u00e9es Catalanes, d\u00e9couvrez ce train sur le plus haut chemin de fer d\u2019Europe.","publisher":{"@id":"https:\/\/letrainjaune.fr\/es\/#organization"},"potentialAction":[{"@type":"SearchAction","target":{"@type":"EntryPoint","urlTemplate":"https:\/\/letrainjaune.fr\/es\/?s={search_term_string}"},"query-input":{"@type":"PropertyValueSpecification","valueRequired":true,"valueName":"search_term_string"}}],"inLanguage":"es"},{"@type":"Organization","@id":"https:\/\/letrainjaune.fr\/es\/#organization","name":"Destino Tren amarillo","url":"https:\/\/letrainjaune.fr\/es\/","logo":{"@type":"ImageObject","inLanguage":"es","@id":"https:\/\/letrainjaune.fr\/es\/#\/schema\/logo\/image\/","url":"https:\/\/letrainjaune.fr\/wp-content\/uploads\/2021\/04\/TJ_logo-TJ-footer.svg","contentUrl":"https:\/\/letrainjaune.fr\/wp-content\/uploads\/2021\/04\/TJ_logo-TJ-footer.svg","width":"1920","height":"9999","caption":"Destino Tren amarillo"},"image":{"@id":"https:\/\/letrainjaune.fr\/es\/#\/schema\/logo\/image\/"}}]}},"_links":{"self":[{"href":"https:\/\/letrainjaune.fr\/es\/wp-json\/wp\/v2\/agenda\/17505","targetHints":{"allow":["GET"]}}],"collection":[{"href":"https:\/\/letrainjaune.fr\/es\/wp-json\/wp\/v2\/agenda"}],"about":[{"href":"https:\/\/letrainjaune.fr\/es\/wp-json\/wp\/v2\/types\/agenda"}],"wp:attachment":[{"href":"https:\/\/letrainjaune.fr\/es\/wp-json\/wp\/v2\/media?parent=17505"}],"wp:term":[{"taxonomy":"agenda_category","embeddable":true,"href":"https:\/\/letrainjaune.fr\/es\/wp-json\/wp\/v2\/agenda_category?post=17505"}],"curies":[{"name":"wp","href":"https:\/\/api.w.org\/{rel}","templated":true}]}}