{"id":9782,"date":"2023-06-14T16:43:54","date_gmt":"2023-06-14T14:43:54","guid":{"rendered":"https:\/\/letrainjaune.fr\/?incontournable=centro-termoludico-y-via-ferrata-de-llo"},"modified":"2023-06-14T16:43:58","modified_gmt":"2023-06-14T14:43:58","slug":"centro-termoludico-y-via-ferrata-de-llo","status":"publish","type":"incontournable","link":"https:\/\/letrainjaune.fr\/es\/?incontournable=centro-termoludico-y-via-ferrata-de-llo","title":{"rendered":"Centro termol\u00fadico y v\u00eda ferrata de Llo"},"content":{"rendered":"\n<h4 class=\"wp-block-heading\"><strong>Centro de Llo: ba\u00f1os sulfurosos y v\u00eda Ferrata para una escapada natural<\/strong><\/h4>\n\n<h4 class=\"wp-block-heading\"><em>(a 3 kil\u00f3metros de la estaci\u00f3n de Saillagouse)<\/em><\/h4>\n<figure class=\"wp-block-image size-large\"><a href=https:\/\/letrainjaune.fr\/wp-content\/uploads\/2021\/08\/Bien-etre-bains-de-llo-hiver-\u00a9Sascha-BURKHARDT-scaled.jpg title=\"Centro termol\u00fadico de Llo en invierno\" rel=\"prettyPhoto\"><img src=https:\/\/letrainjaune.fr\/wp-content\/uploads\/2021\/08\/Bien-etre-bains-de-llo-hiver-\u00a9Sascha-BURKHARDT-1920x2891.jpg alt=\"\" title=\"Centro termol\u00fadico de Llo en invierno\" width=\"\" class=\"wp-image-4124\"\/><\/a><figcaption>Centro termol\u00fadico de Llo en invierno<span>&copy; Sascha-BURKHARDT<\/span><\/figcaption><\/figure>\n<h2 class=\"wp-block-heading\">Ba\u00f1os<\/h2>\n\n<p>Ubicados al borde de las gargantas del S\u00e8gre y cerca de un manantial sulfuroso natural, las aguas de los <strong>ba\u00f1os de <\/strong><strong>Llo<\/strong>\u00a0son ricas en azufre y minerales con reconocidas propiedades para la relajaci\u00f3n y el cuidado. Ba\u00f1os interiores y exteriores, ham\u00e1n, sauna y spa lo esperan en todas las estaciones.<\/p>\n\n<figure class=\"wp-block-pullquote\"><blockquote><p>+33 4 68 04 74 55<\/p><cite><a href=\"http:\/\/www.bains-de-llo.com\" target=\"_blank\" rel=\"noreferrer noopener\">Bains de Llo <\/a><br\/><\/cite><\/blockquote><\/figure><figure class=\"wp-block-gallery columns-2 is-cropped\"><ul class=\"blocks-gallery-grid\"><li class=\"blocks-gallery-item\"><figure><a href=https:\/\/letrainjaune.fr\/wp-content\/uploads\/2021\/08\/Bien-etre-Bains-de-llo-vue-exterieure-\u00a9Frederique-BERLIC-scaled.jpg title=\"Ba\u00f1os de Llo\" rel=\"prettyPhoto[pp_gal]\"><img src=https:\/\/letrainjaune.fr\/wp-content\/uploads\/2021\/08\/Bien-etre-Bains-de-llo-vue-exterieure-\u00a9Frederique-BERLIC-640x452.jpg alt=\"\" title=\"Bains de Llo\" class=\"wp-image-4125\"\/><\/a><figcaption>Ba\u00f1os de Llo<span>&copy; Fred\u00e9rique Berlic <\/span><\/figcaption><\/figure><\/li><li class=\"blocks-gallery-item\"><figure><a href=https:\/\/letrainjaune.fr\/wp-content\/uploads\/2021\/08\/photo-3-photo-vignette-bien-etre-bains-de-llo.jpg title=\"Ba\u00f1os de Llo - Espacio interior\" rel=\"prettyPhoto[pp_gal]\"><img src=https:\/\/letrainjaune.fr\/wp-content\/uploads\/2021\/08\/photo-3-photo-vignette-bien-etre-bains-de-llo-640x452.jpg alt=\"\" title=\"Bains de Llo &#8211; Espace int\u00e9rieur\" class=\"wp-image-4129\"\/><\/a><figcaption>Ba\u00f1os de Llo &#8211; Espacio interior<span>&copy; OT Pyr\u00e9n\u00e9es-Cerdagne <\/span><\/figcaption><\/figure><\/li><\/ul><\/figure>\n<h2 class=\"wp-block-heading\">Las v\u00edas ferratas<\/h2>\n\n<p><strong>Las v\u00edas ferratas de Llo <\/strong> en las \u201cEscaldilles\u201d (aguas calientes) son recorridos de aventura de monta\u00f1a, adaptados a todos los niveles de pr\u00e1ctica: descubrimiento, familiar, perfeccionamiento y deportivo. Viva la gran emoci\u00f3n de las Grades Tirolinas de 170 m de longitud que dominan las gargantas del Segre a 85 m de altura (con reserva). 800 m de longitud con una mezcla de senderismo y escalada, de car\u00e1cter a\u00e9reo y exposici\u00f3n al sur.<\/p>\n\n<p>La duraci\u00f3n de estos recorridos var\u00eda de 1 a 3 horas, dependiendo de la ruta elegida.<\/p>\n\n<p>3 niveles diferentes de dificultad.<\/p>\n\n<p>Los menores deben ir acompa\u00f1ados por un adulto en todos los recorridos.<\/p>\n\n<p><em><strong>\u00a1Sensaciones, adrenalina, confianza en uno mismo y en los dem\u00e1s !<\/strong><\/em><\/p>\n\n<figure class=\"wp-block-pullquote\"><blockquote><p>+33 6 85 02 23 84<\/p><cite>contact<br\/>www.via-ferrata-de-llo.com<\/cite><\/blockquote><\/figure><figure class=\"wp-block-image size-large\"><a href=https:\/\/letrainjaune.fr\/wp-content\/uploads\/2021\/08\/Via-ferrataN1-548-@Via-Ferrata-de-Llo.jpg title=\"V\u00eda ferrata de Llo\" rel=\"prettyPhoto\"><img src=https:\/\/letrainjaune.fr\/wp-content\/uploads\/2021\/08\/Via-ferrataN1-548-@Via-Ferrata-de-Llo.jpg alt=\"\" title=\"V\u00eda ferrata de Llo\" width=\"\" class=\"wp-image-4136\"\/><\/a><figcaption>V\u00eda ferrata de Llo<span>&copy; Via-Ferrata-de-Llo<\/span><\/figcaption><\/figure>","protected":false},"featured_media":4119,"menu_order":0,"template":"","class_list":["post-9782","incontournable","type-incontournable","status-publish","has-post-thumbnail","hentry"],"acf":[],"yoast_head":"<!-- This site is optimized with the Yoast SEO plugin v25.4 - https:\/\/yoast.com\/wordpress\/plugins\/seo\/ -->\n<title>Centro termol\u00fadico y v\u00eda ferrata de Llo - Destino Tren amarillo<\/title>\n<meta name=\"robots\" content=\"index, follow, max-snippet:-1, max-image-preview:large, max-video-preview:-1\" \/>\n<link rel=\"canonical\" href=\"https:\/\/letrainjaune.fr\/es\/?incontournable=centro-termoludico-y-via-ferrata-de-llo\" \/>\n<meta property=\"og:locale\" content=\"es_ES\" \/>\n<meta property=\"og:type\" content=\"article\" \/>\n<meta property=\"og:title\" content=\"Centro termol\u00fadico y v\u00eda ferrata de Llo - Destino Tren amarillo\" \/>\n<meta property=\"og:description\" content=\"Centro de Llo: ba\u00f1os sulfurosos y v\u00eda Ferrata para una escapada natural (a 3 kil\u00f3metros de la estaci\u00f3n de Saillagouse) Ba\u00f1os Ubicados al borde de las gargantas del S\u00e8gre y cerca de un manantial sulfuroso natural, las aguas de los ba\u00f1os de Llo\u00a0son ricas en azufre y minerales con reconocidas propiedades para la relajaci\u00f3n y [&hellip;]\" \/>\n<meta property=\"og:url\" content=\"https:\/\/letrainjaune.fr\/es\/?incontournable=centro-termoludico-y-via-ferrata-de-llo\" \/>\n<meta property=\"og:site_name\" content=\"Destino Tren amarillo\" \/>\n<meta property=\"article:modified_time\" content=\"2023-06-14T14:43:58+00:00\" \/>\n<meta property=\"og:image\" content=\"https:\/\/letrainjaune.fr\/wp-content\/uploads\/2021\/08\/Bien-etre-bains-de-llo-hiver-&#xA9;Sascha-BURKHARDT-1920x2891.jpg\" \/>\n<meta name=\"twitter:card\" content=\"summary_large_image\" \/>\n<meta name=\"twitter:label1\" content=\"Tiempo de lectura\" \/>\n\t<meta name=\"twitter:data1\" content=\"1 minuto\" \/>\n<script type=\"application\/ld+json\" class=\"yoast-schema-graph\">{\"@context\":\"https:\/\/schema.org\",\"@graph\":[{\"@type\":\"WebPage\",\"@id\":\"https:\/\/letrainjaune.fr\/es\/?incontournable=centro-termoludico-y-via-ferrata-de-llo\",\"url\":\"https:\/\/letrainjaune.fr\/es\/?incontournable=centro-termoludico-y-via-ferrata-de-llo\",\"name\":\"Centro termol\u00fadico y v\u00eda ferrata de Llo - Destino Tren amarillo\",\"isPartOf\":{\"@id\":\"https:\/\/letrainjaune.fr\/es\/#website\"},\"primaryImageOfPage\":{\"@id\":\"https:\/\/letrainjaune.fr\/es\/?incontournable=centro-termoludico-y-via-ferrata-de-llo#primaryimage\"},\"image\":{\"@id\":\"https:\/\/letrainjaune.fr\/es\/?incontournable=centro-termoludico-y-via-ferrata-de-llo#primaryimage\"},\"thumbnailUrl\":\"https:\/\/letrainjaune.fr\/wp-content\/uploads\/2021\/04\/Bien-etre-Llo-bains-exterieurs-@Fred-Berlic-scaled.jpg\",\"datePublished\":\"2023-06-14T14:43:54+00:00\",\"dateModified\":\"2023-06-14T14:43:58+00:00\",\"breadcrumb\":{\"@id\":\"https:\/\/letrainjaune.fr\/es\/?incontournable=centro-termoludico-y-via-ferrata-de-llo#breadcrumb\"},\"inLanguage\":\"es\",\"potentialAction\":[{\"@type\":\"ReadAction\",\"target\":[\"https:\/\/letrainjaune.fr\/es\/?incontournable=centro-termoludico-y-via-ferrata-de-llo\"]}]},{\"@type\":\"ImageObject\",\"inLanguage\":\"es\",\"@id\":\"https:\/\/letrainjaune.fr\/es\/?incontournable=centro-termoludico-y-via-ferrata-de-llo#primaryimage\",\"url\":\"https:\/\/letrainjaune.fr\/wp-content\/uploads\/2021\/04\/Bien-etre-Llo-bains-exterieurs-@Fred-Berlic-scaled.jpg\",\"contentUrl\":\"https:\/\/letrainjaune.fr\/wp-content\/uploads\/2021\/04\/Bien-etre-Llo-bains-exterieurs-@Fred-Berlic-scaled.jpg\",\"width\":1920,\"height\":1280,\"caption\":\"Ba\u00f1os de Llo - Espacio exterior\"},{\"@type\":\"BreadcrumbList\",\"@id\":\"https:\/\/letrainjaune.fr\/es\/?incontournable=centro-termoludico-y-via-ferrata-de-llo#breadcrumb\",\"itemListElement\":[{\"@type\":\"ListItem\",\"position\":1,\"name\":\"Inicio\",\"item\":\"https:\/\/letrainjaune.fr\/es\/\"},{\"@type\":\"ListItem\",\"position\":2,\"name\":\"Centro termol\u00fadico y v\u00eda ferrata de Llo\"}]},{\"@type\":\"WebSite\",\"@id\":\"https:\/\/letrainjaune.fr\/es\/#website\",\"url\":\"https:\/\/letrainjaune.fr\/es\/\",\"name\":\"Destino Tren amarillo\",\"description\":\"Dans les Pyr\u00e9n\u00e9es Catalanes, d\u00e9couvrez ce train sur le plus haut chemin de fer d\u2019Europe.\",\"publisher\":{\"@id\":\"https:\/\/letrainjaune.fr\/es\/#organization\"},\"potentialAction\":[{\"@type\":\"SearchAction\",\"target\":{\"@type\":\"EntryPoint\",\"urlTemplate\":\"https:\/\/letrainjaune.fr\/es\/?s={search_term_string}\"},\"query-input\":{\"@type\":\"PropertyValueSpecification\",\"valueRequired\":true,\"valueName\":\"search_term_string\"}}],\"inLanguage\":\"es\"},{\"@type\":\"Organization\",\"@id\":\"https:\/\/letrainjaune.fr\/es\/#organization\",\"name\":\"Destino Tren amarillo\",\"url\":\"https:\/\/letrainjaune.fr\/es\/\",\"logo\":{\"@type\":\"ImageObject\",\"inLanguage\":\"es\",\"@id\":\"https:\/\/letrainjaune.fr\/es\/#\/schema\/logo\/image\/\",\"url\":\"https:\/\/letrainjaune.fr\/wp-content\/uploads\/2021\/04\/TJ_logo-TJ-footer.svg\",\"contentUrl\":\"https:\/\/letrainjaune.fr\/wp-content\/uploads\/2021\/04\/TJ_logo-TJ-footer.svg\",\"width\":\"1920\",\"height\":\"9999\",\"caption\":\"Destino Tren amarillo\"},\"image\":{\"@id\":\"https:\/\/letrainjaune.fr\/es\/#\/schema\/logo\/image\/\"}}]}<\/script>\n<!-- \/ Yoast SEO plugin. -->","yoast_head_json":{"title":"Centro termol\u00fadico y v\u00eda ferrata de Llo - Destino Tren amarillo","robots":{"index":"index","follow":"follow","max-snippet":"max-snippet:-1","max-image-preview":"max-image-preview:large","max-video-preview":"max-video-preview:-1"},"canonical":"https:\/\/letrainjaune.fr\/es\/?incontournable=centro-termoludico-y-via-ferrata-de-llo","og_locale":"es_ES","og_type":"article","og_title":"Centro termol\u00fadico y v\u00eda ferrata de Llo - Destino Tren amarillo","og_description":"Centro de Llo: ba\u00f1os sulfurosos y v\u00eda Ferrata para una escapada natural (a 3 kil\u00f3metros de la estaci\u00f3n de Saillagouse) Ba\u00f1os Ubicados al borde de las gargantas del S\u00e8gre y cerca de un manantial sulfuroso natural, las aguas de los ba\u00f1os de Llo\u00a0son ricas en azufre y minerales con reconocidas propiedades para la relajaci\u00f3n y [&hellip;]","og_url":"https:\/\/letrainjaune.fr\/es\/?incontournable=centro-termoludico-y-via-ferrata-de-llo","og_site_name":"Destino Tren amarillo","article_modified_time":"2023-06-14T14:43:58+00:00","og_image":[{"url":"https:\/\/letrainjaune.fr\/wp-content\/uploads\/2021\/08\/Bien-etre-bains-de-llo-hiver-&#xA9;Sascha-BURKHARDT-1920x2891.jpg","type":"","width":"","height":""}],"twitter_card":"summary_large_image","twitter_misc":{"Tiempo de lectura":"1 minuto"},"schema":{"@context":"https:\/\/schema.org","@graph":[{"@type":"WebPage","@id":"https:\/\/letrainjaune.fr\/es\/?incontournable=centro-termoludico-y-via-ferrata-de-llo","url":"https:\/\/letrainjaune.fr\/es\/?incontournable=centro-termoludico-y-via-ferrata-de-llo","name":"Centro termol\u00fadico y v\u00eda ferrata de Llo - Destino Tren amarillo","isPartOf":{"@id":"https:\/\/letrainjaune.fr\/es\/#website"},"primaryImageOfPage":{"@id":"https:\/\/letrainjaune.fr\/es\/?incontournable=centro-termoludico-y-via-ferrata-de-llo#primaryimage"},"image":{"@id":"https:\/\/letrainjaune.fr\/es\/?incontournable=centro-termoludico-y-via-ferrata-de-llo#primaryimage"},"thumbnailUrl":"https:\/\/letrainjaune.fr\/wp-content\/uploads\/2021\/04\/Bien-etre-Llo-bains-exterieurs-@Fred-Berlic-scaled.jpg","datePublished":"2023-06-14T14:43:54+00:00","dateModified":"2023-06-14T14:43:58+00:00","breadcrumb":{"@id":"https:\/\/letrainjaune.fr\/es\/?incontournable=centro-termoludico-y-via-ferrata-de-llo#breadcrumb"},"inLanguage":"es","potentialAction":[{"@type":"ReadAction","target":["https:\/\/letrainjaune.fr\/es\/?incontournable=centro-termoludico-y-via-ferrata-de-llo"]}]},{"@type":"ImageObject","inLanguage":"es","@id":"https:\/\/letrainjaune.fr\/es\/?incontournable=centro-termoludico-y-via-ferrata-de-llo#primaryimage","url":"https:\/\/letrainjaune.fr\/wp-content\/uploads\/2021\/04\/Bien-etre-Llo-bains-exterieurs-@Fred-Berlic-scaled.jpg","contentUrl":"https:\/\/letrainjaune.fr\/wp-content\/uploads\/2021\/04\/Bien-etre-Llo-bains-exterieurs-@Fred-Berlic-scaled.jpg","width":1920,"height":1280,"caption":"Ba\u00f1os de Llo - Espacio exterior"},{"@type":"BreadcrumbList","@id":"https:\/\/letrainjaune.fr\/es\/?incontournable=centro-termoludico-y-via-ferrata-de-llo#breadcrumb","itemListElement":[{"@type":"ListItem","position":1,"name":"Inicio","item":"https:\/\/letrainjaune.fr\/es\/"},{"@type":"ListItem","position":2,"name":"Centro termol\u00fadico y v\u00eda ferrata de Llo"}]},{"@type":"WebSite","@id":"https:\/\/letrainjaune.fr\/es\/#website","url":"https:\/\/letrainjaune.fr\/es\/","name":"Destino Tren amarillo","description":"Dans les Pyr\u00e9n\u00e9es Catalanes, d\u00e9couvrez ce train sur le plus haut chemin de fer d\u2019Europe.","publisher":{"@id":"https:\/\/letrainjaune.fr\/es\/#organization"},"potentialAction":[{"@type":"SearchAction","target":{"@type":"EntryPoint","urlTemplate":"https:\/\/letrainjaune.fr\/es\/?s={search_term_string}"},"query-input":{"@type":"PropertyValueSpecification","valueRequired":true,"valueName":"search_term_string"}}],"inLanguage":"es"},{"@type":"Organization","@id":"https:\/\/letrainjaune.fr\/es\/#organization","name":"Destino Tren amarillo","url":"https:\/\/letrainjaune.fr\/es\/","logo":{"@type":"ImageObject","inLanguage":"es","@id":"https:\/\/letrainjaune.fr\/es\/#\/schema\/logo\/image\/","url":"https:\/\/letrainjaune.fr\/wp-content\/uploads\/2021\/04\/TJ_logo-TJ-footer.svg","contentUrl":"https:\/\/letrainjaune.fr\/wp-content\/uploads\/2021\/04\/TJ_logo-TJ-footer.svg","width":"1920","height":"9999","caption":"Destino Tren amarillo"},"image":{"@id":"https:\/\/letrainjaune.fr\/es\/#\/schema\/logo\/image\/"}}]}},"_links":{"self":[{"href":"https:\/\/letrainjaune.fr\/es\/wp-json\/wp\/v2\/incontournable\/9782","targetHints":{"allow":["GET"]}}],"collection":[{"href":"https:\/\/letrainjaune.fr\/es\/wp-json\/wp\/v2\/incontournable"}],"about":[{"href":"https:\/\/letrainjaune.fr\/es\/wp-json\/wp\/v2\/types\/incontournable"}],"version-history":[{"count":1,"href":"https:\/\/letrainjaune.fr\/es\/wp-json\/wp\/v2\/incontournable\/9782\/revisions"}],"predecessor-version":[{"id":9783,"href":"https:\/\/letrainjaune.fr\/es\/wp-json\/wp\/v2\/incontournable\/9782\/revisions\/9783"}],"wp:featuredmedia":[{"embeddable":true,"href":"https:\/\/letrainjaune.fr\/es\/wp-json\/wp\/v2\/media\/4119"}],"wp:attachment":[{"href":"https:\/\/letrainjaune.fr\/es\/wp-json\/wp\/v2\/media?parent=9782"}],"curies":[{"name":"wp","href":"https:\/\/api.w.org\/{rel}","templated":true}]}}