{"id":1858,"date":"2021-02-16T09:53:07","date_gmt":"2021-02-16T08:53:07","guid":{"rendered":"https:\/\/letrainjaune.fr\/descubre-el-train-jaune\/histoire-et-prouesses\/"},"modified":"2023-07-13T16:10:38","modified_gmt":"2023-07-13T14:10:38","slug":"histoire-et-prouesses","status":"publish","type":"page","link":"https:\/\/letrainjaune.fr\/es\/descubrir-el-tren-amarillo\/histoire-et-prouesses\/","title":{"rendered":"Historia y logros"},"content":{"rendered":"\n<h2 class=\"wp-block-heading\">Apertura de los cantones altos <\/h2>\n\n\n\n<p>La historia de la \u201cl\u00ednea de Cerda\u00f1a\u201d est\u00e1 llena de giros, desaf\u00edos y determinaci\u00f3n. La creaci\u00f3n de una l\u00ednea ferroviaria es un proyecto alocado para sacar del aislamiento a los cantones de la meseta de Cerd\u00e1n. Se cre\u00f3 gracias a la acci\u00f3n de dos hombres: <strong>Jules Lax (1842-1925),<\/strong> director del control de Chemins de fer du Midi y <strong>Emmanuel Brousse<\/strong> (1866-1926), periodista en <em>L&#8217;Ind\u00e9pendant<\/em> y representante electo de los altos cantones (1895-1926).<\/p>\n\n\n\n<p>Durante a\u00f1os, los responsables dudaron entre varias posibilidades t\u00e9cnicas: v\u00eda normal (con un ancho de v\u00eda de 1,435 m) o v\u00eda m\u00e9trica (1 m) y tracci\u00f3n de vapor o el\u00e9ctrica. La elecci\u00f3n fue delicada porque los trenes el\u00e9ctricos todav\u00eda eran escasos y la primera l\u00ednea comercial data de 1890 (metro de Londres).<\/p>\n\n\n\n<p><strong>Entre 1901 y 1902<\/strong>, el Estado, que financi\u00f3 las infraestructuras, fue quien decidi\u00f3. La l\u00ednea ir\u00eda de Villefranche-de-Conflent a Bourg-Madame. Contar\u00eda con un ancho m\u00e9trico para reducir el coste y los radios de curvatura del trazado. Se adopt\u00f3 la tracci\u00f3n el\u00e9ctrica, aunque m\u00e1s cara que la de vapor, lo que permiti\u00f3 prever al mismo tiempo la electrificaci\u00f3n de la regi\u00f3n.<\/p>\n\n\n\n<p>\u00a1Se tardaron treinta a\u00f1os (1880-1910) para que el Tren Amarillo viera la luz! De este modo, los altos cantones de los Pirineos Orientales dejaron de estar aislados. Las dificultades del trazado en un entorno monta\u00f1oso y encontrar una soluci\u00f3n t\u00e9cnica adecuada explican estos retrasos. Fue la compa\u00f1\u00eda Chemins de Fer du Midi, precursora de la SNCF, la que obtuvo la concesi\u00f3n de la l\u00ednea de Cerda\u00f1a y aport\u00f3 el material rodante y el personal necesarios para su explotaci\u00f3n comercial.<\/p>\n\n\n<figure class=\"wp-block-image size-large\"><a href=https:\/\/letrainjaune.fr\/wp-content\/uploads\/2021\/09\/Touristes_Cerdagne2\u00a9ADPO-scaled.jpg title=\"Turistas en Cerda\u00f1a\" rel=\"prettyPhoto\"><img src=https:\/\/letrainjaune.fr\/wp-content\/uploads\/2021\/09\/Touristes_Cerdagne2\u00a9ADPO-1920x1311.jpg alt=\"\" title=\"Touristes_Cerdagne2\u00a9ADPO\" width=\"\" class=\"wp-image-4888\"\/><\/a><figcaption>Turistas en Cerda\u00f1a<span>&copy; ADPO<\/span><\/figcaption><\/figure>\n\n\n<figure class=\"wp-block-pullquote\"><blockquote><p><strong>El 18 de julio de 1910<\/strong>, el tramo Villefranche-de-Conflent\/Mont-Louis-La Cabanasse entr\u00f3 en servicio con un \u00e9xito inmediato.<\/p><\/blockquote><\/figure>\n\n\n\n<p><strong>El 18 de julio de 1910,<\/strong> el tramo Villefranche-de-Conflent\/Mont-Louis-La Cabanasse entr\u00f3 en servicio con un \u00e9xito inmediato. El 28 de junio de 1911, fue el turno del tramo Mont-Louis\/Bourg-Madame. Bourg-Madame fue la \u00faltima estaci\u00f3n de la l\u00ednea hasta 1927, cuando la l\u00ednea del Tren Amarillo se conect\u00f3 con las de los transpirenaicos franc\u00e9s y espa\u00f1ol en la estaci\u00f3n de Latour-de-Carol\/Enveitg. Esta estaci\u00f3n internacional tiene la particularidad de contar con 3 anchos de v\u00eda diferentes :<\/p>\n\n\n\n<ul class=\"wp-block-list\"><li>1 metro: Tren Amarillo. <\/li><li>1,435 m: v\u00eda normal est\u00e1ndar europea.<\/li><li>1,668 m: v\u00eda ancha espa\u00f1ola. <\/li><\/ul>\n\n\n\n<h2 class=\"wp-block-heading\">Un tren de monta\u00f1a<\/h2>\n\n\n\n<p>El Tren Amarillo sigue siendo un medio de transporte esencial para los altos cantones, ya que a\u00fan hoy la Carretera Nacional 116 se cierra regularmente debido a la nieve o a los desprendimientos de rocas.<\/p>\n\n\n\n<p>Durante la estaci\u00f3n fr\u00eda, la quitanieves tiene su base en la estaci\u00f3n de Mont-Louis\/La Cabanasse. A las cuatro de la ma\u00f1ana, el maquinista y los ferroviarios se ponen a despejar la v\u00eda y retirar las estalactitas y estalagmitas de hielo que se forman en los t\u00faneles.<\/p>\n\n\n<figure class=\"wp-block-image size-large\"><a href=https:\/\/letrainjaune.fr\/wp-content\/uploads\/2021\/09\/Tailleur_De_Pierre\u00a9Cliche_H._Allard._Coll-scaled.jpg title=\"Cantero\" rel=\"prettyPhoto\"><img src=https:\/\/letrainjaune.fr\/wp-content\/uploads\/2021\/09\/Tailleur_De_Pierre\u00a9Cliche_H._Allard._Coll-1920x1232.jpg alt=\"\" title=\"Tailleur_De_Pierre\u00a9Cliche_H._Allard._Coll\" width=\"\" class=\"wp-image-4880\"\/><\/a><figcaption>Cantero<span>&copy; Cliche_H._Allard._Coll-scaled &#8211; Cliche_H._Allard._Coll-scaled<\/span><\/figcaption><\/figure>\n\n\n<h2 class=\"wp-block-heading\">Numerosas estructuras de ingenier\u00eda y dos puentes notables<\/h2>\n\n\n\n<figure class=\"wp-block-pullquote\"><blockquote><p>A lo largo de los 62,6 km de la l\u00ednea hay 650 estructuras, incluidos 19 t\u00faneles y 40 puentes.<\/p><\/blockquote><\/figure>\n\n\n\n<p>Los m\u00e1s notables son, sin duda, el viaducto de Fontp\u00e9drouse (viaducto S\u00e9journ\u00e9) y el puente de Cassagne (puente Gisclard), construidos para evitar terrenos inestables en las escarpadas laderas del valle del T\u00eat, en esta parte de Conflent.<\/p>\n\n\n\n<p>Estos dos puentes normalmente son llamados por el nombre de sus ingenieros\/dise\u00f1adores, el nime\u00f1o Albert Gisclard (1844-1909) y el orlean\u00e9s Paul S\u00e9journ\u00e9 (1851-1939).<\/p>\n\n\n\n<h3 class=\"wp-block-heading\">Puente Gisclard<\/h3>\n\n\n\n<p>El comandante Gisclard (era ingeniero militar) present\u00f3 a Puentes y Caminos un proyecto de puente colgante met\u00e1lico, un sistema nunca antes utilizado para ferrocarriles. Al principio, este sistema estaba previsto para los dos grandes cruces del T\u00eat, hasta que Paul S\u00e9journ\u00e9, famoso por sus b\u00f3vedas de mamposter\u00eda, propuso un elegante viaducto de granito<\/p>\n\n\n\n<div class=\"wp-block-columns is-layout-flex wp-container-core-columns-is-layout-9d6595d7 wp-block-columns-is-layout-flex\">\n<div class=\"wp-block-column is-layout-flow wp-block-column-is-layout-flow\" style=\"flex-basis:33.33%\"><figure class=\"wp-block-image size-large\"><a href=https:\/\/letrainjaune.fr\/wp-content\/uploads\/2021\/07\/\u00a9-Pierre-Cazenove.jpg title=\"Albert Gisclard, nacido en Nimes, Gard, el 13 de julio de 1844 y fallecido en Sauto, Pirineos Orientales, el 31 de octubre de 1909\" rel=\"prettyPhoto\"><img src=https:\/\/letrainjaune.fr\/wp-content\/uploads\/2021\/07\/\u00a9-Pierre-Cazenove.jpg alt=\"\" title=\"\u00a9 Pierre Cazenove\" width=\"\" class=\"wp-image-2392\"\/><\/a><figcaption>Albert Gisclard, nacido en Nimes, Gard, el 13 de julio de 1844 y fallecido en Sauto, Pirineos Orientales, el 31 de octubre de 1909<span>&copy; Pierre Cazenove<\/span><\/figcaption><\/figure><\/div>\n\n\n\n<div class=\"wp-block-column is-layout-flow wp-block-column-is-layout-flow\" style=\"flex-basis:66.66%\"><figure class=\"wp-block-image size-large\"><a href=https:\/\/letrainjaune.fr\/wp-content\/uploads\/2021\/07\/Dessin-technique-du-pont-Gisclard-\u00a9-Pierre-Cazenove.jpg title=\"Dibujo t\u00e9cnico del puente Gisclard\" rel=\"prettyPhoto\"><img src=https:\/\/letrainjaune.fr\/wp-content\/uploads\/2021\/07\/Dessin-technique-du-pont-Gisclard-\u00a9-Pierre-Cazenove.jpg alt=\"\" title=\"Dessin technique du pont Gisclard \u00a9 Pierre Cazenove\" width=\"512\" class=\"wp-image-2400\"\/><\/a><figcaption>Dibujo t\u00e9cnico del puente Gisclard<span>&copy; Pierre Cazenove<\/span><\/figcaption><\/figure><\/div>\n<\/div>\n\n\n\n<p>A principios del siglo XX, <strong>el puente Gisclard supuso una innovaci\u00f3n radical:&nbsp;<\/strong>un puente colgante r\u00edgido e indeformable capaz de soportar la circulaci\u00f3n de los trenes. Fue construido por la empresa Arnodin, conocida en todo el mundo por sus estructuras met\u00e1licas. Sus obras, como los puentes transbordadores de Bilbao (1893), Rochefort (1899) y Marsella (1903), fueron, en aquel momento, tan famosas como las de Gustave Eiffel.<\/p>\n\n\n\n<p>El puente Gisclard tiene 234 m de largo y una pendiente de 60 mm\/m. Atraviesa el T\u00eat a 80 m de altura. \u00a1El tablero pasa por encima de los pilares de mamposter\u00eda sin apoyarse en ellos ! Esto se debe a los tirantes y cables de suspensi\u00f3n que lo sostienen desde los pilones met\u00e1licos y lo estabilizan. Los cables de suspensi\u00f3n se fijan en c\u00e1maras de anclaje excavadas en la roca.<\/p>\n\n\n\n<p>Fue repintado en 2009 por una empresa especializada.<\/p>\n\n\n\n<figure class=\"wp-block-pullquote\"><blockquote><p>Es el puente colgante ferroviario m\u00e1s antiguo de Francia, el \u00fanico que sigue en servicio, y est\u00e1 clasificado como <strong>Monumento Hist\u00f3rico <\/strong>desde el 29 de abril de 1997.<\/p><\/blockquote><\/figure>\n\n\n\n<h3 class=\"wp-block-heading\">Viaducto S\u00e9journ\u00e9 (1906 &#8211; 1908)<\/h3>\n\n\n\n<div class=\"wp-block-columns is-layout-flex wp-container-core-columns-is-layout-9d6595d7 wp-block-columns-is-layout-flex\">\n<div class=\"wp-block-column is-layout-flow wp-block-column-is-layout-flow\" style=\"flex-basis:33.33%\"><figure class=\"wp-block-image size-large\"><a href=https:\/\/letrainjaune.fr\/wp-content\/uploads\/2021\/07\/Paul-Sejourne-\u00a9-Pierre-Cazenove.jpg title=\"Paul S\u00e9journ\u00e9 \" rel=\"prettyPhoto\"><img src=https:\/\/letrainjaune.fr\/wp-content\/uploads\/2021\/07\/Paul-Sejourne-\u00a9-Pierre-Cazenove.jpg alt=\"\" title=\"Paul S\u00e9journ\u00e9 \u00a9 Pierre Cazenove\" width=\"157\" class=\"wp-image-2417\"\/><\/a><figcaption>Paul S\u00e9journ\u00e9 <span>&copy; Pierre Cazenove<\/span><\/figcaption><\/figure><\/div>\n\n\n\n<div class=\"wp-block-column is-layout-flow wp-block-column-is-layout-flow\" style=\"flex-basis:66.66%\">\n<p>Paul S\u00e9journ\u00e9 dise\u00f1\u00f3 numerosos puentes de mamposter\u00eda, el de Fontp\u00e9drouse es una de sus obras m\u00e1s originales, un viaducto de dos pisos con una sorprendente ojiva central que sostiene un pilar.<\/p>\n\n\n\n<p>El viaducto tiene 217 m de largo y una pendiente de 60 mm\/m. En el nivel inferior, la ojiva central de 30 m de luz atraviesa el T\u00eat a 65 m de altura. El viaducto superior cruza el valle del T\u00eat a trav\u00e9s de 16 arcos. Los pilares tienen un grosor decreciente, con solo 2,5 m en el nivel del tablero que, gracias a un uso innovador del hormig\u00f3n, soporta una plataforma de 4,50 m.<\/p>\n<\/div>\n<\/div>\n\n\n\n<p>Esta obra figura en el Inventario suplementario de los Monumentos Hist\u00f3ricos desde 1994. Seg\u00fan Michel Wienin, responsable del inventario del patrimonio industrial de Languedoc-Rosell\u00f3n, es el <em>\u201cfruto de uno de los \u00faltimos proyectos de investigaci\u00f3n fundamental sobre los puentes de mamposter\u00eda de piedra, y puede decirse que es el canto del cisne de una t\u00e9cnica bimilenaria \u00bb<\/em><\/p>\n\n\n<figure class=\"wp-block-image size-large\"><a href=https:\/\/letrainjaune.fr\/wp-content\/uploads\/2021\/09\/Viaduc_Sejourne_Construction\u00a9Cliche_Louis_de_Noel_Coll-scaled.jpg title=\"Construcci\u00f3n del Viaducto S\u00e9journ\u00e9, diciembre de 1907\" rel=\"prettyPhoto\"><img src=https:\/\/letrainjaune.fr\/wp-content\/uploads\/2021\/09\/Viaduc_Sejourne_Construction\u00a9Cliche_Louis_de_Noel_Coll-1920x1305.jpg alt=\"\" title=\"Viaduc_Sejourne_Construction\u00a9Cliche_Louis_de_Noel_Coll\" width=\"\" class=\"wp-image-4892\"\/><\/a><figcaption>Construcci\u00f3n del Viaducto S\u00e9journ\u00e9, diciembre de 1907<span>&copy; Cliche_Louis_de_Noel_Coll._Bernard_Planas  &#8211; Cliche_Louis_de_Noel_Coll._Bernard_Planas <\/span><\/figcaption><\/figure>\n\n\n<h2 class=\"wp-block-heading\">Un tren ecol\u00f3gico con energ\u00eda verde<\/h2>\n\n\n\n<h3 class=\"wp-block-heading\">Presa de Bouillouses<\/h3>\n\n\n<figure class=\"wp-block-image size-large\"><a href=https:\/\/letrainjaune.fr\/wp-content\/uploads\/2021\/07\/Le-barrage-des-Bouillouses-\u00a9-Jean-Daniel-KEHR.jpg title=\"Presa de Bouillouses\" rel=\"prettyPhoto\"><img src=https:\/\/letrainjaune.fr\/wp-content\/uploads\/2021\/07\/Le-barrage-des-Bouillouses-\u00a9-Jean-Daniel-KEHR.jpg alt=\"Le barrage des Bouillouses\" title=\"Le barrage des Bouillouses \u00a9 Jean-Daniel KEHR\" width=\"\" class=\"wp-image-2413\"\/><\/a><figcaption>Presa de Bouillouses<span>&copy; Jean-Daniel KEHR<\/span><\/figcaption><\/figure>\n\n<figure class=\"wp-block-image size-full\"><a href=https:\/\/letrainjaune.fr\/wp-content\/uploads\/2021\/09\/Barrage_Boullouses2\u00a9Coll.jpg title=\"Embalse de La Bouillouse - Altitud 2000 m - Vista de la presa a finales de agosto de 1907\" rel=\"prettyPhoto\"><img src=https:\/\/letrainjaune.fr\/wp-content\/uploads\/2021\/09\/Barrage_Boullouses2\u00a9Coll.jpg alt=\"\" title=\"Barrage_Boullouses2\u00a9Coll\" width=\"\" class=\"wp-image-4864\"\/><\/a><figcaption>Embalse de La Bouillouse &#8211; Altitud 2000 m &#8211; Vista de la presa a finales de agosto de 1907<span>&copy; Coll._Fran\u00e7ois_Weinberg &#8211; Coll._Fran\u00e7ois_Weinberg<\/span><\/figcaption><\/figure>\n\n\n<p>La presa de Bouillouses se construy\u00f3 para producir electricidad para el Tren Amarillo. En efecto, como el r\u00edo T\u00eat tiene poco caudal, fue necesario crear un embalse para compensar la falta de agua. El emplazamiento de Bouillouses fue descubierto en 1842 por un joven ingeniero hidr\u00e1ulico, Antoine Tastu. La presa, originalmente destinada al riego, se dedic\u00f3 principalmente a la producci\u00f3n de electricidad para el Tren Amarillo. Al finalizar las obras, el embalse fue entregado a la concesionaria, la Compagnie des Chemins de Fer du Midi, y despu\u00e9s a la SHEM, entonces filial de la SNCF, hoy filial de Engie. La capacidad inicial de almacenamiento del embalse, de 13 millones de m<sup>3 <\/sup>, pas\u00f3 a 17 millones de m<sup>3 <\/sup>en 1947. Actualmente, la electricidad necesaria para el funcionamiento de la l\u00ednea del Tren Amarillo es suministrada por la red nacional, a la que est\u00e1n conectadas las centrales el\u00e9ctricas del valle del T\u00eat (SHEM\/Engie).<\/p>\n\n\n\n<h3 class=\"wp-block-heading\">El sistema hidroel\u00e9ctrico del T\u00eat<\/h3>\n\n\n\n<p>En 1910, el sistema hidroel\u00e9ctrico inclu\u00eda la central de La Cassagne, la presa de Bouillouses y cinco subestaciones de transformaci\u00f3n de la corriente el\u00e9ctrica, que abastec\u00edan prioritariamente al Tren Amarillo. El agua se extrae del T\u00eat, en el lugar llamado <em>la Salite, <\/em>cerca de Mont-Louis.<\/p>\n\n\n<figure class=\"wp-block-image size-large\"><a href=https:\/\/letrainjaune.fr\/wp-content\/uploads\/2021\/07\/Schema-du-systeme-hydroelectrique-de-la-Vallee-de-la-Tet-\u00a9-Pierre-Cazenove.jpg title=\"Esquema del sistema hidroel\u00e9ctrico del Valle del T\u00eat\" rel=\"prettyPhoto\"><img src=https:\/\/letrainjaune.fr\/wp-content\/uploads\/2021\/07\/Schema-du-systeme-hydroelectrique-de-la-Vallee-de-la-Tet-\u00a9-Pierre-Cazenove.jpg alt=\"\" title=\"Sch\u00e9ma du syst\u00e8me hydro\u00e9lectrique de la Vall\u00e9e de la T\u00eat \u00a9 Pierre Cazenove\" width=\"\" class=\"wp-image-2421\"\/><\/a><figcaption>Esquema del sistema hidroel\u00e9ctrico del Valle del T\u00eat<span>&copy; Pierre Cazenove<\/span><\/figcaption><\/figure>\n\n\n<p>Almacenado en Sauto en un dep\u00f3sito de carga (actualmente fuera de servicio), desciende 420 metros de desnivel a trav\u00e9s de un kil\u00f3metro de tuber\u00edas hasta la planta de <em>la Cassagne<\/em>. All\u00ed, las turbinas Pelton convierten la fuerza del agua en electricidad.<\/p>\n\n\n\n<p>En 1913 se puso en servicio la central el\u00e9ctrica de Fontp\u00e9drouse. Abastec\u00eda a la l\u00ednea de Cerda\u00f1a y a la l\u00ednea de ancho est\u00e1ndar Villefranche-Perpi\u00f1\u00e1n. En el transcurso del siglo, se construyeron seis centrales hidroel\u00e9ctricas a lo largo del T\u00eat: la central del Pla des Aveillans (1955), la central de Thu\u00e8s (1946), la central de Olette (1948), la central de Joncet (1989) y la central de Lastourg (1992), adem\u00e1s de la central de Riberole en el r\u00edo del mismo nombre (1986).<\/p>\n\n\n<figure class=\"wp-block-gallery columns-2 is-cropped\"><ul class=\"blocks-gallery-grid\"><li class=\"blocks-gallery-item\"><figure><a href=https:\/\/letrainjaune.fr\/wp-content\/uploads\/2021\/07\/La-Cassagne@PNRPCS-bd.jpg title=\"Rueda Pelton, Central de Sauto - 150 rpm\" rel=\"prettyPhoto[pp_gal]\"><img src=https:\/\/letrainjaune.fr\/wp-content\/uploads\/2021\/07\/La-Cassagne@PNRPCS-bd-640x452.jpg alt=\"\" title=\"La-Cassagne@PNRPCS-bd\" class=\"wp-image-2429\"\/><\/a><figcaption>Rueda Pelton, Central de Sauto &#8211; 150 rpm<span>&copy; PNRPC<\/span><\/figcaption><\/figure><\/li><li class=\"blocks-gallery-item\"><figure><a href=https:\/\/letrainjaune.fr\/wp-content\/uploads\/2021\/07\/La-Cassagne@PNRPCS-2.jpg title=\"Central hidroel\u00e9ctrica de Sauto\" rel=\"prettyPhoto[pp_gal]\"><img src=https:\/\/letrainjaune.fr\/wp-content\/uploads\/2021\/07\/La-Cassagne@PNRPCS-2-640x452.jpg alt=\"\" title=\"La-Cassagne@PNRPCS-(2)\" class=\"wp-image-2486\"\/><\/a><figcaption>Central hidroel\u00e9ctrica de Sauto<span>&copy; PNRPC<\/span><\/figcaption><\/figure><\/li><li class=\"blocks-gallery-item\"><figure><a href=https:\/\/letrainjaune.fr\/wp-content\/uploads\/2021\/07\/La-Cassagne@PNRPCS-3-scaled.jpg title=\"Central hidroel\u00e9ctrica de Sauto\" rel=\"prettyPhoto[pp_gal]\"><img src=https:\/\/letrainjaune.fr\/wp-content\/uploads\/2021\/07\/La-Cassagne@PNRPCS-3-640x452.jpg alt=\"\" title=\"La Cassagne@PNRPCS (3)\" class=\"wp-image-2491\"\/><\/a><figcaption>Central hidroel\u00e9ctrica de Sauto<span>&copy; PNRPC<\/span><\/figcaption><\/figure><\/li><li class=\"blocks-gallery-item\"><figure><a href=https:\/\/letrainjaune.fr\/wp-content\/uploads\/2021\/07\/La-CassagneBD@PNRPC-1.jpg title=\"Central hidroel\u00e9ctrica de Sauto\" rel=\"prettyPhoto[pp_gal]\"><img src=https:\/\/letrainjaune.fr\/wp-content\/uploads\/2021\/07\/La-CassagneBD@PNRPC-1-640x452.jpg alt=\"\" title=\"La-CassagneBD@PNRPC)\" class=\"wp-image-2482\"\/><\/a><figcaption>Central hidroel\u00e9ctrica de Sauto<span>&copy; PNRPC<\/span><\/figcaption><\/figure><\/li><\/ul><\/figure>\n\n\n<h3 class=\"wp-block-heading\">\u00bfPor qu\u00e9 un tercer ra\u00edl?<\/h3>\n\n\n\n<div class=\"wp-block-columns is-layout-flex wp-container-core-columns-is-layout-9d6595d7 wp-block-columns-is-layout-flex\">\n<div class=\"wp-block-column is-layout-flow wp-block-column-is-layout-flow\"><figure class=\"wp-block-image size-large\"><a href=https:\/\/letrainjaune.fr\/wp-content\/uploads\/2021\/07\/TrainJaune25_06_20\u00a9PNRPC-137.jpg title=\"El tercer ra\u00edl el\u00e9ctrico. \u00a1Atenci\u00f3n, peligro!\" rel=\"prettyPhoto\"><img src=https:\/\/letrainjaune.fr\/wp-content\/uploads\/2021\/07\/TrainJaune25_06_20\u00a9PNRPC-137.jpg alt=\"\" title=\"TrainJaune25_06_20\u00a9PNRPC-(137)\" width=\"\" class=\"wp-image-2472\"\/><\/a><figcaption>El tercer ra\u00edl el\u00e9ctrico. \u00a1Atenci\u00f3n, peligro!<span>&copy; PNRPC<\/span><\/figcaption><\/figure><\/div>\n\n\n\n<div class=\"wp-block-column is-layout-flow wp-block-column-is-layout-flow\">\n<p>La alimentaci\u00f3n el\u00e9ctrica del Tren Amarillo funciona con un tercer ra\u00edl paralelo a la v\u00eda, denominado ra\u00edl de contacto. Este sistema, tomado del metro de Par\u00eds, se eligi\u00f3 por tres motivos: los t\u00faneles no necesitan elevarse (a diferencia de las catenarias), son m\u00e1s resistentes a las inclemencias del tiempo y es m\u00e1s f\u00e1cil limpiar la nieve.<\/p>\n<\/div>\n<\/div>\n\n\n<figure class=\"wp-block-image size-large\"><a href=https:\/\/letrainjaune.fr\/wp-content\/uploads\/2021\/07\/Schema_Rails\u00a9Ponts__Chaussees_ENPC.jpg title=\"Diagrama de los ra\u00edles\" rel=\"prettyPhoto\"><img src=https:\/\/letrainjaune.fr\/wp-content\/uploads\/2021\/07\/Schema_Rails\u00a9Ponts__Chaussees_ENPC.jpg alt=\"\" title=\"Schema_Rails\u00a9Ponts_&#038;_Chaussees_ENPC\" width=\"\" class=\"wp-image-2507\"\/><\/a><figcaption>Diagrama de los ra\u00edles<span>&copy; Ponts &#038; Chauss\u00e9es &#8211; ENPC  &#8211; Ponts &#038; Chauss\u00e9es &#8211; ENPC <\/span><\/figcaption><\/figure>\n\n\n<h2 class=\"wp-block-heading\">El precio del progreso<\/h2>\n\n\n\n<h3 class=\"wp-block-heading\">El accidente de Paillat<\/h3>\n\n\n\n<p>La inauguraci\u00f3n de la l\u00ednea ya estaba prevista para noviembre de 1909, por lo que se estaban realizando los \u00faltimos trabajos. El domingo 31 de octubre concluyeron con \u00e9xito las pruebas de carga y estabilidad del puente Gisclard<\/p>\n\n\n\n<div class=\"wp-block-columns is-layout-flex wp-container-core-columns-is-layout-9d6595d7 wp-block-columns-is-layout-flex\">\n<div class=\"wp-block-column is-layout-flow wp-block-column-is-layout-flow\"><figure class=\"wp-block-image size-large\"><a href=https:\/\/letrainjaune.fr\/wp-content\/uploads\/2021\/07\/Laccident-du-Paillat-1909-\u00a9-Didier-Chenot-1.jpg title=\"El accidente de Paillat, 1909 \" rel=\"prettyPhoto\"><img src=https:\/\/letrainjaune.fr\/wp-content\/uploads\/2021\/07\/Laccident-du-Paillat-1909-\u00a9-Didier-Chenot-1.jpg alt=\"\" title=\"L\u2019accident du Paillat, 1909 \u00a9 Didier Ch\u00e9not\" width=\"\" class=\"wp-image-2425\"\/><\/a><figcaption>El accidente de Paillat, 1909 <span>&copy; Didier Ch\u00e9not<\/span><\/figcaption><\/figure><\/div>\n\n\n\n<div class=\"wp-block-column is-layout-flow wp-block-column-is-layout-flow\">\n<p>Una primera parte del convoy que participaba en las pruebas ya hab\u00eda partido hacia Mont-Louis. Bajo una fina llovizna, los hombres se acomodaron en los dos coches motores que quedaban tirando de dos vagones de plataforma cargados con ra\u00edles. Un gesto del conductor se tom\u00f3 como se\u00f1al de arranque y los calzos se retiraron antes de tiempo.<\/p>\n<\/div>\n<\/div>\n\n\n\n<p>Estacionado en una pendiente de 60 mm\/m, el tren, muy cargado, qued\u00f3 a la deriva sobre ra\u00edles mojados. Los frenos no ten\u00edan presi\u00f3n y las ruedas se bloquearon. El conductor perdi\u00f3 el control de su convoy.<\/p>\n\n\n\n<p>Tras un recorrido desenfrenado de 500 metros, los dos vagones plataforma descarrilaron y un poco m\u00e1s adelante los dos coches motores se estrellaron contra la ladera de la monta\u00f1a en el lugar llamado \u201cPaillat \u00bb. La cat\u00e1strofe fue terrible, con nueve heridos graves y seis muertos: Gabriel Borrallo, Fran\u00e7ois Clerc y Henri Toulet entre los maquinistas, Charles Hubert, jefe de secci\u00f3n de Chemins de Fer de l&#8217;Etat, Jules Bezault, jefe de montadores de la compa\u00f1\u00eda Arnodin y el comandante Gisclard, dise\u00f1ador del puente.<\/p>\n\n\n\n<p>La comisi\u00f3n de investigaci\u00f3n concluy\u00f3 que hubo un fallo en los frenos. <em>\u00ab[Si el tren que se accident\u00f3 el 31 de octubre de 1909 no hubiera arrancado intempestivamente sino de acuerdo con las normas, se hubiera podido accionar el freno neum\u00e1tico antes de la salida y el accidente no se habr\u00eda producido \u00bb. <\/em>A ra\u00edz de este accidente, se a\u00f1adi\u00f3 un freno de emergencia electromagn\u00e9tico a los frenos neum\u00e1ticos, reost\u00e1ticos y manuales instalados inicialmente en los coches motores.<\/p>\n\n\n\n<h2 class=\"wp-block-heading\">Fotos de archivo<\/h2>\n\n\n\n<p>Gracias a los historiadores y coleccionistas titulares de los derechos por su colaboraci\u00f3n.<\/p>\n\n\n<figure class=\"wp-block-gallery columns-2 is-cropped\"><ul class=\"blocks-gallery-grid\"><li class=\"blocks-gallery-item\"><figure><a href=https:\/\/letrainjaune.fr\/wp-content\/uploads\/2021\/09\/Aprentis_Mecaniciens1\u00a9Cliche_Claude_Labaume_2003.jpg title=\"Aprendices de mec\u00e1nico, invierno 1944-45. Ferrocarriles mineros\u2026\" rel=\"prettyPhoto[pp_gal]\"><img src=https:\/\/letrainjaune.fr\/wp-content\/uploads\/2021\/09\/Aprentis_Mecaniciens1\u00a9Cliche_Claude_Labaume_2003-640x452.jpg alt=\"\" title=\"Aprentis_Mecaniciens1\u00a9Cliche_Claude_Labaume_2003\" class=\"wp-image-4896\"\/><\/a><figcaption>Aprendices de mec\u00e1nico, invierno 1944-45. Ferrocarriles mineros\u2026<span>&copy; Clich\u00e9 Claude Labaume (2003 )  &#8211; Clich\u00e9 Claude Labaume (2003 ) <\/span><\/figcaption><\/figure><\/li><li class=\"blocks-gallery-item\"><figure><a href=https:\/\/letrainjaune.fr\/wp-content\/uploads\/2021\/09\/Schema_Pont_Gisclard\u00a9Coll-scaled.jpg title=\"Diagrama del puente Gisclard\n\" rel=\"prettyPhoto[pp_gal]\"><img src=https:\/\/letrainjaune.fr\/wp-content\/uploads\/2021\/09\/Schema_Pont_Gisclard\u00a9Coll-640x452.jpg alt=\"\" title=\"Schema_Pont_Gisclard\u00a9Coll\" class=\"wp-image-4876\"\/><\/a><figcaption>Diagrama del puente Gisclard\n<span>&copy; Coll. Pierre Cazenove  &#8211; Coll. Pierre Cazenove <\/span><\/figcaption><\/figure><\/li><li class=\"blocks-gallery-item\"><figure><a href=https:\/\/letrainjaune.fr\/wp-content\/uploads\/2021\/09\/Rame_Inaugurative_Veille_De_Accident1\u00a9Coll.jpg title=\"Tren inaugural, el d\u00eda anterior al accidente\" rel=\"prettyPhoto[pp_gal]\"><img src=https:\/\/letrainjaune.fr\/wp-content\/uploads\/2021\/09\/Rame_Inaugurative_Veille_De_Accident1\u00a9Coll-640x452.jpg alt=\"\" title=\"Rame_Inaugurative_Veille_De_Accident1\u00a9Coll\" class=\"wp-image-4872\"\/><\/a><figcaption>Tren inaugural, el d\u00eda anterior al accidente<span>&copy; Coll. Georges Giron\u00e8s  &#8211; Coll. Georges Giron\u00e8s <\/span><\/figcaption><\/figure><\/li><li class=\"blocks-gallery-item\"><figure><a href=https:\/\/letrainjaune.fr\/wp-content\/uploads\/2021\/09\/Aprentis_Mecaniciens2\u00a9Cliche_Claude_Labaume_2003.jpg title=\"Aprendices de mec\u00e1nico\n\" rel=\"prettyPhoto[pp_gal]\"><img src=https:\/\/letrainjaune.fr\/wp-content\/uploads\/2021\/09\/Aprentis_Mecaniciens2\u00a9Cliche_Claude_Labaume_2003-640x452.jpg alt=\"\" title=\"Aprentis_Mecaniciens2\u00a9Cliche_Claude_Labaume_2003\" class=\"wp-image-4860\"\/><\/a><figcaption>Aprendices de mec\u00e1nico\n<span>&copy; Clich\u00e9 Claude Labaume (2003 ) <\/span><\/figcaption><\/figure><\/li><li class=\"blocks-gallery-item\"><figure><a href=https:\/\/letrainjaune.fr\/wp-content\/uploads\/2021\/09\/Pont_Gisclard4\u00a9Coll.jpg title=\"Puente Gisclard\n\" rel=\"prettyPhoto[pp_gal]\"><img src=https:\/\/letrainjaune.fr\/wp-content\/uploads\/2021\/09\/Pont_Gisclard4\u00a9Coll-640x452.jpg alt=\"\" title=\"Pont_Gisclard4\u00a9Coll\" class=\"wp-image-4868\"\/><\/a><figcaption>Puente Gisclard\n<span>&copy; Coll. Pierre Cazenove <\/span><\/figcaption><\/figure><\/li><li class=\"blocks-gallery-item\"><figure><a href=https:\/\/letrainjaune.fr\/wp-content\/uploads\/2021\/09\/Techniciens_De_Gares_Sur_Le_Quai\u00a9Coll._J-D-scaled.jpg title=\"T\u00e9cnicos de la estaci\u00f3n en el and\u00e9n\" rel=\"prettyPhoto[pp_gal]\"><img src=https:\/\/letrainjaune.fr\/wp-content\/uploads\/2021\/09\/Techniciens_De_Gares_Sur_Le_Quai\u00a9Coll._J-D-640x452.jpg alt=\"\" title=\"Techniciens_De_Gares_Sur_Le_Quai\u00a9Coll._J-D\" class=\"wp-image-4884\"\/><\/a><figcaption>T\u00e9cnicos de la estaci\u00f3n en el and\u00e9n<span>&copy; Techniciens de gares sur le quai <\/span><\/figcaption><\/figure><\/li><\/ul><\/figure>","protected":false},"excerpt":{"rendered":"<p>Apertura de los cantones altos La historia de la \u201cl\u00ednea de Cerda\u00f1a\u201d est\u00e1 llena de giros, desaf\u00edos y determinaci\u00f3n. La creaci\u00f3n de una l\u00ednea ferroviaria es un proyecto alocado para sacar del aislamiento a los cantones de la meseta de Cerd\u00e1n. Se cre\u00f3 gracias a la acci\u00f3n de dos hombres: Jules Lax (1842-1925), director del [&hellip;]<\/p>\n","protected":false},"author":2,"featured_media":2396,"parent":1690,"menu_order":1,"comment_status":"closed","ping_status":"closed","template":"","meta":{"_acf_changed":false,"inline_featured_image":false,"footnotes":""},"class_list":["post-1858","page","type-page","status-publish","has-post-thumbnail","hentry"],"acf":[],"yoast_head":"<!-- This site is optimized with the Yoast SEO plugin v25.4 - https:\/\/yoast.com\/wordpress\/plugins\/seo\/ -->\n<title>Historia y logros - Destino Tren amarillo<\/title>\n<meta name=\"robots\" content=\"index, follow, max-snippet:-1, max-image-preview:large, max-video-preview:-1\" \/>\n<link rel=\"canonical\" href=\"https:\/\/letrainjaune.fr\/es\/descubrir-el-tren-amarillo\/histoire-et-prouesses\/\" \/>\n<meta property=\"og:locale\" content=\"es_ES\" \/>\n<meta property=\"og:type\" content=\"article\" \/>\n<meta property=\"og:title\" content=\"Historia y logros - Destino Tren amarillo\" \/>\n<meta property=\"og:description\" content=\"Apertura de los cantones altos La historia de la \u201cl\u00ednea de Cerda\u00f1a\u201d est\u00e1 llena de giros, desaf\u00edos y determinaci\u00f3n. La creaci\u00f3n de una l\u00ednea ferroviaria es un proyecto alocado para sacar del aislamiento a los cantones de la meseta de Cerd\u00e1n. Se cre\u00f3 gracias a la acci\u00f3n de dos hombres: Jules Lax (1842-1925), director del [&hellip;]\" \/>\n<meta property=\"og:url\" content=\"https:\/\/letrainjaune.fr\/es\/descubrir-el-tren-amarillo\/histoire-et-prouesses\/\" \/>\n<meta property=\"og:site_name\" content=\"Destino Tren amarillo\" \/>\n<meta property=\"article:modified_time\" content=\"2023-07-13T14:10:38+00:00\" \/>\n<meta property=\"og:image\" content=\"https:\/\/letrainjaune.fr\/wp-content\/uploads\/2021\/07\/Chasse-Neige_\u00a9-Guy-Serre-1.jpg\" \/>\n\t<meta property=\"og:image:width\" content=\"1280\" \/>\n\t<meta property=\"og:image:height\" content=\"914\" \/>\n\t<meta property=\"og:image:type\" content=\"image\/jpeg\" \/>\n<meta name=\"twitter:card\" content=\"summary_large_image\" \/>\n<meta name=\"twitter:label1\" content=\"Tiempo de lectura\" \/>\n\t<meta name=\"twitter:data1\" content=\"14 minutos\" \/>\n<script type=\"application\/ld+json\" class=\"yoast-schema-graph\">{\"@context\":\"https:\/\/schema.org\",\"@graph\":[{\"@type\":\"WebPage\",\"@id\":\"https:\/\/letrainjaune.fr\/es\/descubrir-el-tren-amarillo\/histoire-et-prouesses\/\",\"url\":\"https:\/\/letrainjaune.fr\/es\/descubrir-el-tren-amarillo\/histoire-et-prouesses\/\",\"name\":\"Historia y logros - Destino Tren amarillo\",\"isPartOf\":{\"@id\":\"https:\/\/letrainjaune.fr\/es\/#website\"},\"primaryImageOfPage\":{\"@id\":\"https:\/\/letrainjaune.fr\/es\/descubrir-el-tren-amarillo\/histoire-et-prouesses\/#primaryimage\"},\"image\":{\"@id\":\"https:\/\/letrainjaune.fr\/es\/descubrir-el-tren-amarillo\/histoire-et-prouesses\/#primaryimage\"},\"thumbnailUrl\":\"https:\/\/letrainjaune.fr\/wp-content\/uploads\/2021\/07\/Chasse-Neige_\u00a9-Guy-Serre-1.jpg\",\"datePublished\":\"2021-02-16T08:53:07+00:00\",\"dateModified\":\"2023-07-13T14:10:38+00:00\",\"breadcrumb\":{\"@id\":\"https:\/\/letrainjaune.fr\/es\/descubrir-el-tren-amarillo\/histoire-et-prouesses\/#breadcrumb\"},\"inLanguage\":\"es\",\"potentialAction\":[{\"@type\":\"ReadAction\",\"target\":[\"https:\/\/letrainjaune.fr\/es\/descubrir-el-tren-amarillo\/histoire-et-prouesses\/\"]}]},{\"@type\":\"ImageObject\",\"inLanguage\":\"es\",\"@id\":\"https:\/\/letrainjaune.fr\/es\/descubrir-el-tren-amarillo\/histoire-et-prouesses\/#primaryimage\",\"url\":\"https:\/\/letrainjaune.fr\/wp-content\/uploads\/2021\/07\/Chasse-Neige_\u00a9-Guy-Serre-1.jpg\",\"contentUrl\":\"https:\/\/letrainjaune.fr\/wp-content\/uploads\/2021\/07\/Chasse-Neige_\u00a9-Guy-Serre-1.jpg\",\"width\":1280,\"height\":914},{\"@type\":\"BreadcrumbList\",\"@id\":\"https:\/\/letrainjaune.fr\/es\/descubrir-el-tren-amarillo\/histoire-et-prouesses\/#breadcrumb\",\"itemListElement\":[{\"@type\":\"ListItem\",\"position\":1,\"name\":\"Inicio\",\"item\":\"https:\/\/letrainjaune.fr\/es\/\"},{\"@type\":\"ListItem\",\"position\":2,\"name\":\"Descubrir el tren amarillo\",\"item\":\"https:\/\/letrainjaune.fr\/es\/descubrir-el-tren-amarillo\/\"},{\"@type\":\"ListItem\",\"position\":3,\"name\":\"Historia y logros\"}]},{\"@type\":\"WebSite\",\"@id\":\"https:\/\/letrainjaune.fr\/es\/#website\",\"url\":\"https:\/\/letrainjaune.fr\/es\/\",\"name\":\"Destino Tren amarillo\",\"description\":\"Dans les Pyr\u00e9n\u00e9es Catalanes, d\u00e9couvrez ce train sur le plus haut chemin de fer d\u2019Europe.\",\"publisher\":{\"@id\":\"https:\/\/letrainjaune.fr\/es\/#organization\"},\"potentialAction\":[{\"@type\":\"SearchAction\",\"target\":{\"@type\":\"EntryPoint\",\"urlTemplate\":\"https:\/\/letrainjaune.fr\/es\/?s={search_term_string}\"},\"query-input\":{\"@type\":\"PropertyValueSpecification\",\"valueRequired\":true,\"valueName\":\"search_term_string\"}}],\"inLanguage\":\"es\"},{\"@type\":\"Organization\",\"@id\":\"https:\/\/letrainjaune.fr\/es\/#organization\",\"name\":\"Destino Tren amarillo\",\"url\":\"https:\/\/letrainjaune.fr\/es\/\",\"logo\":{\"@type\":\"ImageObject\",\"inLanguage\":\"es\",\"@id\":\"https:\/\/letrainjaune.fr\/es\/#\/schema\/logo\/image\/\",\"url\":\"https:\/\/letrainjaune.fr\/wp-content\/uploads\/2021\/04\/TJ_logo-TJ-footer.svg\",\"contentUrl\":\"https:\/\/letrainjaune.fr\/wp-content\/uploads\/2021\/04\/TJ_logo-TJ-footer.svg\",\"width\":\"1920\",\"height\":\"9999\",\"caption\":\"Destino Tren amarillo\"},\"image\":{\"@id\":\"https:\/\/letrainjaune.fr\/es\/#\/schema\/logo\/image\/\"}}]}<\/script>\n<!-- \/ Yoast SEO plugin. -->","yoast_head_json":{"title":"Historia y logros - Destino Tren amarillo","robots":{"index":"index","follow":"follow","max-snippet":"max-snippet:-1","max-image-preview":"max-image-preview:large","max-video-preview":"max-video-preview:-1"},"canonical":"https:\/\/letrainjaune.fr\/es\/descubrir-el-tren-amarillo\/histoire-et-prouesses\/","og_locale":"es_ES","og_type":"article","og_title":"Historia y logros - Destino Tren amarillo","og_description":"Apertura de los cantones altos La historia de la \u201cl\u00ednea de Cerda\u00f1a\u201d est\u00e1 llena de giros, desaf\u00edos y determinaci\u00f3n. La creaci\u00f3n de una l\u00ednea ferroviaria es un proyecto alocado para sacar del aislamiento a los cantones de la meseta de Cerd\u00e1n. Se cre\u00f3 gracias a la acci\u00f3n de dos hombres: Jules Lax (1842-1925), director del [&hellip;]","og_url":"https:\/\/letrainjaune.fr\/es\/descubrir-el-tren-amarillo\/histoire-et-prouesses\/","og_site_name":"Destino Tren amarillo","article_modified_time":"2023-07-13T14:10:38+00:00","og_image":[{"width":1280,"height":914,"url":"https:\/\/letrainjaune.fr\/wp-content\/uploads\/2021\/07\/Chasse-Neige_\u00a9-Guy-Serre-1.jpg","type":"image\/jpeg"}],"twitter_card":"summary_large_image","twitter_misc":{"Tiempo de lectura":"14 minutos"},"schema":{"@context":"https:\/\/schema.org","@graph":[{"@type":"WebPage","@id":"https:\/\/letrainjaune.fr\/es\/descubrir-el-tren-amarillo\/histoire-et-prouesses\/","url":"https:\/\/letrainjaune.fr\/es\/descubrir-el-tren-amarillo\/histoire-et-prouesses\/","name":"Historia y logros - Destino Tren amarillo","isPartOf":{"@id":"https:\/\/letrainjaune.fr\/es\/#website"},"primaryImageOfPage":{"@id":"https:\/\/letrainjaune.fr\/es\/descubrir-el-tren-amarillo\/histoire-et-prouesses\/#primaryimage"},"image":{"@id":"https:\/\/letrainjaune.fr\/es\/descubrir-el-tren-amarillo\/histoire-et-prouesses\/#primaryimage"},"thumbnailUrl":"https:\/\/letrainjaune.fr\/wp-content\/uploads\/2021\/07\/Chasse-Neige_\u00a9-Guy-Serre-1.jpg","datePublished":"2021-02-16T08:53:07+00:00","dateModified":"2023-07-13T14:10:38+00:00","breadcrumb":{"@id":"https:\/\/letrainjaune.fr\/es\/descubrir-el-tren-amarillo\/histoire-et-prouesses\/#breadcrumb"},"inLanguage":"es","potentialAction":[{"@type":"ReadAction","target":["https:\/\/letrainjaune.fr\/es\/descubrir-el-tren-amarillo\/histoire-et-prouesses\/"]}]},{"@type":"ImageObject","inLanguage":"es","@id":"https:\/\/letrainjaune.fr\/es\/descubrir-el-tren-amarillo\/histoire-et-prouesses\/#primaryimage","url":"https:\/\/letrainjaune.fr\/wp-content\/uploads\/2021\/07\/Chasse-Neige_\u00a9-Guy-Serre-1.jpg","contentUrl":"https:\/\/letrainjaune.fr\/wp-content\/uploads\/2021\/07\/Chasse-Neige_\u00a9-Guy-Serre-1.jpg","width":1280,"height":914},{"@type":"BreadcrumbList","@id":"https:\/\/letrainjaune.fr\/es\/descubrir-el-tren-amarillo\/histoire-et-prouesses\/#breadcrumb","itemListElement":[{"@type":"ListItem","position":1,"name":"Inicio","item":"https:\/\/letrainjaune.fr\/es\/"},{"@type":"ListItem","position":2,"name":"Descubrir el tren amarillo","item":"https:\/\/letrainjaune.fr\/es\/descubrir-el-tren-amarillo\/"},{"@type":"ListItem","position":3,"name":"Historia y logros"}]},{"@type":"WebSite","@id":"https:\/\/letrainjaune.fr\/es\/#website","url":"https:\/\/letrainjaune.fr\/es\/","name":"Destino Tren amarillo","description":"Dans les Pyr\u00e9n\u00e9es Catalanes, d\u00e9couvrez ce train sur le plus haut chemin de fer d\u2019Europe.","publisher":{"@id":"https:\/\/letrainjaune.fr\/es\/#organization"},"potentialAction":[{"@type":"SearchAction","target":{"@type":"EntryPoint","urlTemplate":"https:\/\/letrainjaune.fr\/es\/?s={search_term_string}"},"query-input":{"@type":"PropertyValueSpecification","valueRequired":true,"valueName":"search_term_string"}}],"inLanguage":"es"},{"@type":"Organization","@id":"https:\/\/letrainjaune.fr\/es\/#organization","name":"Destino Tren amarillo","url":"https:\/\/letrainjaune.fr\/es\/","logo":{"@type":"ImageObject","inLanguage":"es","@id":"https:\/\/letrainjaune.fr\/es\/#\/schema\/logo\/image\/","url":"https:\/\/letrainjaune.fr\/wp-content\/uploads\/2021\/04\/TJ_logo-TJ-footer.svg","contentUrl":"https:\/\/letrainjaune.fr\/wp-content\/uploads\/2021\/04\/TJ_logo-TJ-footer.svg","width":"1920","height":"9999","caption":"Destino Tren amarillo"},"image":{"@id":"https:\/\/letrainjaune.fr\/es\/#\/schema\/logo\/image\/"}}]}},"_links":{"self":[{"href":"https:\/\/letrainjaune.fr\/es\/wp-json\/wp\/v2\/pages\/1858","targetHints":{"allow":["GET"]}}],"collection":[{"href":"https:\/\/letrainjaune.fr\/es\/wp-json\/wp\/v2\/pages"}],"about":[{"href":"https:\/\/letrainjaune.fr\/es\/wp-json\/wp\/v2\/types\/page"}],"author":[{"embeddable":true,"href":"https:\/\/letrainjaune.fr\/es\/wp-json\/wp\/v2\/users\/2"}],"replies":[{"embeddable":true,"href":"https:\/\/letrainjaune.fr\/es\/wp-json\/wp\/v2\/comments?post=1858"}],"version-history":[{"count":7,"href":"https:\/\/letrainjaune.fr\/es\/wp-json\/wp\/v2\/pages\/1858\/revisions"}],"predecessor-version":[{"id":10725,"href":"https:\/\/letrainjaune.fr\/es\/wp-json\/wp\/v2\/pages\/1858\/revisions\/10725"}],"up":[{"embeddable":true,"href":"https:\/\/letrainjaune.fr\/es\/wp-json\/wp\/v2\/pages\/1690"}],"wp:featuredmedia":[{"embeddable":true,"href":"https:\/\/letrainjaune.fr\/es\/wp-json\/wp\/v2\/media\/2396"}],"wp:attachment":[{"href":"https:\/\/letrainjaune.fr\/es\/wp-json\/wp\/v2\/media?parent=1858"}],"curies":[{"name":"wp","href":"https:\/\/api.w.org\/{rel}","templated":true}]}}