{"id":9861,"date":"2023-06-20T17:53:14","date_gmt":"2023-06-20T15:53:14","guid":{"rendered":"https:\/\/letrainjaune.fr\/?temps_fort=fiesta-de-los-gigantes"},"modified":"2023-06-20T17:53:19","modified_gmt":"2023-06-20T15:53:19","slug":"fiesta-de-los-gigantes","status":"publish","type":"temps_fort","link":"https:\/\/letrainjaune.fr\/es\/?temps_fort=fiesta-de-los-gigantes","title":{"rendered":"Fiesta de los gigantes"},"content":{"rendered":"\n<h2 class=\"wp-block-heading\">Los \u201cG\u00e9gants\u201d, gigantes del Sur.<\/h2>\n<figure class=\"wp-block-image size-large\"><a href=https:\/\/letrainjaune.fr\/wp-content\/uploads\/2021\/08\/Les-geants-de-VDC-par-OT-\u00a9Conflent-Canigo-26.jpg title=\"Los gigantes de Villefranche-de-Conflent\" rel=\"prettyPhoto\"><img src=https:\/\/letrainjaune.fr\/wp-content\/uploads\/2021\/08\/Les-geants-de-VDC-par-OT-\u00a9Conflent-Canigo-26.jpg alt=\"\" title=\"Los gigantes de Villefranche-de-Conflent\" width=\"\" class=\"wp-image-3924\"\/><\/a><figcaption>Los gigantes de Villefranche-de-Conflent<span>&copy; OTCONFLENTCANIGO <\/span><\/figcaption><\/figure>\n<h3 class=\"wp-block-heading\"><strong>Fin de semana de Pascua en Villefranche-de-Conflent<\/strong><\/h3>\n\n<p>Tradicionalmente en Conflent, durante las fiestas de Pascua, la ciudad de Villefranche-de-Conflent est\u00e1 habitada por <em>G\u00e9gants<\/em> (gigantes). Grandes personajes representan a menudo a los reyes y reinas del pasado, como el conde Guillermo Ram\u00f3n de Cerda\u00f1a y su esposa Sancha de <strong>Barcelona<\/strong>, la pareja que fund\u00f3 la ciudad en 1090.<\/p>\n<figure class=\"wp-block-image size-large\"><a href=https:\/\/letrainjaune.fr\/wp-content\/uploads\/2021\/08\/Les-geants-de-VDC-par-OT-\u00a9Conflent-Canigo-2.jpg title=\"Los gigantes de Villefranche-de-Conflent\" rel=\"prettyPhoto\"><img src=https:\/\/letrainjaune.fr\/wp-content\/uploads\/2021\/08\/Les-geants-de-VDC-par-OT-\u00a9Conflent-Canigo-2.jpg alt=\"\" title=\"Los gigantes de Villefranche-de-Conflent\" width=\"\" class=\"wp-image-3928\"\/><\/a><figcaption>Los gigantes de Villefranche-de-Conflent<span>&copy; OTCONFLENTCANIGO <\/span><\/figcaption><\/figure>\n<p>Grupos de gigantes provenientes de <strong>Francia <\/strong> y  <strong>Catalu\u00f1a <\/strong> se unen para hacer bailar.\u00a0Los <em>Geganters<\/em> gu\u00edan o llevan a los gigantes; los m\u00fasicos, los <em>grallers<\/em>\u00a0le dan ritmo al desfile al son de instrumentos tradicionales como la <em>gralla<\/em>, el <em>flabiol<\/em>, la <em>pandereta <\/em>y el <em>sac de<\/em> <em>gemecs<\/em>.\u00a0<\/p>\n\n<p>Durante 3 d\u00edas <strong>Villefranche<\/strong> organiza numerosas actividades, como la tradicional b\u00fasqueda musical de huevos en la ciudad, <em><strong>Goig Dels Ous<\/strong><\/em>, para luego degustarlos con el tradicional <em>ron-cremat<\/em>  (ron flambeado con especias). El domingo, los gigantes desfilan por las calles con m\u00fasica de cobla. Y el lunes de Pascua se realiza el\u00a0<em>Aplec<\/em> en Notre-Dame-de-Vie, con una peregrinaci\u00f3n a la ermita de los acantilados de m\u00e1rmol rosa &#8211; 40 min a pie. <\/p>\n<figure class=\"wp-block-image size-large\"><a href=https:\/\/letrainjaune.fr\/wp-content\/uploads\/2021\/08\/Les-geants-de-VDC-par-OT-\u00a9Conflent-Canigo-20.jpg title=\"A \"Gegant\" ! \" rel=\"prettyPhoto\"><img src=https:\/\/letrainjaune.fr\/wp-content\/uploads\/2021\/08\/Les-geants-de-VDC-par-OT-\u00a9Conflent-Canigo-20.jpg alt=\"\" title=\"A \u00abGegant\u00bb !\" width=\"\" class=\"wp-image-3932\"\/><\/a><figcaption>A \u00abGegant\u00bb ! <span>&copy; OTCONFLENTCANIGO <\/span><\/figcaption><\/figure>\n<p>\u00a1Un ambiente festivo t\u00edpicamente catal\u00e1n, que ser\u00e1 recordado por grandes y peque\u00f1os! <\/p>\n<figure class=\"wp-block-gallery columns-2 is-cropped\"><ul class=\"blocks-gallery-grid\"><li class=\"blocks-gallery-item\"><figure><a href=https:\/\/letrainjaune.fr\/wp-content\/uploads\/2021\/08\/Les-geants-de-VDC-par-OT-\u00a9Conflent-Canigo-18.jpg title=\"Los gigantes de Villefranche-de-Conflent\" rel=\"prettyPhoto[pp_gal]\"><img src=https:\/\/letrainjaune.fr\/wp-content\/uploads\/2021\/08\/Les-geants-de-VDC-par-OT-\u00a9Conflent-Canigo-18-640x452.jpg alt=\"\" title=\"@OTCONFLENTCANIGO\" class=\"wp-image-3933\"\/><\/a><figcaption>Los gigantes de Villefranche-de-Conflent<span>&copy; OTCONFLENTCANIGO<\/span><\/figcaption><\/figure><\/li><li class=\"blocks-gallery-item\"><figure><a href=https:\/\/letrainjaune.fr\/wp-content\/uploads\/2021\/08\/Les-geants-de-VDC-par-OT-\u00a9Conflent-Canigo-25.jpg title=\"Los gigantes de Villefranche-de-Conflent\" rel=\"prettyPhoto[pp_gal]\"><img src=https:\/\/letrainjaune.fr\/wp-content\/uploads\/2021\/08\/Les-geants-de-VDC-par-OT-\u00a9Conflent-Canigo-25-640x452.jpg alt=\"\" title=\"Les \u00abG\u00e9gants\u00bb dans les rues de Villefranche-de-Conflent\" class=\"wp-image-3937\"\/><\/a><figcaption>Los gigantes de Villefranche-de-Conflent<span>&copy; OTCONFLENTCANIGO <\/span><\/figcaption><\/figure><\/li><li class=\"blocks-gallery-item\"><figure><a href=https:\/\/letrainjaune.fr\/wp-content\/uploads\/2021\/08\/Les-geants-de-VDC-par-OT-\u00a9Conflent-Canigo-30.jpg title=\"Los gigantes de Villefranche-de-Conflent\" rel=\"prettyPhoto[pp_gal]\"><img src=https:\/\/letrainjaune.fr\/wp-content\/uploads\/2021\/08\/Les-geants-de-VDC-par-OT-\u00a9Conflent-Canigo-30-640x452.jpg alt=\"\" title=\"Les \u00abG\u00e9gants\u00bb dans les rues de Villefranche-de-Conflent\" class=\"wp-image-3941\"\/><\/a><figcaption>Los gigantes de Villefranche-de-Conflent<span>&copy; OTCONFLENTCANIGO<\/span><\/figcaption><\/figure><\/li><\/ul><\/figure>","protected":false},"featured_media":3920,"menu_order":0,"template":"","class_list":["post-9861","temps_fort","type-temps_fort","status-publish","has-post-thumbnail","hentry"],"acf":[],"yoast_head":"<!-- This site is optimized with the Yoast SEO plugin v25.4 - https:\/\/yoast.com\/wordpress\/plugins\/seo\/ -->\n<title>Fiesta de los gigantes - Destino Tren amarillo<\/title>\n<meta name=\"robots\" content=\"index, follow, max-snippet:-1, max-image-preview:large, max-video-preview:-1\" \/>\n<link rel=\"canonical\" href=\"https:\/\/letrainjaune.fr\/es\/?temps_fort=fiesta-de-los-gigantes\" \/>\n<meta property=\"og:locale\" content=\"es_ES\" \/>\n<meta property=\"og:type\" content=\"article\" \/>\n<meta property=\"og:title\" content=\"Fiesta de los gigantes - Destino Tren amarillo\" \/>\n<meta property=\"og:description\" content=\"Los \u201cG\u00e9gants\u201d, gigantes del Sur. Fin de semana de Pascua en Villefranche-de-Conflent Tradicionalmente en Conflent, durante las fiestas de Pascua, la ciudad de Villefranche-de-Conflent est\u00e1 habitada por G\u00e9gants (gigantes). Grandes personajes representan a menudo a los reyes y reinas del pasado, como el conde Guillermo Ram\u00f3n de Cerda\u00f1a y su esposa Sancha de Barcelona, la [&hellip;]\" \/>\n<meta property=\"og:url\" content=\"https:\/\/letrainjaune.fr\/es\/?temps_fort=fiesta-de-los-gigantes\" \/>\n<meta property=\"og:site_name\" content=\"Destino Tren amarillo\" \/>\n<meta property=\"article:modified_time\" content=\"2023-06-20T15:53:19+00:00\" \/>\n<meta property=\"og:image\" content=\"https:\/\/letrainjaune.fr\/wp-content\/uploads\/2021\/06\/OUV_Les-geants-de-VDC-par-OT-\u00a9Conflent-Canigo-21-768x512.jpg\" \/>\n\t<meta property=\"og:image:width\" content=\"768\" \/>\n\t<meta property=\"og:image:height\" content=\"512\" \/>\n\t<meta property=\"og:image:type\" content=\"image\/jpeg\" \/>\n<meta name=\"twitter:card\" content=\"summary_large_image\" \/>\n<meta name=\"twitter:label1\" content=\"Tiempo de lectura\" \/>\n\t<meta name=\"twitter:data1\" content=\"1 minuto\" \/>\n<script type=\"application\/ld+json\" class=\"yoast-schema-graph\">{\"@context\":\"https:\/\/schema.org\",\"@graph\":[{\"@type\":\"WebPage\",\"@id\":\"https:\/\/letrainjaune.fr\/es\/?temps_fort=fiesta-de-los-gigantes\",\"url\":\"https:\/\/letrainjaune.fr\/es\/?temps_fort=fiesta-de-los-gigantes\",\"name\":\"Fiesta de los gigantes - Destino Tren amarillo\",\"isPartOf\":{\"@id\":\"https:\/\/letrainjaune.fr\/es\/#website\"},\"primaryImageOfPage\":{\"@id\":\"https:\/\/letrainjaune.fr\/es\/?temps_fort=fiesta-de-los-gigantes#primaryimage\"},\"image\":{\"@id\":\"https:\/\/letrainjaune.fr\/es\/?temps_fort=fiesta-de-los-gigantes#primaryimage\"},\"thumbnailUrl\":\"https:\/\/letrainjaune.fr\/wp-content\/uploads\/2021\/06\/OUV_Les-geants-de-VDC-par-OT-\u00a9Conflent-Canigo-21.jpg\",\"datePublished\":\"2023-06-20T15:53:14+00:00\",\"dateModified\":\"2023-06-20T15:53:19+00:00\",\"breadcrumb\":{\"@id\":\"https:\/\/letrainjaune.fr\/es\/?temps_fort=fiesta-de-los-gigantes#breadcrumb\"},\"inLanguage\":\"es\",\"potentialAction\":[{\"@type\":\"ReadAction\",\"target\":[\"https:\/\/letrainjaune.fr\/es\/?temps_fort=fiesta-de-los-gigantes\"]}]},{\"@type\":\"ImageObject\",\"inLanguage\":\"es\",\"@id\":\"https:\/\/letrainjaune.fr\/es\/?temps_fort=fiesta-de-los-gigantes#primaryimage\",\"url\":\"https:\/\/letrainjaune.fr\/wp-content\/uploads\/2021\/06\/OUV_Les-geants-de-VDC-par-OT-\u00a9Conflent-Canigo-21.jpg\",\"contentUrl\":\"https:\/\/letrainjaune.fr\/wp-content\/uploads\/2021\/06\/OUV_Les-geants-de-VDC-par-OT-\u00a9Conflent-Canigo-21.jpg\",\"width\":1920,\"height\":1280,\"caption\":\"Los gigantes de Villefranche-de-Conflent\"},{\"@type\":\"BreadcrumbList\",\"@id\":\"https:\/\/letrainjaune.fr\/es\/?temps_fort=fiesta-de-los-gigantes#breadcrumb\",\"itemListElement\":[{\"@type\":\"ListItem\",\"position\":1,\"name\":\"Inicio\",\"item\":\"https:\/\/letrainjaune.fr\/es\/\"},{\"@type\":\"ListItem\",\"position\":2,\"name\":\"Fiesta de los gigantes\"}]},{\"@type\":\"WebSite\",\"@id\":\"https:\/\/letrainjaune.fr\/es\/#website\",\"url\":\"https:\/\/letrainjaune.fr\/es\/\",\"name\":\"Destino Tren amarillo\",\"description\":\"Dans les Pyr\u00e9n\u00e9es Catalanes, d\u00e9couvrez ce train sur le plus haut chemin de fer d\u2019Europe.\",\"publisher\":{\"@id\":\"https:\/\/letrainjaune.fr\/es\/#organization\"},\"potentialAction\":[{\"@type\":\"SearchAction\",\"target\":{\"@type\":\"EntryPoint\",\"urlTemplate\":\"https:\/\/letrainjaune.fr\/es\/?s={search_term_string}\"},\"query-input\":{\"@type\":\"PropertyValueSpecification\",\"valueRequired\":true,\"valueName\":\"search_term_string\"}}],\"inLanguage\":\"es\"},{\"@type\":\"Organization\",\"@id\":\"https:\/\/letrainjaune.fr\/es\/#organization\",\"name\":\"Destino Tren amarillo\",\"url\":\"https:\/\/letrainjaune.fr\/es\/\",\"logo\":{\"@type\":\"ImageObject\",\"inLanguage\":\"es\",\"@id\":\"https:\/\/letrainjaune.fr\/es\/#\/schema\/logo\/image\/\",\"url\":\"https:\/\/letrainjaune.fr\/wp-content\/uploads\/2021\/04\/TJ_logo-TJ-footer.svg\",\"contentUrl\":\"https:\/\/letrainjaune.fr\/wp-content\/uploads\/2021\/04\/TJ_logo-TJ-footer.svg\",\"width\":\"1920\",\"height\":\"9999\",\"caption\":\"Destino Tren amarillo\"},\"image\":{\"@id\":\"https:\/\/letrainjaune.fr\/es\/#\/schema\/logo\/image\/\"}}]}<\/script>\n<!-- \/ Yoast SEO plugin. -->","yoast_head_json":{"title":"Fiesta de los gigantes - Destino Tren amarillo","robots":{"index":"index","follow":"follow","max-snippet":"max-snippet:-1","max-image-preview":"max-image-preview:large","max-video-preview":"max-video-preview:-1"},"canonical":"https:\/\/letrainjaune.fr\/es\/?temps_fort=fiesta-de-los-gigantes","og_locale":"es_ES","og_type":"article","og_title":"Fiesta de los gigantes - Destino Tren amarillo","og_description":"Los \u201cG\u00e9gants\u201d, gigantes del Sur. Fin de semana de Pascua en Villefranche-de-Conflent Tradicionalmente en Conflent, durante las fiestas de Pascua, la ciudad de Villefranche-de-Conflent est\u00e1 habitada por G\u00e9gants (gigantes). Grandes personajes representan a menudo a los reyes y reinas del pasado, como el conde Guillermo Ram\u00f3n de Cerda\u00f1a y su esposa Sancha de Barcelona, la [&hellip;]","og_url":"https:\/\/letrainjaune.fr\/es\/?temps_fort=fiesta-de-los-gigantes","og_site_name":"Destino Tren amarillo","article_modified_time":"2023-06-20T15:53:19+00:00","og_image":[{"width":768,"height":512,"url":"https:\/\/letrainjaune.fr\/wp-content\/uploads\/2021\/06\/OUV_Les-geants-de-VDC-par-OT-\u00a9Conflent-Canigo-21-768x512.jpg","type":"image\/jpeg"}],"twitter_card":"summary_large_image","twitter_misc":{"Tiempo de lectura":"1 minuto"},"schema":{"@context":"https:\/\/schema.org","@graph":[{"@type":"WebPage","@id":"https:\/\/letrainjaune.fr\/es\/?temps_fort=fiesta-de-los-gigantes","url":"https:\/\/letrainjaune.fr\/es\/?temps_fort=fiesta-de-los-gigantes","name":"Fiesta de los gigantes - Destino Tren amarillo","isPartOf":{"@id":"https:\/\/letrainjaune.fr\/es\/#website"},"primaryImageOfPage":{"@id":"https:\/\/letrainjaune.fr\/es\/?temps_fort=fiesta-de-los-gigantes#primaryimage"},"image":{"@id":"https:\/\/letrainjaune.fr\/es\/?temps_fort=fiesta-de-los-gigantes#primaryimage"},"thumbnailUrl":"https:\/\/letrainjaune.fr\/wp-content\/uploads\/2021\/06\/OUV_Les-geants-de-VDC-par-OT-\u00a9Conflent-Canigo-21.jpg","datePublished":"2023-06-20T15:53:14+00:00","dateModified":"2023-06-20T15:53:19+00:00","breadcrumb":{"@id":"https:\/\/letrainjaune.fr\/es\/?temps_fort=fiesta-de-los-gigantes#breadcrumb"},"inLanguage":"es","potentialAction":[{"@type":"ReadAction","target":["https:\/\/letrainjaune.fr\/es\/?temps_fort=fiesta-de-los-gigantes"]}]},{"@type":"ImageObject","inLanguage":"es","@id":"https:\/\/letrainjaune.fr\/es\/?temps_fort=fiesta-de-los-gigantes#primaryimage","url":"https:\/\/letrainjaune.fr\/wp-content\/uploads\/2021\/06\/OUV_Les-geants-de-VDC-par-OT-\u00a9Conflent-Canigo-21.jpg","contentUrl":"https:\/\/letrainjaune.fr\/wp-content\/uploads\/2021\/06\/OUV_Les-geants-de-VDC-par-OT-\u00a9Conflent-Canigo-21.jpg","width":1920,"height":1280,"caption":"Los gigantes de Villefranche-de-Conflent"},{"@type":"BreadcrumbList","@id":"https:\/\/letrainjaune.fr\/es\/?temps_fort=fiesta-de-los-gigantes#breadcrumb","itemListElement":[{"@type":"ListItem","position":1,"name":"Inicio","item":"https:\/\/letrainjaune.fr\/es\/"},{"@type":"ListItem","position":2,"name":"Fiesta de los gigantes"}]},{"@type":"WebSite","@id":"https:\/\/letrainjaune.fr\/es\/#website","url":"https:\/\/letrainjaune.fr\/es\/","name":"Destino Tren amarillo","description":"Dans les Pyr\u00e9n\u00e9es Catalanes, d\u00e9couvrez ce train sur le plus haut chemin de fer d\u2019Europe.","publisher":{"@id":"https:\/\/letrainjaune.fr\/es\/#organization"},"potentialAction":[{"@type":"SearchAction","target":{"@type":"EntryPoint","urlTemplate":"https:\/\/letrainjaune.fr\/es\/?s={search_term_string}"},"query-input":{"@type":"PropertyValueSpecification","valueRequired":true,"valueName":"search_term_string"}}],"inLanguage":"es"},{"@type":"Organization","@id":"https:\/\/letrainjaune.fr\/es\/#organization","name":"Destino Tren amarillo","url":"https:\/\/letrainjaune.fr\/es\/","logo":{"@type":"ImageObject","inLanguage":"es","@id":"https:\/\/letrainjaune.fr\/es\/#\/schema\/logo\/image\/","url":"https:\/\/letrainjaune.fr\/wp-content\/uploads\/2021\/04\/TJ_logo-TJ-footer.svg","contentUrl":"https:\/\/letrainjaune.fr\/wp-content\/uploads\/2021\/04\/TJ_logo-TJ-footer.svg","width":"1920","height":"9999","caption":"Destino Tren amarillo"},"image":{"@id":"https:\/\/letrainjaune.fr\/es\/#\/schema\/logo\/image\/"}}]}},"_links":{"self":[{"href":"https:\/\/letrainjaune.fr\/es\/wp-json\/wp\/v2\/temps_fort\/9861","targetHints":{"allow":["GET"]}}],"collection":[{"href":"https:\/\/letrainjaune.fr\/es\/wp-json\/wp\/v2\/temps_fort"}],"about":[{"href":"https:\/\/letrainjaune.fr\/es\/wp-json\/wp\/v2\/types\/temps_fort"}],"version-history":[{"count":1,"href":"https:\/\/letrainjaune.fr\/es\/wp-json\/wp\/v2\/temps_fort\/9861\/revisions"}],"predecessor-version":[{"id":9862,"href":"https:\/\/letrainjaune.fr\/es\/wp-json\/wp\/v2\/temps_fort\/9861\/revisions\/9862"}],"wp:featuredmedia":[{"embeddable":true,"href":"https:\/\/letrainjaune.fr\/es\/wp-json\/wp\/v2\/media\/3920"}],"wp:attachment":[{"href":"https:\/\/letrainjaune.fr\/es\/wp-json\/wp\/v2\/media?parent=9861"}],"curies":[{"name":"wp","href":"https:\/\/api.w.org\/{rel}","templated":true}]}}